{"id":47257,"date":"2023-05-25T08:10:23","date_gmt":"2023-05-25T11:10:23","guid":{"rendered":"https:\/\/www.anamt.org.br\/portal\/?page_id=47257"},"modified":"2023-05-25T08:10:23","modified_gmt":"2023-05-25T11:10:23","slug":"diretoria-de-etica-e-defesa-profissional-gestao-2023-2025","status":"publish","type":"page","link":"https:\/\/www.anamt.org.br\/portal\/diretoria-de-etica-e-defesa-profissional-gestao-2023-2025\/","title":{"rendered":"Diretoria de \u00c9tica e Defesa Profissional (Gest\u00e3o 2023-2025)"},"content":{"rendered":"<blockquote><p><strong><img decoding=\"async\" class=\"wp-image-37777 size-full alignleft\" src=\"https:\/\/www.anamt.org.br\/portal\/wp-content\/uploads\/2019\/07\/CHAPA_FEDERADAS_UNIDAS_SIMONE.jpg\" alt=\"\" width=\"133\" height=\"200\" \/>Dra. Simone Assalie \u2013 Diretora de \u00c9tica e Defesa Profissional<br \/>\n<\/strong><\/p>\n<p>M\u00e9dica pela UERJ (Universidade Estadual do Rio de Janeiro. M\u00e9dica do Trabalho e Otorrinolaringologista. Membro do Departamento de Doen\u00e7as Otorrinolaringol\u00f3gicas do Trabalho da ABORL-CCF. Vice-presidente sudeste da ANAMT (2019\/2022), M\u00e9dica do Trabalho Analista Pericial do Minist\u00e9rio P\u00fablico do Trabalho e M\u00e9dica Fiscal do CREMERJ.<\/p><\/blockquote>\n<p>&nbsp;<\/p>\n<blockquote><p><strong><img decoding=\"async\" class=\"wp-image-39088 size-full alignleft\" src=\"https:\/\/www.anamt.org.br\/portal\/wp-content\/uploads\/2022\/12\/WhatsApp-Image-2022-12-19-at-10.56.59.jpeg\" alt=\"\" width=\"133\" height=\"200\" \/><\/strong><\/p><\/blockquote>\n<blockquote><p><strong>Dra. Gilvana Campos \u2013 Diretora de Legisla\u00e7\u00e3o<br \/>\n<\/strong><\/p>\n<p>Graduada em Medicina pela Universidade Federal do Maranh\u00e3o. P\u00f3s-graduada em Per\u00edcias M\u00e9dicas, Medicina do Trabalho e Direito P\u00fablico. Especialista em Medicina Legal e Pericias M\u00e9dicas e em Medicina do Trabalho. M\u00e9dica do Trabalho da Subsecretaria de Seguran\u00e7a e Sa\u00fade no Trabalho &#8211; Secretaria de Estado de Planejamento, Or\u00e7amento e Gest\u00e3o do Distrito Federal, Advogada (OAB-DF). Doutoranda em Bio\u00e9tica \u2013 Universidade de Medicina do Porto (Portugal). Membro da C\u00e2mara T\u00e9cnica de Medicina Legal e Per\u00edcia M\u00e9dica do Conselho Federal de Medicina.<\/p><\/blockquote>\n","protected":false},"excerpt":{"rendered":"<p>Dra. Simone Assalie \u2013 Diretora de \u00c9tica e Defesa Profissional M\u00e9dica pela UERJ (Universidade Estadual do Rio de Janeiro. M\u00e9dica do Trabalho e Otorrinolaringologista. Membro do Departamento de Doen\u00e7as Otorrinolaringol\u00f3gicas do Trabalho da ABORL-CCF. Vice-presidente sudeste da ANAMT (2019\/2022), M\u00e9dica do Trabalho Analista Pericial do Minist\u00e9rio P\u00fablico do Trabalho e M\u00e9dica Fiscal do CREMERJ. &nbsp; [&hellip;]<\/p>\n","protected":false},"author":8,"featured_media":0,"parent":0,"menu_order":0,"comment_status":"closed","ping_status":"closed","template":"","meta":{"footnotes":""},"_links":{"self":[{"href":"https:\/\/www.anamt.org.br\/portal\/wp-json\/wp\/v2\/pages\/47257"}],"collection":[{"href":"https:\/\/www.anamt.org.br\/portal\/wp-json\/wp\/v2\/pages"}],"about":[{"href":"https:\/\/www.anamt.org.br\/portal\/wp-json\/wp\/v2\/types\/page"}],"author":[{"embeddable":true,"href":"https:\/\/www.anamt.org.br\/portal\/wp-json\/wp\/v2\/users\/8"}],"replies":[{"embeddable":true,"href":"https:\/\/www.anamt.org.br\/portal\/wp-json\/wp\/v2\/comments?post=47257"}],"version-history":[{"count":0,"href":"https:\/\/www.anamt.org.br\/portal\/wp-json\/wp\/v2\/pages\/47257\/revisions"}],"wp:attachment":[{"href":"https:\/\/www.anamt.org.br\/portal\/wp-json\/wp\/v2\/media?parent=47257"}],"curies":[{"name":"wp","href":"https:\/\/api.w.org\/{rel}","templated":true}]}}