{"id":39659,"date":"2020-02-10T11:19:51","date_gmt":"2020-02-10T14:19:51","guid":{"rendered":"https:\/\/www.anamt.org.br\/portal\/?page_id=39659"},"modified":"2022-05-04T08:34:30","modified_gmt":"2022-05-04T11:34:30","slug":"podcast-anamt","status":"publish","type":"page","link":"https:\/\/www.anamt.org.br\/portal\/painel-do-associado\/podcast-anamt\/","title":{"rendered":"Podcast ANAMT"},"content":{"rendered":"<p><img decoding=\"async\" class=\"alignleft wp-image-39685 size-medium\" src=\"https:\/\/www.anamt.org.br\/portal\/wp-content\/uploads\/2020\/02\/ANAMT_FACEBOOK_2020_v650-300x225.jpg\" alt=\"\" width=\"300\" height=\"225\" srcset=\"https:\/\/www.anamt.org.br\/portal\/wp-content\/uploads\/2020\/02\/ANAMT_FACEBOOK_2020_v650-200x150.jpg 200w, https:\/\/www.anamt.org.br\/portal\/wp-content\/uploads\/2020\/02\/ANAMT_FACEBOOK_2020_v650-300x225.jpg 300w, https:\/\/www.anamt.org.br\/portal\/wp-content\/uploads\/2020\/02\/ANAMT_FACEBOOK_2020_v650-400x300.jpg 400w, https:\/\/www.anamt.org.br\/portal\/wp-content\/uploads\/2020\/02\/ANAMT_FACEBOOK_2020_v650-600x450.jpg 600w, https:\/\/www.anamt.org.br\/portal\/wp-content\/uploads\/2020\/02\/ANAMT_FACEBOOK_2020_v650.jpg 650w\" sizes=\"(max-width: 300px) 100vw, 300px\" \/><\/p>\n<p>A ANAMT est\u00e1 de olhos e ouvidos atentos \u00e0s demandas dos associados e, pensando em aliar atualiza\u00e7\u00e3o profissional com a praticidade da tecnologia, lan\u00e7ou um novo produto de comunica\u00e7\u00e3o: um podcast.<\/p>\n<p>A iniciativa \u00e9 uma parceria entre as diretorias de Divulga\u00e7\u00e3o e Cient\u00edfica.<\/p>\n<p>Os programas s\u00e3o de acesso exclusivo para os associados e trazem conte\u00fados cient\u00edficos relevantes e de qualidade, como an\u00e1lises e estudos referentes \u00e0 \u00e1rea de SST, respostas \u00e0s principais d\u00favidas dos M\u00e9dicos do Trabalho, entrevistas com especialistas renomados, etc.<\/p>\n<h3>Edi\u00e7\u00e3o atual<\/h3>\n<p>Avalia\u00e7\u00e3o de exposi\u00e7\u00f5es ocupacionais<\/p>\n<p><em>(2 de maio de 2022)<\/em><\/p>\n<p>Sabemos que atualmente, os postos de trabalho s\u00e3o mais complexos, com aumento de riscos a agentes qu\u00edmicos, f\u00edsicos e biol\u00f3gicos. Dessa forma, as avalia\u00e7\u00f5es devem garantir que as exposi\u00e7\u00f5es sejam bem caracterizadas e bem controladas, objetivando manter os riscos dentro de limites aceit\u00e1veis e que sejam pass\u00edveis de gerenciamento pelas organiza\u00e7\u00f5es. <a href=\"https:\/\/www.anamt.org.br\/portal\/2022\/05\/02\/avaliacao-de-exposicoes-ocupacionais-e-tema-de-nova-edicao-do-podcast-anamt\/\" target=\"_blank\" rel=\"noopener\"><strong>Clique aqui para ouvir<\/strong><\/a>.<\/p>\n<h3>Edi\u00e7\u00f5es anteriores<\/h3>\n<p>Burnout em m\u00e9dicos: estrat\u00e9gias de preven\u00e7\u00e3o<\/p>\n<p><em>(19 de abril de 2022)<\/em><\/p>\n<p>As poss\u00edveis causas para o desenvolvimento da s\u00edndrome de burnout em m\u00e9dicos incluem a perda da autonomia em rela\u00e7\u00e3o ao tempo de atendimento dos pacientes; o excesso de regras que limitam o tempo de consulta com o paciente; ganhos n\u00e3o equivalentes ao que se considera justo e sensa\u00e7\u00e3o de impot\u00eancia frente \u00e0 popula\u00e7\u00e3o devido \u00e0 falta de recursos para o tratamento dos pacientes adequadamente. <strong><a href=\"https:\/\/www.anamt.org.br\/portal\/2022\/04\/19\/burnout-em-medicos-estrategias-de-prevencao-e-tema-do-podcast-anamt\/\" target=\"_blank\" rel=\"noopener\">Clique aqui para ouvir<\/a><\/strong>.<\/p>\n<p>Ilumina\u00e7\u00e3o &#8211; parte II<\/p>\n<p><em>(30 de mar\u00e7o de 2022)<\/em><\/p>\n<p>Para obtermos conforto visual e com desempenho, devem ser levados em conta as seguintes condi\u00e7\u00f5es: n\u00edvel de lumin\u00e2ncia adequado, equil\u00edbrio espacial das lumin\u00e2ncias das superf\u00edcies, uniformidade temporal da ilumina\u00e7\u00e3o, elimina\u00e7\u00e3o de ofuscamento com luzes apropriadas. <a href=\"https:\/\/www.anamt.org.br\/portal\/2022\/03\/30\/nova-edicao-do-podcast-anamt-aborda-principios-de-iluminacao\/\" target=\"_blank\" rel=\"noopener\"><strong>Clique aqui para ouvir<\/strong><\/a>.<\/p>\n<p>Ilumina\u00e7\u00e3o<\/p>\n<p><em>(15 de mar\u00e7o de 2022)<\/em><\/p>\n<p>Por ilumin\u00e2ncia entendemos a quantidade de luz que incide sobre uma superf\u00edcie. Essa luz pode se originar do sol, de lumin\u00e1rias ou outra fonte. A unidade de medida da ilumin\u00e2ncia \u00e9 o Lux. <strong><a href=\"https:\/\/www.anamt.org.br\/portal\/2022\/03\/15\/podcast-anamt-nova-edicao-tem-principios-ergonomicos-de-iluminacao-como-tema\/\" target=\"_blank\" rel=\"noopener\">Clique aqui para ouvir<\/a><\/strong>.<\/p>\n<p>Trabalho muscular est\u00e1tico e din\u00e2mico<\/p>\n<p><em>(28 de fevereiro de 2022)<\/em><\/p>\n<p>O trabalho din\u00e2mico caracteriza-se pela altern\u00e2ncia de contra\u00e7\u00e3o e extens\u00e3o muscular, ou seja, tens\u00e3o e relaxamento, ocorrendo altera\u00e7\u00f5es no comprimento do m\u00fasculo, gerando de forma r\u00edtmica. O trabalho muscular est\u00e1tico caracteriza-se por uma contra\u00e7\u00e3o prolongada, que implica na manuten\u00e7\u00e3o da postura. <a href=\"https:\/\/www.anamt.org.br\/portal\/2022\/02\/28\/trabalho-muscular-estatico-e-dinamico-e-tema-do-podcast-anamt\/\" target=\"_blank\" rel=\"noopener\"><strong>Clique aqui para ouvir<\/strong><\/a>.<\/p>\n<p>Les\u00f5es causadas por eletricidade<\/p>\n<p><em>(14 de fevereiro de 2022)<\/em><\/p>\n<p>Os acidentes decorrentes da exposi\u00e7\u00e3o a eletricidade s\u00e3o respons\u00e1veis por 4% dos acidentes fatais nas ind\u00fastrias. Os trabalhadores mais expostos a esse tipo de les\u00e3o s\u00e3o os instaladores e reparadores de linhas de energia el\u00e9trica, operadores de equipamentos de alta pot\u00eancia e equipes de manuten\u00e7\u00e3o. <a href=\"https:\/\/www.anamt.org.br\/portal\/2022\/02\/14\/podcast-anamt-aborda-lesoes-causadas-por-eletricidade\/\" target=\"_blank\" rel=\"noopener\"><strong>Clique aqui para ouvir<\/strong><\/a>.<\/p>\n<p>Tabagismo<\/p>\n<p><em>(27 de janeiro de 2022)<\/em><\/p>\n<p>Por fumante atual entendemos a adulto que fumou 100 cigarros durante a vida e que fuma atualmente. Para fins de estudo, s\u00e3o classificados em \u201cfumantes todo o dia\u201d e \u201cfumante alguns dias\u201d. <a href=\"https:\/\/www.anamt.org.br\/portal\/2022\/01\/27\/tabagismo-e-tema-de-nova-edicao-do-podcast-anamt\/\" target=\"_blank\" rel=\"noopener\"><strong>Clique aqui para ouvir<\/strong><\/a>.<\/p>\n<p>Sa\u00fade Ambiental e Ocupacional<\/p>\n<p><em>(11 de janeiro de 2022)<\/em><\/p>\n<p>Por Sa\u00fade Ambiental entendemos todos os aspectos da sa\u00fade humana, incluindo a qualidade de vida, que est\u00e3o determinados por fatores f\u00edsicos, qu\u00edmicos, biol\u00f3gicos, sociais e psicol\u00f3gicos no meio ambiente. Tamb\u00e9m se refere \u00e0 pr\u00e1tica de valorar, corrigir, controlar e evitar aqueles fatores do meio ambiente que potencialmente possam prejudicar a sa\u00fade de gera\u00e7\u00f5es atuais e futuras. <a href=\"https:\/\/www.anamt.org.br\/portal\/2022\/01\/11\/podcast-anamt-saude-ambiental-e-ocupacional-e-tema-de-novo-episodio\/\" target=\"_blank\" rel=\"noopener\"><strong>Clique aqui para ouvir<\/strong><\/a>.<\/p>\n<p>Dist\u00farbios de Voz &#8211; Parte 2<\/p>\n<p><em>(21 de dezembro de 2021)<\/em><\/p>\n<p>A avalia\u00e7\u00e3o do comportamento vocal abrange par\u00e2metros relacionados as caracter\u00edsticas vocais e de fala do avaliado, com isso diagnosticando a manifesta\u00e7\u00e3o fundamental objetivando a reabilita\u00e7\u00e3o da voz. <a href=\"https:\/\/www.anamt.org.br\/portal\/2021\/12\/21\/podcast-anamt-continua-a-abordar-disturbios-de-voz\/\" target=\"_blank\" rel=\"noopener\"><strong>Clique aqui para ouvir<\/strong><\/a>.<\/p>\n<p>Dist\u00farbios de Voz<\/p>\n<p><em>(30 de novembro de 2021)<\/em><\/p>\n<p>Por \u201cvoz profissional\u201d entendemos a forma de comunica\u00e7\u00e3o oral utilizada por pessoas que dela dependem para exercer sua atividade profissional. N\u00e3o est\u00e1 restrita apenas a cantores e atores, mas igualmente a professores, vendedores e outros profissionais para os quais seu uso \u00e9 indispens\u00e1vel no trabalho. O termo disfonia relaciona-se com qualquer dificuldade na emiss\u00e3o vocal que impe\u00e7a a produ\u00e7\u00e3o natural e harmoniosa da voz. <a href=\"https:\/\/www.anamt.org.br\/portal\/2021\/11\/30\/disturbios-de-voz-e-tema-de-nova-edicao-do-podcast-anamt\/\" target=\"_blank\" rel=\"noopener\"><strong>Clique aqui para ouvir<\/strong><\/a>.<\/p>\n<p>Asma Ocupacional &#8211; parte 2<\/p>\n<p><em>(4 de novembro de 2021)<\/em><\/p>\n<p>O diagn\u00f3stico de asma ocupacional \u00e9 realizado a partir da avalia\u00e7\u00e3o cl\u00ednica e de testes ou exames complementares. Os pontos iniciais do diagn\u00f3stico relacionam-se a exist\u00eancia de exposi\u00e7\u00e3o ocupacional a agentes causadores e quadro cl\u00ednico compat\u00edvel, obviamente seguidos da realiza\u00e7\u00e3o de espirometria que apresenta um dist\u00farbio ventilat\u00f3rio obstrutivo revers\u00edvel com o uso de broncodilatador. <a href=\"https:\/\/www.anamt.org.br\/portal\/2021\/11\/04\/podcast-anamt-novo-episodio-aborda-o-diagnostico-da-asma-ocupacional\/\" target=\"_blank\" rel=\"noopener\">Clique aqui para ouvir<\/a>.<\/p>\n<p>Asma Ocupacional<\/p>\n<p><em>(19 de outubro de 2021)<\/em><\/p>\n<p>A asma \u00e9 uma doen\u00e7a respirat\u00f3ria cr\u00f4nica que se manifesta ou se exacerba atrav\u00e9s de crises agudas recorrentes de sibil\u00e2ncia, dispn\u00e9ia, sensa\u00e7\u00e3o de constri\u00e7\u00e3o tor\u00e1cica e tosse. Pode se apresentar com intensidade e frequ\u00eancias vari\u00e1veis e reverte espontaneamente ou com uso de medica\u00e7\u00e3o inalat\u00f3ria broncodilatadora ou anti-inflamat\u00f3ria t\u00f3pica. Casos mais graves podem levar a hipoxemia, cianose, taquipneia, taquicardia e tiragem intercostal. <a href=\"https:\/\/www.anamt.org.br\/portal\/2021\/10\/19\/podcast-anamt-nova-edicao-aborda-asma-ocupacional\/\" target=\"_blank\" rel=\"noopener\">Clique aqui para ouvir<\/a>.<\/p>\n<p>A hist\u00f3ria de Bernardino Ramazzini<\/p>\n<p><em>(4 de outubro de 2021)<\/em><\/p>\n<p>Neste dia 4 de outubro celebramos o dia do M\u00e9dico do Trabalho, data relacionada ao nascimento de Bernardino Ramazzini. Festejamos juntamente com a data de hoje a edi\u00e7\u00e3o de n\u00famero 50 de nossos podcasts, marca que nos orgulha muito, consolidando este canal como forma de atualiza\u00e7\u00e3o e recorda\u00e7\u00e3o r\u00e1pida de temas relacionados a medicina do trabalho. Nestes podcasts, formamos um biblioteca extensa de assuntos escolhidos por nossos editores, podendo ser consultados a quantidade de vezes que o profissional deseje.\u00a0Dessa forma, parabenizamos a ANAMT, os M\u00e9dicos do trabalho e todos os profissionais que labutam na \u00e1rea. <a href=\"https:\/\/www.anamt.org.br\/portal\/2021\/10\/04\/podcast-anamt-edicao-especial-aborda-a-historia-de-bernardino-ramazzini\/\" target=\"_blank\" rel=\"noopener\">Clique aqui para ouvir<\/a>.<\/p>\n<p>Fatores psicossociais do trabalho contempor\u00e2neo<\/p>\n<p><em>(17 de setembro de 2021)<\/em><\/p>\n<p>Segundo a OIT, fatores psicossociais referem-se as intera\u00e7\u00f5es entre componentes do trabalho, natureza, organiza\u00e7\u00e3o, condi\u00e7\u00f5es, ambiente e cultura organizacional e componentes do sujeito: habilidades, vulnerabilidades, expectativas e motiva\u00e7\u00f5es. Esses fatores s\u00e3o permeados por influ\u00eancias s\u00f3cio econ\u00f4micas, pol\u00edticas e culturais que os influenciam. <a href=\"https:\/\/www.anamt.org.br\/portal\/2021\/09\/17\/podcast-anamt-edicao-aborda-fatores-psicossociais-do-trabalho-contemporaneo\/\" target=\"_blank\" rel=\"noopener\">Clique aqui para ouvir<\/a>.<\/p>\n<p>Depress\u00e3o no mundo do trabalho<\/p>\n<p><em>(2 de setembro de 2021)<\/em><\/p>\n<p>A depress\u00e3o tem origem multifatorial e poligen\u00e9tica, ou seja combina fatores gen\u00e9ticos, fisiol\u00f3gicos, psicol\u00f3gicos, profissionais, familiares e sociais entre outros. Desta complexidade de fatores envolvidos deriva uma s\u00edndrome cl\u00ednica heterog\u00eanea com a presen\u00e7a comum de humor triste, vazio, irrit\u00e1vel, acompanhado de altera\u00e7\u00f5es som\u00e1ticas e cognitivas que afetam a capacidade da pessoa. <a href=\"https:\/\/www.anamt.org.br\/portal\/2021\/09\/02\/depressao-no-mundo-do-trabalho-e-tema-do-podcast-anamt\/\" target=\"_blank\" rel=\"noopener\">Clique aqui para ouvir<\/a>.<\/p>\n<p>Idade e desempenho no trabalho<\/p>\n<p>(19 de agosto de 2021)<\/p>\n<p>As altera\u00e7\u00f5es f\u00edsicas e mentais decorrentes da idade apresentam altera\u00e7\u00f5es muitas vezes surpreendentes. O enfraquecimento das fun\u00e7\u00f5es f\u00edsicas n\u00e3o impede a melhora de algumas fun\u00e7\u00f5es mentais e, nesta linha de racioc\u00ednio, podemos dizer que os trabalhadores idosos tornam-se fisicamente mais fracos, mas mentalmente mais fortes, com o avan\u00e7o de sua vida profissional, devendo ser menos exigidos fisicamente mas devem ter maiores exig\u00eancias mentais. Neste podcast abordamos o tema idade e desempenho no trabalho. <a href=\"https:\/\/www.anamt.org.br\/portal\/2021\/08\/19\/podcast-anamt-novo-episodio-aborda-envelhecimento-e-trabalho\/\" target=\"_blank\" rel=\"noopener\">Clique aqui para ouvir<\/a>.<\/p>\n<p><strong>Envelhecimento e Trabalho<\/strong><\/p>\n<p><em>(03 de agosto de 2021)<\/em><\/p>\n<p>Uma das transi\u00e7\u00f5es importantes que ocorre atualmente no Brasil \u00e9 o envelhecimento populacional. Esse envelhecimento pode ser explicado pelo aumento da expectativa de vida e pela queda da taxa de fecundidade. Nesse quesito, o Brasil segue a tend\u00eancia mundial, estando projetado j\u00e1 para 2030 uma expectativa de vida de 79 anos. Neste podcast abordamos o tema envelhecimento e trabalho. <a href=\"https:\/\/www.anamt.org.br\/portal\/2021\/08\/03\/podcast-anamt-aborda-envelhecimento-e-trabalho\/\" target=\"_blank\" rel=\"noopener\">Clique aqui para ouvir<\/a>.<\/p>\n<p><strong>Fadiga visual &#8211; ilumina\u00e7\u00e3o no trabalho<\/strong><\/p>\n<p><em>(23 de julho de 2021)<\/em><\/p>\n<p>Sabemos que uma boa vis\u00e3o \u00e9 um fator importante para o desempenho das atividades laborais. A capacidade de enxergar bem \u00e9 necess\u00e1ria para o desenvolvimento das tarefas de uma forma eficiente e segura. Quando esta capacidade est\u00e1 prejudicada podem ocorrer acidentes e fadiga. Neste podcast abordamos o tema ilumina\u00e7\u00e3o, parte importante no contexto da atua\u00e7\u00e3o do trabalhador. <a href=\"https:\/\/www.anamt.org.br\/portal\/2021\/07\/23\/podcast-anamt-aborda-fadiga-visual-e-iluminacao\/\" target=\"_blank\" rel=\"noopener\">Clique aqui para ouvir<\/a>.<\/p>\n<p><strong>T\u00e9dio e Monotonia no Trabalho<\/strong><\/p>\n<p><em>(9 de julho de 2021)<\/em><\/p>\n<p>Por ambiente mon\u00f3tono entendemos aquele onde falta est\u00edmulos, sendo a rea\u00e7\u00e3o individual \u00e0 monotonia denominada de t\u00e9dio. T\u00e9dio \u00e9 um estado mental complexo caracterizado por sintomas de redu\u00e7\u00e3o da ativa\u00e7\u00e3o de centros nervosos com uma sensa\u00e7\u00e3o de cansa\u00e7o associada, letargia e redu\u00e7\u00e3o do estado de alerta. <a href=\"https:\/\/www.anamt.org.br\/portal\/2021\/07\/09\/podcast-anamt-aborda-tedio-e-monotonia-no-trabalho\/\" target=\"_blank\" rel=\"noopener\">Clique aqui para ouvir<\/a>.<\/p>\n<p><strong>Nosologia<\/strong><\/p>\n<p><em>(24 de junho de 2021)<\/em><\/p>\n<p>Por nosologia entendemos a classifica\u00e7\u00e3o de doentes segundo grupos. J\u00e1 a nosografia \u00e9 a atribui\u00e7\u00e3o de um nome a uma doen\u00e7a. Ao termos uma linguagem comum permitimos uma troca de informa\u00e7\u00f5es objetivando compara\u00e7\u00f5es, avalia\u00e7\u00e3o de frequ\u00eancias, an\u00e1lises epidemiol\u00f3gicas entre outras. <a href=\"https:\/\/www.anamt.org.br\/portal\/2021\/06\/24\/podcast-anamt-novo-episodio-aborda-nosologia\/\" target=\"_blank\" rel=\"noopener\">Clique aqui para ouvir<\/a>.<\/p>\n<p><strong>Considera\u00e7\u00f5es em rela\u00e7\u00e3o a psicometria &#8211; parte 2<\/strong><\/p>\n<p><em>(7 de junho de 2021)<\/em><\/p>\n<p>Ao definirmos um teste psicom\u00e9trico a ser aplicado, \u00e9 necess\u00e1rio considerarmos os elementos do instrumento a ser utilizado. Dessa forma, avalia-se o constructo, a faixa que se destina a avalia\u00e7\u00e3o, o contexto, o prop\u00f3sito e o p\u00fablico-alvo. <a href=\"https:\/\/www.anamt.org.br\/portal\/2021\/06\/07\/podcast-anamt-consideracoes-em-relacao-a-psicometria-parte-2\/\" target=\"_blank\" rel=\"noopener\">Clique aqui para ouvir<\/a>.<\/p>\n<p><strong>Considera\u00e7\u00f5es em rela\u00e7\u00e3o a psicometria<\/strong><\/p>\n<p><em>(21 de maio de 2021)<\/em><\/p>\n<p>Uma escala de avalia\u00e7\u00e3o em sa\u00fade mental \u00e9 um instrumento padronizado, composto por itens que permitem quantificar caracter\u00edsticas ps\u00edquicas, psicol\u00f3gicas ou comportamentais. Elas s\u00e3o apropriadas para estimar intensidade, frequ\u00eancia ou mudan\u00e7as de sintomas. Por\u00e9m, n\u00e3o servem para fazer diagn\u00f3stico cl\u00ednico, que \u00e9 fun\u00e7\u00e3o das entrevistas diagn\u00f3sticas. <a href=\"https:\/\/www.anamt.org.br\/portal\/2021\/05\/21\/podcast-anamt-consideracoes-em-relacao-a-psicometria\/\" target=\"_blank\" rel=\"noopener\">Clique aqui para ouvir<\/a>.<\/p>\n<p><strong>Exposi\u00e7\u00e3o ao benzeno<\/strong><br \/>\n<em>(6 de maio de 2021)<\/em><\/p>\n<p>O diagn\u00f3stico de benzenismo, de natureza ocupacional, \u00e9 eminentemente cl\u00ednico e epidemiol\u00f3gico e se baseia na hist\u00f3ria da exposi\u00e7\u00e3o ocupacional e na observa\u00e7\u00e3o de sinais e sintomas cl\u00ednicos e laboratoriais. Por isso, os cuidados na exposi\u00e7\u00e3o ao benzeno s\u00e3o o tema do novo epis\u00f3dio do <em>Podcast ANAMT<\/em>.\u00a0 <a href=\"https:\/\/www.anamt.org.br\/portal\/painel-do-associado\/podcast-anamt\/podcast-anamt-exposicao-ao-benzeno\/\">Clique aqui para ouvir.<\/a><\/p>\n<p><strong>NR-1<\/strong><br \/>\n<em>(22 de abril de 2021)<\/em><\/p>\n<p>A NR-1 \u00e9 a legisla\u00e7\u00e3o que estabelece as disposi\u00e7\u00f5es gerais, o campo de aplica\u00e7\u00e3o, os termos e as defini\u00e7\u00f5es comuns \u00e0s NRs relativas \u00e0 sa\u00fade e seguran\u00e7a do trabalho, bem como as diretrizes e requisitos para o Gerenciamento de Riscos Ocupacionais, capacita\u00e7\u00e3o e treinamento em sa\u00fade e seguran\u00e7a do trabalho, presta\u00e7\u00e3o de informa\u00e7\u00e3o digital e digitaliza\u00e7\u00e3o de documentos, direitos e deveres dos trabalhadores e as compet\u00eancias dos \u00d3rg\u00e3os Nacionais e Regionais sobre SST. Recentemente, a norma passou por duas revis\u00f5es importantes. <a href=\"https:\/\/www.anamt.org.br\/portal\/painel-do-associado\/podcast-anamt\/podcast-anamt-atualizacao-da-nr-1-e-o-tema-de-novo-episodio\/\">Clique aqui para ouvir.<\/a><\/p>\n<p><strong>Intoxica\u00e7\u00e3o por chumbo<\/strong><br \/>\n<em>(13 de abril de 2021)<\/em><\/p>\n<p>O chumbo \u00e9 um elemento t\u00f3xico, muito utilizado nas atividades industriais, fazendo com que v\u00e1rios tipos de trabalhadores estejam expostos a esse metal, podendo lev\u00e1-los \u00e0 intoxica\u00e7\u00e3o por chumbo ou saturnismo. <a href=\"https:\/\/www.anamt.org.br\/portal\/painel-do-associado\/podcast-anamt\/podcast-anamt-intoxicacao-por-chumbo-como-patologia-ocupacional\/\">Clique aqui para ouvir.<\/a><\/p>\n<p><strong>Fadiga no trabalho<\/strong><br \/>\n<em>(30 de mar\u00e7o de 2021)<\/em><\/p>\n<p>A fadiga relacionada ao trabalho est\u00e1 presente no dia a dia de muitos trabalhadores. O problema pode afetar a concentra\u00e7\u00e3o, o entusiasmo e at\u00e9 o rendimento do profissional, o que pode resultar em acidentes de trabalho e danos para a sa\u00fade. <a href=\"https:\/\/www.anamt.org.br\/portal\/painel-do-associado\/podcast-anamt\/podcast-anamt-fadiga-relacionada-ao-trabalho-em-novo-episodio\/\">Clique aqui para ouvir.<\/a><\/p>\n<p><strong>Acidentes por animais pe\u00e7onhentos<\/strong><br \/>\n<em>(16 de mar\u00e7o de 2021)<\/em><\/p>\n<p>O trabalho no setor agr\u00edcola se associa a uma grande diversidade de riscos profissionais. A exposi\u00e7\u00e3o a poeiras org\u00e2nicas, a micro-organismos em suspens\u00e3o no ar e a suas toxinas podem levar a bronquite, asma, pneumonite por hipersensibilidade, DPOC, micotoxicoses entre outras. <a href=\"https:\/\/www.anamt.org.br\/portal\/painel-do-associado\/podcast-anamt\/podcast-anamt-trabalho-agricola-e-acidentes-por-animais-peconhentos\/\">Clique aqui para ouvir.<\/a><\/p>\n<p><strong>Classifica\u00e7\u00e3o de Risco dos Agentes Biol\u00f3gicos<\/strong><br \/>\n<em>(3 de mar\u00e7o de 2021)<\/em><\/p>\n<p>Em 2017, a Comiss\u00e3o de Biosseguran\u00e7a em Sa\u00fade do Minist\u00e9rio da Sa\u00fade elaborou e atualizou a classifica\u00e7\u00e3o dos agentes biol\u00f3gicos com potencial risco \u00e0 sa\u00fade humana. A avalia\u00e7\u00e3o de risco de agentes biol\u00f3gicos considera crit\u00e9rios que permitem o reconhecimento, a identifica\u00e7\u00e3o e a probabilidade do dano &amp; decorrente destes, estabelecendo a sua classifica\u00e7\u00e3o em classes de risco distintas de acordo com a severidade dos danos. <a href=\"https:\/\/www.anamt.org.br\/portal\/painel-do-associado\/podcast-anamt\/podcast-anamt-classificacao-de-risco-dos-agentes-biologicos\/\">Clique aqui para ouvir.<\/a><\/p>\n<p><strong>Investiga\u00e7\u00e3o do c\u00e2ncer relacionado ao trabalho<\/strong><br \/>\n<em>(18 de fevereiro de 2021)<\/em><\/p>\n<p>A investiga\u00e7\u00e3o do c\u00e2ncer relacionado ao trabalho, ou c\u00e2ncer ocupacional, ganha destaque nesta edi\u00e7\u00e3o do<em> Podcast ANAMT<\/em>. <a href=\"https:\/\/www.anamt.org.br\/portal\/painel-do-associado\/podcast-anamt\/podcast-anamt-cancer-relacionado-ao-trabalho-e-o-tema-da-nova-edicao\/\">Clique aqui para ouvir.<\/a><\/p>\n<p><strong>FAP \u2013 Aspectos Fundamentais e Altera\u00e7\u00f5es da Legisla\u00e7\u00e3o<\/strong><br \/>\n<em>(4 de fevereiro de 2021)<\/em><\/p>\n<p>O FAP, criado em 2010, \u00e9 um multiplicador de um sistema de bonus versus malus que incide sobre a al\u00edquota de contribui\u00e7\u00e3o previdenci\u00e1ria. Por ele est\u00e1 poder\u00e1 ser reduzida em at\u00e9 50% ou aumentada em at\u00e9 100% \u2013 de acordo com o desempenho da empresa. Com ele calcula-se o valor que uma empresa deve pagar para cobrir os custos da Previd\u00eancia com trabalhadores v\u00edtimas de acidentes de trabalho ou doen\u00e7as ocupacionais. <a href=\"https:\/\/www.anamt.org.br\/portal\/painel-do-associado\/podcast-anamt\/podcast-anamt-fap-aspectos-fundamentais-e-alteracoes-da-legislacao\/\">Clique aqui para ouvir.<\/a><\/p>\n<p><strong>C\u00e2ncer ocupacional &#8211; Parte II<\/strong><br \/>\n<em>(28 de janeiro de 2021)<\/em><\/p>\n<p>O c\u00e2ncer ocupacional \u00e9 tema de mais uma edi\u00e7\u00e3o do <em>Podcast ANAMT<\/em>, desta vez com foco na avalia\u00e7\u00e3o da carcinogenicidade qu\u00edmica. As evid\u00eancias cient\u00edficas objetivando evidenciar a carcinogenicidade de uma subst\u00e2ncia em seres humanos pode ser verificada por estudos epidemiol\u00f3gicos em humanos, estudos experimentais em animais e estudos mecan\u00edsticos. <a href=\"https:\/\/www.anamt.org.br\/portal\/painel-do-associado\/podcast-anamt\/podcast-anamt-segundo-episodio-da-serie-cancer-ocupacional\/\">Clique aqui para ouvir.<\/a><\/p>\n<p><strong>C\u00e2ncer ocupacional<\/strong><br \/>\n<em>(19 de janeiro de 2021)<\/em><\/p>\n<p>O c\u00e2ncer ocupacional \u00e9 o tema desta edi\u00e7\u00e3o do <em>Podcast ANAMT<\/em>. Sabe-se que a maioria dos c\u00e2nceres em etiologia multifatorial, estando associados a fatores gen\u00e9ticos e fatores ambientais. Entre esses inclu\u00edmos tabaco, \u00e1lcool, dietas inadequadas, obesidade, sedentarismo e exposi\u00e7\u00f5es ocupacionais a diversas subst\u00e2ncias. <a href=\"https:\/\/www.anamt.org.br\/portal\/painel-do-associado\/podcast-anamt\/podcast-anamt-cancer-ocupacional\/\">c<\/a><\/p>\n<p><strong>Exposi\u00e7\u00e3o ao frio e seus efeitos no trabalhador &#8211; volume 2<\/strong><br \/>\n<em>(12 de janeiro de 2021)<\/em><\/p>\n<p>Ambientes frios tamb\u00e9m possuem v\u00e1rios perigos intr\u00ednsecos \u00e0s atividades realizadas e que devem ser tratados com aten\u00e7\u00e3o especial pela equipe de Sa\u00fade e Seguran\u00e7a do Trabalho.\u00a0No segundo epis\u00f3dio do <em>Podcast ANAMT<\/em> sobre exposi\u00e7\u00e3o ao frio e seus efeitos no trabalhador, falaremos sobre hipotermia de extremidades. <a href=\"https:\/\/www.anamt.org.br\/portal\/painel-do-associado\/podcast-anamt\/podcast-anamt-exposicao-ao-frio-e-seus-efeitos-no-trabalhador-volume-ii\/\">Clique aqui para ouvir.<\/a><\/p>\n<p><strong>Exposi\u00e7\u00e3o ao frio e seus efeitos no trabalhador<\/strong><br \/>\n<em>(7 de janeiro de 2021)<\/em><\/p>\n<p>Muitas pessoas pensam que os riscos ocupacionais existem apenas em locais com potencial para acidentes, com quedas de objetos, choques, cortes e queimaduras. O que pouca gente se lembra \u00e9 que ambientes frios tamb\u00e9m possuem v\u00e1rios perigos intr\u00ednsecos \u00e0s atividades realizadas e que devem ser tratados com aten\u00e7\u00e3o especial pela equipe de Sa\u00fade e Seguran\u00e7a do Trabalho. <a href=\"https:\/\/www.anamt.org.br\/portal\/painel-do-associado\/podcast-anamt\/podcast-anamt-exposicao-ao-frio-e-seus-efeitos-no-trabalhador\/\">Clique aqui para ouvir.<\/a><\/p>\n<p><strong>CIF &#8211; Parte 2: Aplica\u00e7\u00f5es pr\u00e1ticas na sa\u00fade do trabalhador<\/strong><br \/>\n<em>(15 de dezembro de 2020)<\/em><\/p>\n<p>A Classifica\u00e7\u00e3o Internacional de Funcionalidade, Incapacidade e Sa\u00fade (CIF) oferece um sistema de classifica\u00e7\u00e3o cientificamente s\u00f3lido e consensual que cont\u00e9m m\u00faltiplas dimens\u00f5es que julgamos importantes para avaliar a funcionalidade e incapacidade em diferentes contextos e agravos. <a href=\"https:\/\/www.anamt.org.br\/portal\/painel-do-associado\/podcast-anamt\/podcast-anamt-aplicacoes-da-cif-sao-tema-de-um-novo-episodio\/\">Clique aqui para ouvir.<\/a><\/p>\n<p><strong>CIF &#8211; Aspectos gerais e estrutura<\/strong><br \/>\n<em>(8 de dezembro de 2020)<\/em><\/p>\n<p>A Classifica\u00e7\u00e3o Internacional de Funcionalidade, Incapacidade e Sa\u00fade (CIF) faz parte das Classifica\u00e7\u00f5es de Refer\u00eancia da OMS, que por sua vez resultam de acordos internacionais, tem grande aceita\u00e7\u00e3o e concord\u00e2ncia oficial para uso e s\u00e3o aprovadas e recomendadas como diretrizes para relat\u00f3rios internacionais. <a href=\"https:\/\/www.anamt.org.br\/portal\/painel-do-associado\/podcast-anamt\/podcast-anamt-aspectos-gerais-e-estruturais-da-cif-sao-tema-de-episodio\/\">Clique aqui para ouvir.<\/a><\/p>\n<p><strong>Asma relacionada ao trabalho<\/strong><br \/>\n<em>(18 de novembro de 2020)<\/em><\/p>\n<p>A asma relacionada ao trabalho \u00e9 uma das principais doen\u00e7as respirat\u00f3rias ocupacionais em termos de preval\u00eancia. In\u00fameras subst\u00e2ncias qu\u00edmicas utilizadas nas mais diversas atividades produtivas podem desencadear ou agravar essa doen\u00e7a. A asma ocupacional \u00e9 o tema do <em>Podcast ANAMT<\/em> desta semana. <a href=\"https:\/\/www.anamt.org.br\/portal\/painel-do-associado\/podcast-anamt\/podcast-anamt-episodio-aborda-a-asma-relacionada-ao-trabalho\/\">Clique aqui para ouvir.<\/a><\/p>\n<p><strong>Utiliza\u00e7\u00e3o de instrumentos psicom\u00e9tricos para avalia\u00e7\u00e3o de trabalhadores<\/strong><br \/>\n<em>(4 de novembro de 2020)<\/em><\/p>\n<p>Para realizar uma boa gest\u00e3o de sa\u00fade do trabalhador o m\u00e9dico do trabalho deve ser capaz de transitar em todas as dimens\u00f5es da sa\u00fade humana. Esse olhar hol\u00edstico perpassa pela aten\u00e7\u00e3o nas esferas biopsicossociais. Nessa edi\u00e7\u00e3o do\u00a0<em>Podcast ANAMT,<\/em> faremos uma reflex\u00e3o de como os m\u00e9dicos do trabalho podem utilizar ferramentas para auxili\u00e1-lo na avalia\u00e7\u00e3o da esfera ps\u00edquica ou sa\u00fade mental. <a href=\"https:\/\/www.anamt.org.br\/portal\/painel-do-associado\/podcast-anamt\/utilizacao-de-instrumentos-psicometricos-para-avaliacao-de-trabalhadores\/\">Clique aqui para ouvir.<\/a><\/p>\n<p><strong>ISO 45001:2018<\/strong><br \/>\n<em>(22 de outubro de 2020)<\/em><\/p>\n<p>A ISO 45001:2018 \u00e9 a primeira norma verdadeiramente global para Sistemas de Gest\u00e3o da Seguran\u00e7a e Sa\u00fade no Trabalho. A certifica\u00e7\u00e3o \u00e9 o tema do Podcast ANAMT desta semana. <a href=\"https:\/\/www.anamt.org.br\/portal\/painel-do-associado\/podcast-anamt\/podcast-anamt-iso-450012018\/\">Clique aqui para ouvir.<\/a><\/p>\n<p><strong>Exposi\u00e7\u00e3o \u00e0 vibra\u00e7\u00e3o<\/strong><br \/>\n<em>(15 de outubro de 2020)<\/em><\/p>\n<p>A exposi\u00e7\u00e3o ocupacional continuada \u00e0s vibra\u00e7\u00f5es pode causar s\u00e9rios preju\u00edzos \u00e0 sa\u00fade do trabalhador, como doen\u00e7as vasculares, neurol\u00f3gicas e musculares, se n\u00e3o houver controle dos riscos e prote\u00e7\u00e3o adequada. Nesta edi\u00e7\u00e3o do Podcast da ANAMT abordaremos os efeitos da vibra\u00e7\u00e3o no organismo humano e suas consequ\u00eancias no contexto da Medicina do Trabalho. <a href=\"https:\/\/www.anamt.org.br\/portal\/painel-do-associado\/podcast-anamt\/podcast-anamt-exposicao-a-vibracao\/\">Clique aqui para ouvir.<\/a><\/p>\n<p><strong>Exame m\u00e9dico demissional<\/strong><br \/>\n<em>(29 de setembro de 2020)<\/em><\/p>\n<p>A promo\u00e7\u00e3o da seguran\u00e7a e da sa\u00fade no ambiente ocupacional come\u00e7a com um bom PCMSO. Conforme o programa s\u00e3o realizados exames peri\u00f3dicos para atestar as condi\u00e7\u00f5es f\u00edsicas e mentais desses empregados, garantindo, assim, a integridade e o bem-estar das pessoas ali inseridas. Nesse contexto, o exame demissional, tema da nova edi\u00e7\u00e3o do <em>Podcast ANAMT<\/em>, \u00e9 um dos indicadores mais importantes. <a href=\"https:\/\/www.anamt.org.br\/portal\/painel-do-associado\/podcast-anamt\/podcast-anamt-exame-medico-demissional\/\">Clique aqui para ouvir.<\/a><\/p>\n<p><strong>Aten\u00e7\u00e3o Prim\u00e1ria \u00e0 Sa\u00fade (APS) e a sa\u00fade do trabalhador<\/strong><br \/>\n<em>(17 de setembro de 2020)<\/em><\/p>\n<p>A Medicina do Trabalho e as a\u00e7\u00f5es de Sa\u00fade do Trabalhador possuem liga\u00e7\u00e3o estreita com a sa\u00fade p\u00fablica brasileira. Tal conex\u00e3o n\u00e3o surgiu subitamente, mas foi fruto de uma constru\u00e7\u00e3o ao longo do tempo e ainda hoje permanece em constante evolu\u00e7\u00e3o. A nova edi\u00e7\u00e3o do <em>Podcast ANAMT<\/em> detalha esse hist\u00f3rico e pontos importantes para a Aten\u00e7\u00e3o Prim\u00e1ria. <a href=\"https:\/\/www.anamt.org.br\/portal\/painel-do-associado\/podcast-anamt\/podcast-anamt-atencao-primaria-a-saude-aps-e-a-saude-do-trabalhador\/\">Clique aqui para ouvir.<\/a><\/p>\n<p><strong>Pneumonite por hipersensibilidade<\/strong><br \/>\n<em>(2 de setembro de 2020)<\/em><\/p>\n<p>A pneumonite por hipersensibilidade \u00e9 uma doen\u00e7a na qual os pulm\u00f5es se tornam inflamados pela inala\u00e7\u00e3o de subst\u00e2ncias estranhas, tais como mofo, poeiras e subst\u00e2ncias qu\u00edmicas. A incid\u00eancia dessas doen\u00e7as \u00e9 o tema dessa edi\u00e7\u00e3o do Podcast ANAMT. O programa detalha alguns dos dist\u00farbios, assim como seus fatores desencadeantes e agentes causadores. <a href=\"https:\/\/www.anamt.org.br\/portal\/painel-do-associado\/podcast-anamt\/podcast-anamt-trata-de-pneumonite-por-hipersensibilidade\/\">Clique aqui para ouvir.<\/a><\/p>\n<p><strong>Dist\u00farbios ocupacionais por hipersensibilidade imune<\/strong><br \/>\n<em>(21 de agosto de 2020)<\/em><\/p>\n<p>Asma al\u00e9rgica, pneumonite por hipersensibilidade e dermatite de contato al\u00e9rgica s\u00e3o alguns dos dist\u00farbios ocupacionais por hipersensibilidade imune, tema do Podcast ANAMT desta semana. O programa detalha alguns dos dist\u00farbios, assim como seus fatores desencadeantes e agentes causadores. <a href=\"https:\/\/www.anamt.org.br\/portal\/painel-do-associado\/podcast-anamt\/podcast-anamt-trata-de-disturbios-ocupacionais-por-hipersensibilidade-imune\/\" target=\"_blank\" rel=\"noopener\">Clique aqui para ouvir.<\/a><\/p>\n<p><strong>Atualiza\u00e7\u00e3o de Legisla\u00e7\u00e3o Previdenci\u00e1ria<\/strong><br \/>\n<em>(13 de agosto de 2020)<\/em><\/p>\n<p>Publicado no dia 30 de junho deste ano, o Decreto n\u00ba 10.410\/2020 atualizou o regulamento da Previd\u00eancia Social, alterando aspectos como doen\u00e7as adquiridas pelos trabalhadores que n\u00e3o dependem de car\u00eancia para concess\u00e3o de aux\u00edlio, requisitos para concess\u00e3o de aposentadoria especial para trabalhadores expostos a agentes qu\u00edmicos, f\u00edsicos e biol\u00f3gicos, entre outros temas. <a href=\"https:\/\/www.anamt.org.br\/portal\/painel-do-associado\/podcast-anamt\/legislacao-podcast-anamt-aborda-mudancas-trazidas-pelo-decreto-no-10-410-2020\/\" target=\"_blank\" rel=\"noopener\">Clique aqui para ouvir<\/a>.<\/p>\n<p><strong>Hipertens\u00e3o Arterial e o Trabalho<\/strong><br \/>\n<em>(6 de agosto de 2020)<\/em><\/p>\n<p>As classifica\u00e7\u00f5es da doen\u00e7a, fatores de risco e rela\u00e7\u00f5es com o trabalho, como em casos de exposi\u00e7\u00e3o excessiva a aspectos como estresse, agentes qu\u00edmicos e ru\u00eddo s\u00e3o abordados nesta edi\u00e7\u00e3o. <a href=\"https:\/\/www.anamt.org.br\/portal\/painel-do-associado\/podcast-anamt\/podcast-anamt-trata-de-hipertensao-arterial-e-o-trabalho\/\" target=\"_blank\" rel=\"noopener\">Clique aqui para ouvir. <\/a><\/p>\n<p><strong>Dermatoses ocupacionais &#8211; Volume II<\/strong><br \/>\n<em>(28 de julho de 2020)<\/em><\/p>\n<p>Os aspectos que abrangem o diagn\u00f3stico de dermatites de contato, as indica\u00e7\u00f5es para realiza\u00e7\u00e3o de teste de contato e a leitura dos mesmos s\u00e3o alguns dos conceitos relacionados ao diagn\u00f3stico desse tipo de doen\u00e7a. O Podcast ANAMT d\u00e1 continuidade ao tema Dermatose Ocupacional. <a href=\"https:\/\/www.anamt.org.br\/portal\/painel-do-associado\/podcast-anamt\/podcast-anamt-aborda-diagnosticos-de-dermatoses-ocupacionais\/\" target=\"_blank\" rel=\"noopener\">Clique aqui para ouvir.\u00a0<\/a><\/p>\n<p><strong>Alguns conceitos importantes em dermatoses ocupacionais<\/strong><br \/>\n<em>(17 de julho de 2020)<\/em><\/p>\n<p>As dermatoses ocupacionais s\u00e3o respons\u00e1veis por 30% de todas as doen\u00e7as ocupacionais, sendo que a dermatite de contato\u00a0 representa \u00a090 a 95% destas dermatoses. A nova edi\u00e7\u00e3o do Podcast da ANAMT alguns conceitos importantes sobre o assunto. <a href=\"https:\/\/www.anamt.org.br\/portal\/painel-do-associado\/podcast-anamt\/podcast-anamt-alguns-conceitos-importantes-em-dermatoses-ocupacionais\/\">Clique aqui para ouvir.<\/a><\/p>\n<p><strong>Altera\u00e7\u00f5es decorrentes do Decreto 10.410, de 30 de junho de 2020<\/strong><br \/>\n<em>(8 de julho de 2020)<\/em><\/p>\n<p>Foi publicado no Di\u00e1rio Oficial da Uni\u00e3o o\u00a0<a href=\"http:\/\/www.in.gov.br\/en\/web\/dou\/-\/decreto-n-10.410-de-30-de-junho-de-2020-264503344\" target=\"_blank\" rel=\"noreferrer noopener\">Decreto\u00a0<\/a><a href=\"https:\/\/www.jusbrasil.com.br\/legislacao\/869047437\/decreto-10410-20\">10.410<\/a>\u00a0que promove uma ampla atualiza\u00e7\u00e3o no regulamento que disciplina a aplica\u00e7\u00e3o dos planos de custeio e de benef\u00edcios da Previd\u00eancia Social. Para auxiliar os nossos associados nessas altera\u00e7\u00f5es, o novo Podcast da ANAMT aborda as principais altera\u00e7\u00f5es provocadas pela legisla\u00e7\u00e3o. <a href=\"https:\/\/www.anamt.org.br\/portal\/painel-do-associado\/podcast-anamt\/podcast-anamt-alteracoes-decorrentes-do-decreto-10-410-de-30-de-junho-de-2020\/\">Clique aqui para ouvir.<\/a><\/p>\n<p><strong>Uso de EPIs por profissionais da sa\u00fade no combate ao coronav\u00edrus<\/strong><br \/>\n<em>(30 de junho de 2020)<\/em><\/p>\n<p>O uso de equipamentos de prote\u00e7\u00e3o individual (EPIs) por profissionais de sa\u00fade no combate ao coronav\u00edrus \u00e9 fundamental para que estas pessoas n\u00e3o se contaminem, evitando a propaga\u00e7\u00e3o da doen\u00e7a na \u00e1rea e entre os familiares destes indiv\u00edduos. O Podcast ANAMT aborda uma atualiza\u00e7\u00e3o da Colabora\u00e7\u00e3o Cochrane Work sobre o tema, al\u00e9m de outras doen\u00e7as altamente infecciosas.<a href=\"https:\/\/www.anamt.org.br\/portal\/painel-do-associado\/podcast-anamt\/uso-de-epis-por-profissionais-da-saude-no-combate-ao-coronavirus-podcast-anamt-trata-do-assunto\/\" target=\"_blank\" rel=\"noopener\"> Clique aqui para ouvir<\/a>.<\/p>\n<p><strong>Ars\u00eanico: Podcast ANAMT aborda exposi\u00e7\u00e3o ocupacional \u00e0 subst\u00e2ncia<\/strong><br \/>\n<em>(22 de junho de 2020)<\/em><\/p>\n<p>Presente na fundi\u00e7\u00e3o de outras subst\u00e2ncias, como chumbo, zinco e cobre, a exposi\u00e7\u00e3o ambiental a ars\u00eanico pode ter consequ\u00eancias como tosse cr\u00f4nica e rinite at\u00e9 doen\u00e7as mais graves, como c\u00e2ncer de pele, pulm\u00e3o e bexiga. O detalhamento das consequ\u00eancias da exposi\u00e7\u00e3o ao ars\u00eanico de acordo com as vias de absor\u00e7\u00e3o e e consequ\u00eancias para o organismos s\u00e3o abordadas neste Podcast\u00a0 ANAMT, que d\u00e1 continuidade \u00e0 s\u00e9rie sobre exposi\u00e7\u00e3o a metais. <a href=\"https:\/\/www.anamt.org.br\/portal\/painel-do-associado\/podcast-anamt\/arsenico-podcast-anamt-aborda-exposicao-ocupacional-a-substancia\/\">Clique aqui para ouvir.<\/a><\/p>\n<p><strong>Exposi\u00e7\u00e3o Ocupacional a Metais<\/strong><br \/>\n<em>(10 de junho de 2020)<\/em><\/p>\n<p>A exposi\u00e7\u00e3o ocupacional a metais pode trazer diversos desdobramentos para a sa\u00fade dos trabalhadores conforme a concentra\u00e7\u00e3o, via de absor\u00e7\u00e3o, tempo de exposi\u00e7\u00e3o e a subst\u00e2ncia em quest\u00e3o. Para auxiliar os m\u00e9dicos do trabalho na gest\u00e3o desses riscos, o Podcast ANAMT aborda os seus aspectos gerais da exposi\u00e7\u00e3o a essas subst\u00e2ncias e eventuais danos. <a href=\"https:\/\/www.anamt.org.br\/portal\/painel-do-associado\/podcast-anamt\/exposicao-ocupacional-podcast-anamt-trata-de-aspectos-gerais-da-exposicao-a-metais\/\" target=\"_blank\" rel=\"noopener\">Clique aqui para ouvir<\/a>.<\/p>\n<p><strong>Frio no Trabalho<\/strong><br \/>\n<em>(2 de junho de 2020)<\/em><\/p>\n<p>Com base na publica\u00e7\u00e3o da ACGIH: Limites de Exposi\u00e7\u00e3o Ocupacional para Subst\u00e2ncias Qu\u00edmicas e Agentes F\u00edsicos, o programa aborda aspectos como fatores de risco para hipotermia, al\u00e9m de caracter\u00edsticas necess\u00e1rias para as roupas de prote\u00e7\u00e3o dos trabalhadores. <a href=\"https:\/\/www.anamt.org.br\/portal\/painel-do-associado\/podcast-anamt\/exposicao-ocupacional-a-baixas-temperaturas-podcast-anamt-aborda-aspectos-do-frio-no-trabalho\/\" target=\"_blank\" rel=\"noopener\">Clique aqui para ouvir<\/a>.<\/p>\n<p><strong>Risco &amp; perigo<\/strong><br \/>\n<em>(18 de maio de 2020)<\/em><br \/>\nO programa aborda estes dois conceitos importantes na pr\u00e1tica da Medicina do Trabalho, muitas vezes confundidos e n\u00e3o levados em considera\u00e7\u00e3o ao elaborarmos programas ocupacionais. <a href=\"https:\/\/www.anamt.org.br\/portal\/painel-do-associado\/podcast-anamt\/risco-perigo-podcast-anamt-aborda-aplicacao-dos-conceitos-na-medicina-do-trabalho\/\">Clique aqui para ouvir.<\/a><\/p>\n<p><strong>Recomenda\u00e7\u00f5es da OSHA relativas \u00e0s diretrizes de prepara\u00e7\u00e3o dos locais de trabalho para a Covid-19<\/strong><br \/>\n<em>(15 de maio de 2020)<\/em><br \/>\nNesta edi\u00e7\u00e3o, uma tradu\u00e7\u00e3o livre das Recomenda\u00e7\u00f5es da Occupational Safety Health Administration (OSHA) relativas \u00e0s diretrizes de prepara\u00e7\u00e3o dos locais de trabalho para a Covid-19. <a href=\"https:\/\/www.anamt.org.br\/portal\/painel-do-associado\/podcast-anamt\/podcast-anamt-traz-recomendacoes-da-osha-para-a-covid-19\/\">Clique aqui para ouvir.<\/a><\/p>\n<p><strong>Pontos Importantes na Atua\u00e7\u00e3o Administrativa do M\u00e9dico do Trabalho Face \u00e0 Pandemia de Coronav\u00edrus<\/strong><br \/>\n<em>(28 de abril de 2020)<\/em><br \/>\nO programa aborda Pontos Importantes na Atua\u00e7\u00e3o Administrativa do M\u00e9dico do Trabalho Face \u00e0 Pandemia de Coronav\u00edrus, feito a partir do &#8220;Guia Pr\u00e1tico ANAMT sobre Covid-19 para atua\u00e7\u00e3o dos M\u00e9dicos do Trabalho&#8221;. <a href=\"https:\/\/www.anamt.org.br\/portal\/painel-do-associado\/podcast-anamt\/podcast-anamt-atuacao-administrativa-da-especialidade-na-pandemia\/\">Clique aqui para ouvir.<\/a><\/p>\n<p><strong>Aspectos cl\u00ednicos da Covid-19<\/strong><br \/>\n<em>(13 de maio de 2020)<\/em><br \/>\nA edi\u00e7\u00e3o do podcast ANAMT trata dos aspectos cl\u00ednicos da Covid-19, a partir da publica\u00e7\u00e3o Guia Pr\u00e1tico ANAMT sobre Covid-19 para atua\u00e7\u00e3o dos M\u00e9dicos do Trabalho. <a href=\"https:\/\/www.anamt.org.br\/portal\/painel-do-associado\/podcast-anamt\/aspectos-clinicos-da-covid-19-e-tema-de-nova-edicao-do-podcast-anamt\/\">Clique aqui para ouvir.<\/a><\/p>\n<p><strong>Recomenda\u00e7\u00e3o ANAMT sobre Covid 19<\/strong><br \/>\n<em>(6 de abril de 2020)<\/em><br \/>\nO podcast ANAMT aborda a Recomenda\u00e7\u00e3o ANAMT n\u00b0 4\/2020, que disp\u00f5e sobre a atua\u00e7\u00e3o do m\u00e9dico do trabalho, assist\u00eancia presencial e remota ao trabalhador durante o enfrentamento da crise do Covid-19. <a href=\"https:\/\/www.anamt.org.br\/portal\/painel-do-associado\/podcast-anamt\/podcast-anamt-aborda-recomendacao-sobre-a-covid-19\/\">Clique aqui para ouvir.<\/a><\/p>\n<p><strong>Riscos ocupacionais ao sistema reprodutivo de cirurgi\u00e3s<\/strong><br \/>\n<em>(17 de fevereiro de 2020)<\/em><br \/>\nNesta edi\u00e7\u00e3o, o Podcast ANAMT aborda um artigo publicado no Jornal da Associa\u00e7\u00e3o M\u00e9dica Americana sobre os riscos reprodutivos a que est\u00e3o submetidos as cirurgi\u00e3s. <a href=\"https:\/\/www.anamt.org.br\/portal\/painel-do-associado\/podcast-anamt\/podcast-anamt-riscos-ocupacionais-ao-sistema-reprodutivo-de-cirurgias\/\">Clique aqui para ouvir.<\/a><\/p>\n<p><strong>Porque Bel\u00e9m?<\/strong><br \/>\n<em>(2 de mar\u00e7o de 2020)<\/em><br \/>\nO epis\u00f3dio traz o artigo \u201cPorque Bel\u00e9m\u201d do vice-presidente da Regi\u00e3o Norte da Associa\u00e7\u00e3o, Dr. Benones Carvalho. O texto fala sobre a capital paraense, que sediar\u00e1 o 18\u00ba Congresso Nacional ANAMT. <a href=\"https:\/\/www.anamt.org.br\/portal\/painel-do-associado\/podcast-anamt\/podcast-anamt-aborda-belem-sede-do-18o-congresso-anamt\/\">Clique aqui para ouvir.<\/a><\/p>\n<p><strong>Redu\u00e7\u00e3o de acidentes por material biol\u00f3gico<\/strong><br \/>\n<em>(30 de janeiro de 2020)<\/em><br \/>\nA nova edi\u00e7\u00e3o do Podcast ANAMT traz um resumo do artigo &#8220;Efetividade de um Programa de Preven\u00e7\u00e3o e Capacita\u00e7\u00e3o para Redu\u00e7\u00e3o de Acidentes Ocupacionais por Material Biol\u00f3gico&#8221;, publicado na Revista Brasileira de Medicina do Trabalho (RBMT). <a href=\"https:\/\/www.anamt.org.br\/portal\/painel-do-associado\/podcast-anamt\/podcast-anamt-aborda-reducao-de-acidentes-por-material-biologico\/\">Clique aqui para ouvir.<\/a><\/p>\n<p><strong>Volume II do Podcast ANAMT esclarece novas d\u00favidas sobre a Prova de T\u00edtulo<\/strong><br \/>\n<em>(20 de janeiro de 2020)<\/em><br \/>\nA ANAMT publica o Volume II do Podcast ANAMT sobre a XLVII Prova de T\u00edtulo de Especialista em Medicina do Trabalho, que ocorrer\u00e1 nos dias 29 e 30 de abril, em Bel\u00e9m (PA). <a href=\"https:\/\/www.anamt.org.br\/portal\/painel-do-associado\/podcast-anamt\/volume-ii-do-podcast-anamt-esclarece-novas-duvidas-sobre-a-prova-de-titulo\/\">Clique aqui para ouvir.<\/a><\/p>\n<p><strong>Podcast ANAMT esclarece d\u00favidas sobre a Prova de T\u00edtulo de Especialista<\/strong><br \/>\n<em>(10 de janeiro de 2020)<\/em><br \/>\nEm sua quarta edi\u00e7\u00e3o, o Podcast ANAMT re\u00fane perguntas e respostas sobre a XLVII Prova de T\u00edtulo de Especialista em Medicina do Trabalho, que ocorrer\u00e1 nos dias 29 e 30 de abril, em Bel\u00e9m (PA). <a href=\"https:\/\/www.anamt.org.br\/portal\/painel-do-associado\/podcast-anamt\/podcast-anamt-esclarece-duvidas-sobre-a-prova-de-titulo-de-especialista\/\">Clique aqui para ouvir.<\/a><\/p>\n<p><strong>Inclus\u00e3o de Pessoas com Defici\u00eancia<\/strong><br \/>\n<em>(23 de dezembro de 2019)<\/em><br \/>\nA terceira edi\u00e7\u00e3o do Podcast ANAMT trata da inclus\u00e3o de pessoas com defici\u00eancia. O programa aborda a legisla\u00e7\u00e3o, avalia\u00e7\u00e3o ocupacional feita pelo m\u00e9dico do trabalho, entre outros temas. <a href=\"https:\/\/www.anamt.org.br\/portal\/painel-do-associado\/podcast-anamt\/podcast-anamt-aborda-inclusao-de-pessoas-com-deficiencia\/\">Clique aqui para ouvir.<\/a><\/p>\n<p><strong>D\u00favidas sobre a atua\u00e7\u00e3o da especialidade<\/strong><br \/>\n<em>(10 de dezembro de 2019)<\/em><br \/>\nA ANAMT divulgou a segunda edi\u00e7\u00e3o do seu podcast. O programa re\u00fane respostas dos associados a d\u00favidas enviadas sobre a atua\u00e7\u00e3o da especialidade. <a href=\"https:\/\/www.anamt.org.br\/portal\/painel-do-associado\/podcast-anamt\/podcast-anamt-programa-reune-duvidas-sobre-a-especialidade\/\">Clique aqui para ouvir.<\/a><\/p>\n<p><strong>Insalubridade<\/strong><br \/>\n<em>(25 de novembro de 2019)<\/em><br \/>\nPrincipais considera\u00e7\u00f5es do texto referente a insalubridade por agentes biol\u00f3gicos colocado em consulta p\u00fablica pela Fundacentro. <a href=\"https:\/\/www.anamt.org.br\/portal\/painel-do-associado\/podcast-anamt\/anamt-estreia-novo-podcast-com-edicao-sobre-insalubridade\/\">Clique aqui para ouvir.<\/a><\/p>\n","protected":false},"excerpt":{"rendered":"<p>A ANAMT est\u00e1 de olhos e ouvidos atentos \u00e0s demandas dos associados e, pensando em aliar atualiza\u00e7\u00e3o profissional com a praticidade da tecnologia, lan\u00e7ou um novo produto de comunica\u00e7\u00e3o: um podcast. A iniciativa \u00e9 uma parceria entre as diretorias de Divulga\u00e7\u00e3o e Cient\u00edfica. Os programas s\u00e3o de acesso exclusivo para os associados e trazem conte\u00fados [&hellip;]<\/p>\n","protected":false},"author":1,"featured_media":0,"parent":10579,"menu_order":0,"comment_status":"closed","ping_status":"closed","template":"","meta":{"footnotes":""},"_links":{"self":[{"href":"https:\/\/www.anamt.org.br\/portal\/wp-json\/wp\/v2\/pages\/39659"}],"collection":[{"href":"https:\/\/www.anamt.org.br\/portal\/wp-json\/wp\/v2\/pages"}],"about":[{"href":"https:\/\/www.anamt.org.br\/portal\/wp-json\/wp\/v2\/types\/page"}],"author":[{"embeddable":true,"href":"https:\/\/www.anamt.org.br\/portal\/wp-json\/wp\/v2\/users\/1"}],"replies":[{"embeddable":true,"href":"https:\/\/www.anamt.org.br\/portal\/wp-json\/wp\/v2\/comments?post=39659"}],"version-history":[{"count":0,"href":"https:\/\/www.anamt.org.br\/portal\/wp-json\/wp\/v2\/pages\/39659\/revisions"}],"up":[{"embeddable":true,"href":"https:\/\/www.anamt.org.br\/portal\/wp-json\/wp\/v2\/pages\/10579"}],"wp:attachment":[{"href":"https:\/\/www.anamt.org.br\/portal\/wp-json\/wp\/v2\/media?parent=39659"}],"curies":[{"name":"wp","href":"https:\/\/api.w.org\/{rel}","templated":true}]}}