{"id":37757,"date":"2019-07-16T13:12:03","date_gmt":"2019-07-16T16:12:03","guid":{"rendered":"https:\/\/www.anamt.org.br\/portal\/?page_id=37757"},"modified":"2019-07-17T14:08:07","modified_gmt":"2019-07-17T17:08:07","slug":"eleicoes-2019-chapa-federadas-unidas","status":"publish","type":"page","link":"https:\/\/www.anamt.org.br\/portal\/eleicoes-2019-2\/eleicoes-2019-chapa-federadas-unidas\/","title":{"rendered":"Elei\u00e7\u00f5es 2019 \u2013 Chapa Federadas Unidas"},"content":{"rendered":"<h3>Elei\u00e7\u00f5es 2019 \u2013 Chapa Federadas Unidas<\/h3>\n<blockquote><p><img decoding=\"async\" class=\"size-full wp-image-37770 alignleft\" src=\"https:\/\/www.anamt.org.br\/portal\/wp-content\/uploads\/2019\/07\/CHAPA_FEDERADAS_UNIDAS_ROSYLANE.jpg\" alt=\"\" width=\"133\" height=\"200\" \/><strong>Dra. Rosylane Rocha \u2013 Presidente<\/strong><\/p>\n<p>Graduada em Medicina pela UniRio. Especialista em Medicina do Trabalho. Especialista em Medicina Legal e Per\u00edcias M\u00e9dicas. M\u00e9dica Perita do TRT 10 e TJDFT. P\u00f3s-gradua\u00e7\u00e3o em Valora\u00e7\u00e3o do Dano Corporal pela Universidade de Coimbra. Doutoranda em Bio\u00e9tica pela Universidade do Porto. Supervisora do Programa de Resid\u00eancia em Medicina do Trabalho ESCS\/DF. Secret\u00e1ria Nacional da ICOH no Brasil. Presidente da ABRAMT. Conselheira Regional e Federal de Medicina.<\/p><\/blockquote>\n<p>&nbsp;<\/p>\n<blockquote><p><strong><img decoding=\"async\" class=\"size-full wp-image-37769 alignleft\" src=\"https:\/\/www.anamt.org.br\/portal\/wp-content\/uploads\/2019\/07\/CHAPA_FEDERADAS_UNIDAS_ROSANI.jpg\" alt=\"\" width=\"133\" height=\"200\" \/>Dra. Rosani Ara\u00fajo \u2013 Vice-Presidente Nacional<br \/>\n<\/strong><\/p>\n<p>Presidente da SOGAMT. Especialista em Medicina Legal e Per\u00edcias M\u00e9dicas pela ABMLPM. Especialista em Medicina do Trabalho pela ANAMT. Perita Oficial da Justi\u00e7a C\u00edvel do Estado do RS. Perita Oficial da Justi\u00e7a Federal TRF 4\u00aa Regi\u00e3o. Assistente T\u00e9cnica em Per\u00edcias Trabalhistas e C\u00edveis. Diretora da Regulare Assessoria em Sa\u00fade. 1\u00aa Secret\u00e1ria da ABMLPM. Ex-presidente da ABMLPM-RS.<\/p><\/blockquote>\n<p>&nbsp;<\/p>\n<blockquote><p><strong><img decoding=\"async\" class=\"size-full wp-image-37773 alignleft\" src=\"https:\/\/www.anamt.org.br\/portal\/wp-content\/uploads\/2019\/07\/CHAPA_FEDERADAS_UNIDAS_HAMILTON.jpg\" alt=\"\" width=\"133\" height=\"200\" \/>Dr. Hamilton Ferreira \u2013 Vice-Presidente da Regi\u00e3o Norte<br \/>\n<\/strong><\/p>\n<p>M\u00e9dico do Trabalho \u2013 Universidade Gama Filho. Especialista em medicina do trabalho pela ANAMT. M\u00e9dico do Trabalho do CEREST-RO. Membro da Junta M\u00e9dica do SIASS-RO. M\u00e9dico Perito Judicial. Bacharel em Direito.<\/p><\/blockquote>\n<p>&nbsp;<br \/>\n&nbsp;<br \/>\n&nbsp;<\/p>\n<blockquote><p><strong><img decoding=\"async\" class=\"size-full wp-image-37767 alignleft\" src=\"https:\/\/www.anamt.org.br\/portal\/wp-content\/uploads\/2019\/07\/CHAPA_FEDERADAS_UNIDAS_PASCOAL.jpg\" alt=\"\" width=\"133\" height=\"200\" \/>Dr. Pascoal Gomes \u2013 Vice-Presidente da Regi\u00e3o Nordeste<br \/>\n<\/strong><\/p>\n<p>Gradua\u00e7\u00e3o em Medicina \u2013 UFPE. Especialista em Medicina do Trabalho pela ANAMT. Especializa\u00e7\u00e3o em Sa\u00fade P\u00fablica \u2013 UFPI. Especializa\u00e7\u00e3o em Gest\u00e3o em Sistema e Servi\u00e7o de Sa\u00fade \u2013 UFPI. Presidente da Associa\u00e7\u00e3o Piauiense de Medicina do Trabalho. Vice-Presidente da ABMLPM do Piau\u00ed. S\u00f3cio titular da Associa\u00e7\u00e3o Nacional de Medicina do Trabalho. Perito Judicial e Assistente T\u00e9cnico na Justi\u00e7a do Trabalho. Professor de Curso de P\u00f3s-Gradua\u00e7\u00e3o em Medicina do Trabalho e Auditoria em Servi\u00e7o de Sa\u00fade.<\/p><\/blockquote>\n<p>&nbsp;<\/p>\n<blockquote><p><strong><img decoding=\"async\" class=\"size-full wp-image-37759 alignleft\" src=\"https:\/\/www.anamt.org.br\/portal\/wp-content\/uploads\/2019\/07\/CHAPA_FEDERADAS_UNIDAS_AMAURY.jpg\" alt=\"\" width=\"133\" height=\"200\" \/>Dr. Amaury Prieto \u2013 Vice-Presidente da Regi\u00e3o Centro-Oeste<br \/>\n<\/strong><\/p>\n<p>Medicina \u2013 Universidade Estadual De Mato Grosso. Especialista em Pneumologia. Especialista em Tisiologia. P\u00f3s-graduado em Medicina do Trabalho. T\u00edtulo de Especialista em Medicina do Trabalho. P\u00f3s-gradua\u00e7\u00e3o em Sa\u00fade P\u00fablica. P\u00f3s-gradua\u00e7\u00e3o em Ergonomia. MBA em Auditoria Em Sa\u00fade. Especializa\u00e7\u00e3o em Per\u00edcia M\u00e9dica. Coordenador de Sa\u00fade Ocupacional Unimed Campo Grande. M\u00e9dico Credenciado do Detran MS. Perito M\u00e9dico Concursado do INSS. Coordenador Municipal de Urg\u00eancias. M\u00e9dico Auditor da Unimed Campo Grande.<\/p><\/blockquote>\n<p>&nbsp;<\/p>\n<blockquote><p><strong><img decoding=\"async\" class=\"size-full wp-image-37777 alignleft\" src=\"https:\/\/www.anamt.org.br\/portal\/wp-content\/uploads\/2019\/07\/CHAPA_FEDERADAS_UNIDAS_SIMONE.jpg\" alt=\"\" width=\"133\" height=\"200\" \/>Dra. Simone Assalie \u2013 Vice-Presidente da Regi\u00e3o Sudeste<br \/>\n<\/strong><\/p>\n<p>M\u00e9dica do Trabalho. Otorrinolaringologista. M\u00e9dica Fiscal do CREMERJ. M\u00e9dico do Trabalho \u2013 Analista Pericial do Minist\u00e9rio P\u00fablico da Uni\u00e3o. Analista Pericial em Medicina do Trabalho do Minist\u00e9rio P\u00fablico do Trabalho\/MPU.<\/p><\/blockquote>\n<p>&nbsp;<br \/>\n&nbsp;<br \/>\n&nbsp;<\/p>\n<blockquote><p><strong><img decoding=\"async\" class=\"size-full wp-image-37768 alignleft\" src=\"https:\/\/www.anamt.org.br\/portal\/wp-content\/uploads\/2019\/07\/CHAPA_FEDERADAS_UNIDAS_RICARDO.jpg\" alt=\"\" width=\"133\" height=\"200\" \/>Dr. Ricardo Martins \u2013 Vice-Presidente da Regi\u00e3o Sul<br \/>\n<\/strong><\/p>\n<p>Gradua\u00e7\u00e3o em Medicina \u2013 FFFCMPA. Resid\u00eancia M\u00e9dica em Nefrologia. Resid\u00eancia M\u00e9dica em Cardiologia. P\u00f3s-Gradua\u00e7\u00e3o em Medicina do Trabalho. P\u00f3s-Gradua\u00e7\u00e3o em Administra\u00e7\u00e3o Hospitalar. Especialista em Medicina do Trabalho.<\/p><\/blockquote>\n<p>&nbsp;<br \/>\n&nbsp;<br \/>\n&nbsp;<\/p>\n<blockquote><p><strong><img decoding=\"async\" class=\"size-full wp-image-37762 alignleft\" src=\"https:\/\/www.anamt.org.br\/portal\/wp-content\/uploads\/2019\/07\/CHAPA_FEDERADAS_UNIDAS_GABRIELLA.jpg\" alt=\"\" width=\"133\" height=\"200\" \/>Dra. Gabriella Oliveira \u2013 Diretora Administrativa<br \/>\n<\/strong><\/p>\n<p>Graduada em Medicina pela Universidade Latino-americana de Medicina. P\u00f3s-Graduada em Medicina do Trabalho \u2013 Universidade Est\u00e1cio de S\u00e1. Especialista em Medicina do Trabalho pela AMB\/ANAMT. P\u00f3s-graduada em Per\u00edcias M\u00e9dicas. Especialista em Valora\u00e7\u00e3o do Dano Corporal pela Universidade de Coimbra. Membro da Associa\u00e7\u00e3o Portuguesa de Valora\u00e7\u00e3o do Dano Corporal. Membro da Associa\u00e7\u00e3o Nacional de Medicina do Trabalho. Membro da Associa\u00e7\u00e3o de Medicina Legal e Per\u00edcia M\u00e9dicas.<\/p><\/blockquote>\n<p>&nbsp;<\/p>\n<blockquote><p><strong><img decoding=\"async\" class=\"size-full wp-image-37763 alignleft\" src=\"https:\/\/www.anamt.org.br\/portal\/wp-content\/uploads\/2019\/07\/CHAPA_FEDERADAS_UNIDAS_GILVANA.jpg\" alt=\"\" width=\"133\" height=\"200\" \/>Dra. Gilvana Campos \u2013 Diretora Administrativa Adjunta<br \/>\n<\/strong><\/p>\n<p>Graduada em Medicina pela Universidade Federal do Maranh\u00e3o. Especialista em Pediatria e Pneumologia Infantil. Especialista em Medicina Legal e Pericias M\u00e9dicas \u2013 ABMLPM. Especialista em Medicina do Trabalho &#8211; ANAMT. M\u00e9dica Perita da Subsaude. Advogada (OAB-DF). P\u00f3s-graduada em Direito P\u00fablico. Doutoranda em Bio\u00e9tica &#8211; Universidade de Medicina do Porto (Portugal).<\/p><\/blockquote>\n<p>&nbsp;<br \/>\n&nbsp;<\/p>\n<blockquote><p><strong><img decoding=\"async\" class=\"size-full wp-image-37765 alignleft\" src=\"https:\/\/www.anamt.org.br\/portal\/wp-content\/uploads\/2019\/07\/CHAPA_FEDERADAS_UNIDAS_JOYCE.jpg\" alt=\"\" width=\"133\" height=\"200\" \/>Dra. Joyce Pessoa \u2013 Diretora Financeira<br \/>\n<\/strong><\/p>\n<p>M\u00e9dica do Trabalho com T\u00edtulo de Especialista pela AMB\/ANAMT. M\u00e9dica Perita com T\u00edtulo de Especialista em Medicina Legal e Per\u00edcia M\u00e9dica pela AMB\/ABMLPM. Diretora (1\u00aa Tesoureira) da ABRAMT (Associa\u00e7\u00e3o Brasiliense de Medicina do Trabalho do Distrito Federal). M\u00e9dica do Trabalho da SEFP (Secretaria de Estado de Fazenda, Planejamento, Or\u00e7amento e Gest\u00e3o do GDF). M\u00e9dica Perita da Junta M\u00e9dica Oficial do GDF. P\u00f3s-Gradua\u00e7\u00e3o em Valora\u00e7\u00e3o do Dano Corporal P\u00f3s-Traum\u00e1tico pela Universidade de Coimbra.<\/p><\/blockquote>\n<p>&nbsp;<\/p>\n<blockquote><p><strong><img decoding=\"async\" class=\"size-full wp-image-37760 alignleft\" src=\"https:\/\/www.anamt.org.br\/portal\/wp-content\/uploads\/2019\/07\/CHAPA_FEDERADAS_UNIDAS_ANGELLE.jpg\" alt=\"\" width=\"133\" height=\"199\" \/>Dra. Ang\u00e9lle J\u00e1como\u00a0\u2013 Diretora Financeira Adjunto<br \/>\n<\/strong><\/p>\n<p>M\u00e9dica pela Universidade Estadual de Montes Claros (UNIMONTES). Resid\u00eancia M\u00e9dica em Medicina F\u00edsica e Reabilita\u00e7\u00e3o\/Fisiatria no Centro de Reabilita\u00e7\u00e3o e Readapta\u00e7\u00e3o Dr. Henrique Santillo (CRER). Membro titular da Associa\u00e7\u00e3o Brasileira de Medicina F\u00edsica e Reabilita\u00e7\u00e3o (ABMFR\/AMB). Especialista em Terapia por Ondas de Choque. Membro Titular da Associa\u00e7\u00e3o Nacional de Medicina do Trabalho (ANAMT\/AMB). Membro Titular da Associa\u00e7\u00e3o Brasileira de Medicina do Tr\u00e1fego (ABRAMET\/AMB).<\/p><\/blockquote>\n<p>&nbsp;<\/p>\n<blockquote><p><strong><img decoding=\"async\" class=\"size-full wp-image-37761 alignleft\" src=\"https:\/\/www.anamt.org.br\/portal\/wp-content\/uploads\/2019\/07\/CHAPA_FEDERADAS_UNIDAS_FRANCISCO.jpg\" alt=\"\" width=\"133\" height=\"200\" \/>Dr. Francisco Cortes Fernandes \u2013 Diretor Cient\u00edfico<br \/>\n<\/strong><\/p>\n<p>Formado na Universidade Federal de Santa Maria. Resid\u00eancia M\u00e9dica no Hospital Ernesto Dornelles, Porto Alegre. Especialista em Sa\u00fade P\u00fablica. Especialista em Medicina do Trabalho. Mestre em Ergonomia. Perito aposentado do INSS. Professor universit\u00e1rio. Coordenador do curso de especializa\u00e7\u00e3o em medicina do trabalho PUC \u2013 Goi\u00e2nia.<\/p><\/blockquote>\n<p>&nbsp;<br \/>\n&nbsp;<br \/>\n&nbsp;<\/p>\n<blockquote><p><strong><img decoding=\"async\" class=\"size-full wp-image-37766 alignleft\" src=\"https:\/\/www.anamt.org.br\/portal\/wp-content\/uploads\/2019\/07\/CHAPA_FEDERADAS_UNIDAS_LUIS.jpg\" alt=\"\" width=\"133\" height=\"200\" \/>Dr. Luis Fernando \u2013 Diretor de Divulga\u00e7\u00e3o<br \/>\n<\/strong><\/p>\n<p>Gradua\u00e7\u00e3o em Medicina pela Pontif\u00edcia Universidade Cat\u00f3lica de Campinas \u2013 SP. Especializa\u00e7\u00e3o em Medicina de Tr\u00e1fego. Especializa\u00e7\u00e3o em Medicina do Trabalho. Especializa\u00e7\u00e3o em Ergonomia Aplicada ao Trabalho. T\u00edtulo de Especialista em Medicina de Tr\u00e1fego pela Abramet. T\u00edtulo de Especialista em Medicina do Trabalho pela ANAMT. Curso de Transtornos Mentais Relacionados ao Trabalho. P\u00f3s-gradua\u00e7\u00e3o em Per\u00edcia M\u00e9dica. Diretor de Regionais Adjunto da APMT.<\/p><\/blockquote>\n<p>&nbsp;<\/p>\n<blockquote><p><strong><img decoding=\"async\" class=\"size-full wp-image-37758 alignleft\" src=\"https:\/\/www.anamt.org.br\/portal\/wp-content\/uploads\/2019\/07\/CHAPA_FEDERADAS_UNIDAS_ALVARO.jpg\" alt=\"\" width=\"133\" height=\"200\" \/>Dr. Alvaro Paulo \u2013 Diretor De Patrim\u00f4nio <\/strong><\/p>\n<p>M\u00e9dico formado pela Faculdade de Ci\u00eancias M\u00e9dicas da Santa Casa. Resid\u00eancia em Sa\u00fade P\u00fablica com concentra\u00e7\u00e3o na \u00e1rea de Medicina do Trabalho no Departamento de Medicina Social. P\u00f3s-Gradua\u00e7\u00e3o em Medicina do Trabalho. P\u00f3s-Gradua\u00e7\u00e3o em Medicina Legal e Per\u00edcia M\u00e9dica. Especialista em Medicina do Trabalho. Ex-professor Instrutor da Cadeira de Medicina do Trabalho. Ex-coordenador do \u201cCurso de Especializa\u00e7\u00e3o para M\u00e9dicos do Trabalho\u201d. Ex-presidente da Associa\u00e7\u00e3o Nacional de Medicina do Trabalho.<\/p><\/blockquote>\n<p>&nbsp;<\/p>\n<blockquote><p><strong><img decoding=\"async\" class=\"size-full wp-image-37771 alignleft\" src=\"https:\/\/www.anamt.org.br\/portal\/wp-content\/uploads\/2019\/07\/CHAPA_FEDERADAS_UNIDAS_TURENKO.jpg\" alt=\"\" width=\"133\" height=\"200\" \/>Dr. Ricardo Turenko \u2013 Diretor de Rela\u00e7\u00f5es Internacionais<br \/>\n<\/strong><\/p>\n<p>Vice-presidente da Associa\u00e7\u00e3o Nacional de Medicina do Trabalho. Presidente da Associa\u00e7\u00e3o Nacional de Medicina do Trabalho. Coordenador da Comiss\u00e3o de Estudo Especial de Ergonomia. Membro da EPMIES. Membro Titular da Comiss\u00e3o de Per\u00edcias Ocupacionais da Associa\u00e7\u00e3o Nacional de Medicina do Trabalho. Membro Titular da International Commission on Occupational Health. Membro da C\u00e2mara T\u00e9cnica de Medicina do Trabalho do CRM-AM.<\/p><\/blockquote>\n<p>&nbsp;<br \/>\n&nbsp;<\/p>\n<blockquote><p><img decoding=\"async\" class=\"size-full wp-image-37764 alignleft\" src=\"https:\/\/www.anamt.org.br\/portal\/wp-content\/uploads\/2019\/07\/CHAPA_FEDERADAS_UNIDAS_JOSIERTON.jpg\" alt=\"\" width=\"133\" height=\"200\" \/><strong>Dr. Josierton Bezerra \u2013 Diretor de Legisla\u00e7\u00e3o<br \/>\n<\/strong><\/p>\n<p>Perito M\u00e9dico Federal.Mestre em Sa\u00fade Coletiva \u2013 UnB. Especialista em Medicina do Trabalho \u2013 AMB. Especialista em Sa\u00fade do Trabalhador e Ecologia Humana. Especialista em Ginecologia e Obstetr\u00edcia \u2013 AMB. Resid\u00eancia m\u00e9dica em Ginecologia e Obstetr\u00edcia \u2013 UFRN. Graduado em Medicina \u2013 UFRN.<\/p><\/blockquote>\n<p>&nbsp;<br \/>\n&nbsp;<br \/>\n&nbsp;<\/p>\n<blockquote><p><img decoding=\"async\" class=\"size-full wp-image-37772 alignleft\" src=\"https:\/\/www.anamt.org.br\/portal\/wp-content\/uploads\/2019\/07\/CHAPA_FEDERADAS_UNIDAS_WALNEIA.jpg\" alt=\"\" width=\"133\" height=\"200\" \/><strong>Dra. Walneia Moreira \u2013 Diretora de \u00c9tica e Defesa Profissional<\/strong><\/p>\n<p>M\u00e9dica graduada pela Faculdade de Ci\u00eancias M\u00e9dicas de Minas Gerais. Especialista em Medicina do Trabalho. Especialista em Ergonomia. Especialista em Per\u00edcias M\u00e9dicas. Presidente da AMIMT- Associa\u00e7\u00e3o Mineira de Medicina do Trabalho. Diretora de Sa\u00fade do Trabalhador do Sindicato dos M\u00e9dicos de Minas Gerais. Ex- membro da C\u00e2mara T\u00e9cnica de Medicina do Trabalho do Conselho Regional de Medicina de Minas Gerais. MBA em Gest\u00e3o Empresarial.<\/p><\/blockquote>\n<p>&nbsp;<\/p>\n<blockquote><p><img decoding=\"async\" class=\"size-full wp-image-37775 alignleft\" src=\"https:\/\/www.anamt.org.br\/portal\/wp-content\/uploads\/2019\/07\/CHAPA_FEDERADAS_UNIDAS_VINICIO.jpg\" alt=\"\" width=\"133\" height=\"200\" \/><strong>Dr. Vin\u00edcio Moreira \u2013 Diretor de T\u00edtulo De Especialista<\/strong><\/p>\n<p>Especialista em Medicina Do Trabalho. Especialista em Cirurgia Geral M\u00e9dico Coordenador Corporativo do PCMSO nas empresas Magnesita Service\/ Itamb\u00e9\/ Sumitomo Riko Hose. Professor da P\u00f3s-Gradua\u00e7\u00e3o em Medicina do Trabalho da Faculdade de Ci\u00eancias M\u00e9dicas de Minas Gerais. Perito Judicial. Consultor da Prolavor Assessoria Ocupacional. Ex-presidente da AMIMT. Ex-diretor de Exerc\u00edcio Profissional, de Educa\u00e7\u00e3o Continuada e Financeiro da AMIMT. Diretor Cient\u00edfico da AMIMT. Ex-diretor de \u00c9tica e Defesa Profissional ANAMT.<\/p><\/blockquote>\n<p>&nbsp;<\/p>\n","protected":false},"excerpt":{"rendered":"<p>Elei\u00e7\u00f5es 2019 \u2013 Chapa Federadas Unidas Dra. Rosylane Rocha \u2013 Presidente Graduada em Medicina pela UniRio. Especialista em Medicina do Trabalho. Especialista em Medicina Legal e Per\u00edcias M\u00e9dicas. M\u00e9dica Perita do TRT 10 e TJDFT. P\u00f3s-gradua\u00e7\u00e3o em Valora\u00e7\u00e3o do Dano Corporal pela Universidade de Coimbra. Doutoranda em Bio\u00e9tica pela Universidade do Porto. Supervisora do Programa [&hellip;]<\/p>\n","protected":false},"author":1,"featured_media":0,"parent":36619,"menu_order":0,"comment_status":"closed","ping_status":"closed","template":"","meta":{"footnotes":""},"_links":{"self":[{"href":"https:\/\/www.anamt.org.br\/portal\/wp-json\/wp\/v2\/pages\/37757"}],"collection":[{"href":"https:\/\/www.anamt.org.br\/portal\/wp-json\/wp\/v2\/pages"}],"about":[{"href":"https:\/\/www.anamt.org.br\/portal\/wp-json\/wp\/v2\/types\/page"}],"author":[{"embeddable":true,"href":"https:\/\/www.anamt.org.br\/portal\/wp-json\/wp\/v2\/users\/1"}],"replies":[{"embeddable":true,"href":"https:\/\/www.anamt.org.br\/portal\/wp-json\/wp\/v2\/comments?post=37757"}],"version-history":[{"count":0,"href":"https:\/\/www.anamt.org.br\/portal\/wp-json\/wp\/v2\/pages\/37757\/revisions"}],"up":[{"embeddable":true,"href":"https:\/\/www.anamt.org.br\/portal\/wp-json\/wp\/v2\/pages\/36619"}],"wp:attachment":[{"href":"https:\/\/www.anamt.org.br\/portal\/wp-json\/wp\/v2\/media?parent=37757"}],"curies":[{"name":"wp","href":"https:\/\/api.w.org\/{rel}","templated":true}]}}