{"id":37726,"date":"2019-07-16T10:50:54","date_gmt":"2019-07-16T13:50:54","guid":{"rendered":"https:\/\/www.anamt.org.br\/portal\/?page_id=37726"},"modified":"2019-07-17T13:56:52","modified_gmt":"2019-07-17T16:56:52","slug":"eleicoes-2019-chapa-anamt-mais-tecnica","status":"publish","type":"page","link":"https:\/\/www.anamt.org.br\/portal\/eleicoes-2019-2\/eleicoes-2019-chapa-anamt-mais-tecnica\/","title":{"rendered":"Elei\u00e7\u00f5es 2019 \u2013 Chapa ANAMT Mais T\u00e9cnica e Mais Perto de Voc\u00ea"},"content":{"rendered":"<h3>Elei\u00e7\u00f5es 2019 \u2013 Chapa ANAMT Mais T\u00e9cnica e Mais Perto de Voc\u00ea<\/h3>\n<blockquote><p><img decoding=\"async\" class=\"size-full wp-image-37742 alignleft\" src=\"https:\/\/www.anamt.org.br\/portal\/wp-content\/uploads\/2019\/07\/CHAPA_ANAMT_MAIS_TECNICA_PAULO_REBELO.jpg\" alt=\"\" width=\"133\" height=\"200\" \/><strong>Dr. Paulo Antonio de Paiva Rebelo &#8211; Presidente<\/strong><\/p>\n<p>Dr. Paulo Rebelo foi presidente da Associa\u00e7\u00e3o Brasileira de Medicina do Trabalho (ABMT), onde exerceu as fun\u00e7\u00f5es de diretor cient\u00edfico e de rela\u00e7\u00f5es externas, juntamente com o cargo de vice-presidente da ANAMT. Membro titular da Academia Brasileira de Medicina de Reabilita\u00e7\u00e3o (ABMR) e membro da C\u00e2mara T\u00e9cnica de MT no CFM e no CREMERJ. Integra organiza\u00e7\u00f5es prestigiadas, como IOMSC, ICOH e SPE. Reconhecido nacional e internacionalmente, escreveu v\u00e1rios livros, colaborando com in\u00fameros artigos em publica\u00e7\u00f5es do Brasil e do exterior.<\/p><\/blockquote>\n<p>&nbsp;<\/p>\n<blockquote><p><img decoding=\"async\" class=\"size-full wp-image-37737 alignleft\" src=\"https:\/\/www.anamt.org.br\/portal\/wp-content\/uploads\/2019\/07\/CHAPA_ANAMT_MAIS_TECNICA_DANTE_LAGO.jpg\" alt=\"\" width=\"133\" height=\"201\" \/><strong>Dr. Dante Jos\u00e9 Pirath Lago &#8211; Vice-Presidente Nacional<\/strong><\/p>\n<p>Dr. Dante Lago foi presidente da Associa\u00e7\u00e3o Paranaense de Medicina do Trabalho (APAMT) e diretor financeiro da ANAMT no per\u00edodo de 2013 a 2016. Refer\u00eancia h\u00e1 mais de 30 anos em diferentes segmentos da sa\u00fade integral ocupacional e assistencial, \u00e9 frequentemente requisitado em processos de auditorias, certifica\u00e7\u00f5es nacionais e internacionais e em programas de excel\u00eancia. Tamb\u00e9m leciona em cursos de p\u00f3s-gradua\u00e7\u00e3o na \u00e1rea e atua como consultor em sa\u00fade suplementar e na implanta\u00e7\u00e3o de programas de sa\u00fade e preven\u00e7\u00e3o.<\/p><\/blockquote>\n<p>&nbsp;<\/p>\n<blockquote><p><img decoding=\"async\" class=\"size-full wp-image-36729 alignleft\" src=\"https:\/\/www.anamt.org.br\/portal\/wp-content\/uploads\/2019\/03\/Heinz-Roland-Jakobi.jpg\" alt=\"\" width=\"133\" height=\"199\" \/><strong>Dr. Heinz Roland Jakobi &#8211; Vice-Presidente da Regi\u00e3o Norte<\/strong><\/p>\n<p>Dr. Heinz Jakobi foi presidente da ANAMT de Rond\u00f4nia, tesoureiro do CRM e fundador da Associa\u00e7\u00e3o Profissional dos M\u00e9dicos deste mesmo estado. Presidente e fundador da Associa\u00e7\u00e3o de Obstetr\u00edcia e Ginecologia de Rond\u00f4nia (ASSOGIRO), possui 15 livros publicados e diversos pr\u00eamios na \u00e1rea, sendo uma refer\u00eancia na Regi\u00e3o Norte e em todo o pa\u00eds. \u00c9 fundador da Academia de Medicina, da Academia Rondoniense de Letras, al\u00e9m de membro efetivo da Academia de Letras e da Academia Ma\u00e7\u00f4nica de Letras.<\/p><\/blockquote>\n<p>&nbsp;<\/p>\n<blockquote><p><img decoding=\"async\" class=\"size-full alignleft\" src=\"https:\/\/www.anamt.org.br\/portal\/wp-content\/uploads\/2019\/03\/Paulo-Rog%C3%A9rio-Gomes-de-Lima.jpg\" width=\"133\" height=\"200\" \/><strong>Dr. Paulo Rog\u00e9rio Gomes de Lima &#8211; Vice-Presidente da Regi\u00e3o Nordeste<\/strong><\/p>\n<p>Dr. Paulo Lima \u00e9 gerente m\u00e9dico do Servi\u00e7o de Controle de Infec\u00e7\u00e3o Hospitalar e pesquisador em doen\u00e7as infecciosas no Hospital Ot\u00e1vio de Freitas &#8211; Secretaria Estadual de Sa\u00fade de Pernambuco. M\u00e9dico coordenador de sa\u00fade ocupacional na Solar do Brasil (Coca Cola Company), tem vasta experi\u00eancia nas \u00e1reas de infectologia e microbiologia, sendo refer\u00eancia na doc\u00eancia e na pesquisa, sobretudo nas \u00e1reas de infectologia em tecido \u00f3sseo, ortopedia e traumatologia.<\/p><\/blockquote>\n<p>&nbsp;<\/p>\n<blockquote><p><img decoding=\"async\" class=\"size-full wp-image-37738 alignleft\" src=\"https:\/\/www.anamt.org.br\/portal\/wp-content\/uploads\/2019\/07\/CHAPA_ANAMT_MAIS_TECNICA_ELIZABETH_FRANCO.jpg\" alt=\"\" width=\"133\" height=\"200\" \/><strong>Dra. Elizabeth Reginato Craveiro Franco &#8211; Vice-Presidente da Regi\u00e3o Centro-Oeste<\/strong><\/p>\n<p>Dra. Elizabeth Franco \u00e9 m\u00e9dica de renome no estado de Goi\u00e1s e na regi\u00e3o centro-oeste, possuindo vasta experi\u00eancia profissional com empresas do setor banc\u00e1rio e da \u00e1rea de minera\u00e7\u00e3o. Especialista em medicina do trabalho pela AMB\/ANAMT, atualmente \u00e9 m\u00e9dica do trabalho na CASSI &#8211; Caixa de Assist\u00eancia dos Funcion\u00e1rios do Banco do Brasil, atendendo servidores de todo o pa\u00eds.<\/p><\/blockquote>\n<p>&nbsp;<\/p>\n<blockquote><p><strong><img decoding=\"async\" class=\"size-full alignleft\" src=\"https:\/\/www.anamt.org.br\/portal\/wp-content\/uploads\/2019\/03\/diretoria_diretor_adm_133x200.jpg\" width=\"133\" height=\"198\" \/>Dr. Newton Dias Lara &#8211; Vice-Presidente da Regi\u00e3o Sudeste<\/strong><\/p>\n<p>Dr. Newton Lara foi fundador e presidente da Associa\u00e7\u00e3o Brasileira das Empresas de Sa\u00fade e Seguran\u00e7a no Trabalho (ABRESST), tamb\u00e9m membro efetivo do seu conselho de presidentes e da Associa\u00e7\u00e3o Paulista de Medicina do Trabalho (APMT). Atual diretor administrativo da ANAMT, ex-s\u00f3cio diretor da Bioqualynet, em 2015 teve sua carreira premiada com a Comenda de Honra ao M\u00e9rito de Seguran\u00e7a e Sa\u00fade no Trabalho, tornando-se comendador pela Associa\u00e7\u00e3o Nacional da Ind\u00fastria de Material de Seguran\u00e7a (ANIMASEG).<\/p><\/blockquote>\n<p>&nbsp;<\/p>\n<blockquote><p><img decoding=\"async\" class=\"size-full wp-image-37743 alignleft\" src=\"https:\/\/www.anamt.org.br\/portal\/wp-content\/uploads\/2019\/07\/CHAPA_ANAMT_MAIS_TECNICA_SUZETE_GARBERS.jpg\" alt=\"\" width=\"133\" height=\"200\" \/><strong>Dra. Suzete Elizabeth Grassi Garbers &#8211; Vice-Presidente da Regi\u00e3o Sul<\/strong><\/p>\n<p>Dra. Suzete Garbers foi presidente da Associa\u00e7\u00e3o Paranaense de Medicina do Trabalho (APAMT) de 2002 a 2004, al\u00e9m de ter sido vice-presidente da ANAMT para a Regi\u00e3o Sul de 2004 a 2007. Ao longo de sua carreira profissional, atuou na coordena\u00e7\u00e3o de PCMSO da Volvo no Brasil e da Unimed-Curitiba. Desde 2009, \u00e9 coordenadora de Resid\u00eancia em Medicina do Trabalho do Hospital do Trabalhador, em Curitiba (PR).<\/p><\/blockquote>\n<p>&nbsp;<\/p>\n<blockquote><p><img decoding=\"async\" class=\"size-full wp-image-37741 alignleft\" src=\"https:\/\/www.anamt.org.br\/portal\/wp-content\/uploads\/2019\/07\/CHAPA_ANAMT_MAIS_TECNICA_LARA_CAMPELLO.jpg\" alt=\"\" width=\"133\" height=\"200\" \/><strong>Dra. Laura Maria Campello Martins &#8211; Diretora Administrativa<\/strong><\/p>\n<p>Dra. Laura Martins foi respons\u00e1vel pela implanta\u00e7\u00e3o do servi\u00e7o de medicina do trabalho do Hemorio em 1996. Como m\u00e9dica-coordenadora do Cons\u00f3rcio Novo CENPES (CNC) de 2008 a 2010, realizou a amplia\u00e7\u00e3o do Centro de Pesquisa na Ilha do Governador &#8211; RJ. No INCA, chefiou a Divis\u00e3o de Sa\u00fade do Trabalhador de 2011 a 2017, sendo a atual coordenadora do Programa de Resid\u00eancia M\u00e9dica em Medicina do Trabalho do instituto.<\/p><\/blockquote>\n<p>&nbsp;<\/p>\n<blockquote><p><img decoding=\"async\" class=\"size-full wp-image-37744 alignleft\" src=\"https:\/\/www.anamt.org.br\/portal\/wp-content\/uploads\/2019\/07\/CHAPA_ANAMT_MAIS_TECNICA_TAVIRA_SUCUPIRA.jpg\" alt=\"\" width=\"133\" height=\"201\" \/><strong>Dra. T\u00e1vira Tavares Sucupira &#8211; Diretora Administrativa Adjunta<\/strong><\/p>\n<p>Dra. T\u00e1vira Sucupira \u00e9 especialista em medicina do trabalho pela AMB\/ANAMT, e p\u00f3s-graduada em ergonomia pela Faculdade de Ci\u00eancias M\u00e9dicas de Minas Gerais. Membro titular do Conselho Superior da ABMT desde 2013, atua tamb\u00e9m como m\u00e9dica corporativa da empresa Servi\u00e7os de Petr\u00f3leo Constellation (antiga Queiroz Galv\u00e3o) desde 2002.<\/p><\/blockquote>\n<p>&nbsp;<\/p>\n<blockquote><p><img decoding=\"async\" class=\"size-full wp-image-37740 alignleft\" src=\"https:\/\/www.anamt.org.br\/portal\/wp-content\/uploads\/2019\/07\/CHAPA_ANAMT_MAIS_TECNICA_KARLA_KURTZ.jpg\" alt=\"\" width=\"133\" height=\"200\" \/><strong>Dra. Karla Costa Kurtz &#8211; Diretora Financeira<\/strong><\/p>\n<p>Dra. Karla Kurtz \u00e9 membro da International Commission on Occupational Health (ICOH), tendo toda sua carreira pautada na sa\u00fade comportamental, gest\u00e3o de promo\u00e7\u00e3o de sa\u00fade e gera\u00e7\u00e3o de solu\u00e7\u00f5es voltadas para a sa\u00fade integrada no ambiente empresarial. Atualmente trabalhando na Petrobr\u00e1s, \u00e9 especialista em medicina do trabalho pela AMB\/ANAMT, em gest\u00e3o de sa\u00fade pela COPPEAD\/UFRJ, e em gest\u00e3o de promo\u00e7\u00e3o de sa\u00fade e qualidade de vida pela ABQV.<\/p><\/blockquote>\n<p>&nbsp;<\/p>\n<blockquote><p><img decoding=\"async\" class=\"size-full alignleft\" src=\"https:\/\/www.anamt.org.br\/portal\/wp-content\/uploads\/2019\/03\/gualter_133x200.jpg\" width=\"133\" height=\"200\" \/><strong>Dr. Gualter Nunes Maia &#8211; Diretor Financeiro Adjunto<\/strong><\/p>\n<p>Dr. Gualter Maia \u00e9 s\u00f3cio-diretor da RHMed Consultores e Associados, membro diretor e diretor de divulga\u00e7\u00e3o da ANAMT, e tamb\u00e9m membro diretor da Associa\u00e7\u00e3o Brasileira das Empresas de Sa\u00fade e Seguran\u00e7a no Trabalho (ABRESST). Perito em insalubridade e periculosidade na Funda\u00e7\u00e3o Jorge Duprat e Figueiredo &#8211; Fundacentro, presta consultoria em programas de sa\u00fade e qualidade de vida corporativa nas mais diversas empresas, sendo uma refer\u00eancia na \u00e1rea.<\/p><\/blockquote>\n<p>&nbsp;<\/p>\n<blockquote><p><strong><img decoding=\"async\" class=\"size-full alignleft\" src=\"https:\/\/www.anamt.org.br\/portal\/wp-content\/uploads\/2019\/03\/Guilherme-Augusto-Murta.jpg\" width=\"133\" height=\"201\" \/>Dr. Guilherme Augusto Murta &#8211; Diretor Cient\u00edfico<\/strong><\/p>\n<p>Dr. Guilherme Murta foi presidente da Associa\u00e7\u00e3o Paranaense de Medicina do Trabalho (APAMT), fazendo parte atualmente do N\u00facleo de Diretrizes da ANAMT. \u00c9 revisor de artigos da Revista Brasileira de Medicina do Trabalho (RBMT), e tamb\u00e9m gestor de sa\u00fade corporativa do Grupo Marista. Al\u00e9m disso, trabalhou em diversas empresas de renome, dentre elas, Volvo do Brasil, Renault do Brasil, grupo SESI e o Complexo Pequeno Pr\u00edncipe.<\/p><\/blockquote>\n<p>&nbsp;<\/p>\n<blockquote><p><strong><img decoding=\"async\" class=\"size-full wp-image-37736 alignleft\" src=\"https:\/\/www.anamt.org.br\/portal\/wp-content\/uploads\/2019\/07\/CHAPA_ANAMT_MAIS_TECNICA_DANIELE_MACIEL.jpg\" alt=\"\" width=\"133\" height=\"201\" \/>Dra. Daniele Pimentel Maciel &#8211; Diretora de Divulga\u00e7\u00e3o<\/strong><\/p>\n<p>Dra. Daniele Maciel foi coordenadora de medicina de trabalho na Saint-Gobain Abrasivos de 2011 a 2013, trabalhando atualmente como m\u00e9dica do trabalho &#8211; coordenadora na Funda\u00e7\u00e3o Procon. Com vasta carreira acad\u00eamica, leciona na Faculdade de Medicina da Santa Casa de S\u00e3o Paulo, e \u00e9 perita judicial da Vara de Trabalho de S\u00e3o Jos\u00e9 dos Pinhas, e na Vara de Acidente do Trabalho de S\u00e3o Paulo.<\/p><\/blockquote>\n<p>&nbsp;<\/p>\n<blockquote><p><strong><img decoding=\"async\" class=\"size-full alignleft\" src=\"https:\/\/www.anamt.org.br\/portal\/wp-content\/uploads\/2019\/03\/Regina-Cristina-Sabatier-Marques-Leite.jpg\" width=\"133\" height=\"200\" \/>Dra. Regina Cristina Sabatier Marques Leite &#8211; Diretora de Patrim\u00f4nio<\/strong><\/p>\n<p>Dra. Regina Leite \u00e9 consultora e m\u00e9dica-coordenadora de PCMSO (Programa de Controle M\u00e9dico de Sa\u00fade Ocupacional) em diversas empresas dos mais variados segmentos. Graduada em Direito pela Universidade S\u00e3o Francisco, e em Medicina, pela Faculdade Bandeirante de Medicina, \u00e9 a atual diretora administrativa adjunta da Associa\u00e7\u00e3o Paulista de Medicina do Trabalho (APMT).<\/p><\/blockquote>\n<p>&nbsp;<\/p>\n<blockquote><p><strong><img decoding=\"async\" class=\"size-full alignleft\" src=\"https:\/\/www.anamt.org.br\/portal\/wp-content\/uploads\/2019\/03\/Elisa-Margarete-Gon%C3%A7alves-de-Oliveira-Martinez.jpg\" width=\"133\" height=\"200\" \/>Dra. Elisa Margarete Gon\u00e7alves de Oliveira Martinez &#8211; Diretora de Rela\u00e7\u00f5es Internacionais<\/strong><\/p>\n<p>Dra. Elisa Martinez \u00e9 presidente da Associa\u00e7\u00e3o Catarinense de Medicina do Trabalho (ACAMT), membro da Comiss\u00e3o da Prova de T\u00edtulo de Especialista da ANAMT e m\u00e9dica diretora t\u00e9cnica do SESI-SC-Regional Sudeste. P\u00f3s-graduada em Medicina do Trabalho pela USP \u00e9 especialista em medicina do trabalho pela ANAMT, possui tamb\u00e9m t\u00edtulo de especialista em acupuntura m\u00e9dica pela Associa\u00e7\u00e3o M\u00e9dica Brasileira.<\/p><\/blockquote>\n<p>&nbsp;<\/p>\n<blockquote><p><img decoding=\"async\" class=\"size-full wp-image-37739 alignleft\" src=\"https:\/\/www.anamt.org.br\/portal\/wp-content\/uploads\/2019\/07\/CHAPA_ANAMT_MAIS_TECNICA_GLAUVER_PAIVA.jpg\" alt=\"\" width=\"133\" height=\"200\" \/><strong>Dr. Glauber Santos Paiva &#8211; Diretor de Legisla\u00e7\u00e3o<\/strong><\/p>\n<p>Dr. Glauber Paiva foi fundador e presidente da Associa\u00e7\u00e3o Cearense de Medicina do Trabalho, al\u00e9m de organizar o livro \u201cHist\u00f3ria Associativa da Medicina do Trabalho no Cear\u00e1\u201d, refer\u00eancia na \u00e1rea. Somente na ANAMT, foi vice-presidente da regi\u00e3o do nordeste, diretor de legisla\u00e7\u00e3o, conselheiro fiscal titular, conselheiro fiscal suplente, sendo atualmente o vice-presidente substituto da regi\u00e3o do nordeste. Tamb\u00e9m trabalhou na Companhia Hidroel\u00e9trica do S\u00e3o Francisco, INAC\/KEMP Ind\u00fastria Cal\u00e7adista, SESI, dentre in\u00fameras outras organiza\u00e7\u00f5es.<\/p><\/blockquote>\n<p>&nbsp;<\/p>\n<blockquote><p><img decoding=\"async\" class=\"size-full alignleft\" src=\"https:\/\/www.anamt.org.br\/portal\/wp-content\/uploads\/2019\/03\/Alexandre_Escobar_ANAMT_133x200.jpg\" width=\"133\" height=\"198\" \/><strong>Dr. Alexandre Escobar Dias &#8211; Diretor de \u00c9tica e Defesa Profissional<\/strong><\/p>\n<p>Dr. Alexandre Dias foi presidente da Sociedade Ga\u00facha de Medicina do Trabalho (SOGAMT), onde tamb\u00e9m atua como membro do seu Conselho Consultivo. Especialista em medicina do trabalho pela ANAMT\/AMB, conta com uma forma\u00e7\u00e3o aprimorada tanto em sa\u00fade quanto em \u00e1reas relacionadas \u00e0 administra\u00e7\u00e3o, com MBAs em Gest\u00e3o Empresarial, Gest\u00e3o Econ\u00f4mica e Financeira de Empresas, e P\u00f3s-MBA em Intelig\u00eancia Empresarial.<\/p><\/blockquote>\n<p>&nbsp;<\/p>\n<blockquote><p><img decoding=\"async\" class=\"size-full alignleft\" src=\"https:\/\/www.anamt.org.br\/portal\/wp-content\/uploads\/2019\/03\/Jo%C3%A3o-Carlos-do-Amaral-Lozovey.jpg\" width=\"133\" height=\"200\" \/><strong>Dr. Jo\u00e3o Carlos do Amaral Lozovey &#8211; Diretor do T\u00edtulo de Especialista<\/strong><\/p>\n<p>Dr. Jo\u00e3o Lozovey foi presidente da APAMT (Associa\u00e7\u00e3o Paranaense de Medicina do Trabalho), onde tamb\u00e9m exerceu os cargos de diretor cient\u00edfico e vice-presidente. Professor adjunto da UFPR, \u00e9 coordenador do curso de especializa\u00e7\u00e3o em medicina do trabalho e organizador da Resid\u00eancia em Medicina do Trabalho do Hospital do Trabalhador. Atuou em diversas institui\u00e7\u00f5es, como Volkswagen e Petrobras. Na ANAMT, foi vice-presidente para a regi\u00e3o Sul e participou de conselhos deliberativos, comiss\u00f5es e organiza\u00e7\u00e3o de congressos, entre eles o da ICOH.<\/p><\/blockquote>\n<p>&nbsp;<\/p>\n","protected":false},"excerpt":{"rendered":"<p>Elei\u00e7\u00f5es 2019 \u2013 Chapa ANAMT Mais T\u00e9cnica e Mais Perto de Voc\u00ea Dr. Paulo Antonio de Paiva Rebelo &#8211; Presidente Dr. Paulo Rebelo foi presidente da Associa\u00e7\u00e3o Brasileira de Medicina do Trabalho (ABMT), onde exerceu as fun\u00e7\u00f5es de diretor cient\u00edfico e de rela\u00e7\u00f5es externas, juntamente com o cargo de vice-presidente da ANAMT. Membro titular da [&hellip;]<\/p>\n","protected":false},"author":1,"featured_media":0,"parent":36619,"menu_order":0,"comment_status":"closed","ping_status":"closed","template":"","meta":{"footnotes":""},"_links":{"self":[{"href":"https:\/\/www.anamt.org.br\/portal\/wp-json\/wp\/v2\/pages\/37726"}],"collection":[{"href":"https:\/\/www.anamt.org.br\/portal\/wp-json\/wp\/v2\/pages"}],"about":[{"href":"https:\/\/www.anamt.org.br\/portal\/wp-json\/wp\/v2\/types\/page"}],"author":[{"embeddable":true,"href":"https:\/\/www.anamt.org.br\/portal\/wp-json\/wp\/v2\/users\/1"}],"replies":[{"embeddable":true,"href":"https:\/\/www.anamt.org.br\/portal\/wp-json\/wp\/v2\/comments?post=37726"}],"version-history":[{"count":0,"href":"https:\/\/www.anamt.org.br\/portal\/wp-json\/wp\/v2\/pages\/37726\/revisions"}],"up":[{"embeddable":true,"href":"https:\/\/www.anamt.org.br\/portal\/wp-json\/wp\/v2\/pages\/36619"}],"wp:attachment":[{"href":"https:\/\/www.anamt.org.br\/portal\/wp-json\/wp\/v2\/media?parent=37726"}],"curies":[{"name":"wp","href":"https:\/\/api.w.org\/{rel}","templated":true}]}}