{"id":12422,"date":"2017-03-02T13:09:28","date_gmt":"2017-03-02T16:09:28","guid":{"rendered":"https:\/\/www.anamt.org.br\/portal\/?page_id=12422"},"modified":"2017-03-20T00:09:09","modified_gmt":"2017-03-20T03:09:09","slug":"decretos","status":"publish","type":"page","link":"https:\/\/www.anamt.org.br\/portal\/legislacao\/decretos\/","title":{"rendered":"Decretos"},"content":{"rendered":"<div class=\"fusion-sep-clear\"><\/div><div class=\"fusion-separator fusion-full-width-sep\" style=\"margin-left: auto;margin-right: auto;margin-top:15px;margin-bottom:15px;width:100%;\"><div class=\"fusion-separator-border sep-single sep-solid\" style=\"--awb-height:20px;--awb-amount:20px;--awb-sep-color:#aaa9a9;border-color:#aaa9a9;border-top-width:1px;\"><\/div><\/div><div class=\"fusion-sep-clear\"><\/div>\n<div id=\"pratica-medica\">\n<div class=\"fusion-blog-shortcode fusion-blog-shortcode-1 fusion-blog-archive fusion-blog-layout-large fusion-blog-pagination fusion-blog-no-images\"><div class=\"fusion-posts-container fusion-posts-container-pagination fusion-no-meta-info\" data-pages=\"1\"><article id=\"blog-1-post-12649\" class=\"fusion-post-large post-12649 post type-post status-publish format-standard hentry category-decretos tag-96\">\n<div class=\"fusion-post-content post-content\"><h2 class=\"blog-shortcode-post-title entry-title\">Decreto n\u00ba 8.691, de 14 de mar\u00e7o de 2016<\/h2><div class=\"fusion-post-content-container\"><p><a href=\"http:\/\/www.anamt.org.br\/site\/upload_arquivos\/legislacao_2016_1632016122627055475.pdf\">Decreto n\u00ba 8.691, de 14 de mar\u00e7o de 2016<\/a> \u2013 Altera o Regulamento da Previd\u00eancia Social, aprovado pelo Decreto n\u00ba 3.048, de 6 de maio de 1999<\/p>\n<\/div><\/div><div class=\"fusion-clearfix\"><\/div><\/article>\n<article id=\"blog-1-post-12647\" class=\"fusion-post-large post-12647 post type-post status-publish format-standard hentry category-decretos tag-123\">\n<div class=\"fusion-post-content post-content\"><h2 class=\"blog-shortcode-post-title entry-title\">Decreto N\u00ba 8.516, de 10 de setembro de 2015<\/h2><div class=\"fusion-post-content-container\"><p><a href=\"http:\/\/www.anamt.org.br\/site\/upload_arquivos\/legislacao_2015_11920151141427055475.pdf\">Decreto N\u00ba 8.516, de 10 de setembro de 2015 <\/a>\u2013 Regulamenta a forma\u00e7\u00e3o do Cadastro Nacional de Especialistas de que tratam o \u00a7 4o e \u00a7 5o do art. 1o da Lei no 6.932, de 7 de julho de 1981, e o art. 35 da Lei no 12.871, de 22 de outubro de 2013.<\/p>\n<\/div><\/div><div class=\"fusion-clearfix\"><\/div><\/article>\n<article id=\"blog-1-post-12645\" class=\"fusion-post-large post-12645 post type-post status-publish format-standard hentry category-decretos tag-123\">\n<div class=\"fusion-post-content post-content\"><h2 class=\"blog-shortcode-post-title entry-title\">Decreto N\u00ba 8.499, de 12 de agosto de 2015<\/h2><div class=\"fusion-post-content-container\"><p><a href=\"http:\/\/www.anamt.org.br\/site\/upload_arquivos\/legislacao_2015_1382015124237055475.pdf\">Decreto N\u00ba 8.499, de 12 de agosto de 2015<\/a> \u2013 Altera o Decreto n\u00ba 3.048, de 6 de maio de 1999, que aprova o Regulamento da Previd\u00eancia Social<\/p>\n<\/div><\/div><div class=\"fusion-clearfix\"><\/div><\/article>\n<article id=\"blog-1-post-12643\" class=\"fusion-post-large post-12643 post type-post status-publish format-standard hentry category-decretos tag-123\">\n<div class=\"fusion-post-content post-content\"><h2 class=\"blog-shortcode-post-title entry-title\">Decreto N\u00ba 8.497, de 4 de julho de 2015<\/h2><div class=\"fusion-post-content-container\"><p><a href=\"http:\/\/www.anamt.org.br\/site\/upload_arquivos\/legislacao_2015_12820151146407055475.pdf\">Decreto N\u00ba 8.497, de 4 de julho de 2015<\/a> \u2013 Regulamenta a forma\u00e7\u00e3o do Cadastro Nacional de Especialistas de que tratam o \u00a7 4\u00ba e \u00a7 5\u00ba do art. 1\u00ba da Lei n\u00ba 6.932, de 7 de julho de 1981, e o art. 35 da Lei n\u00ba 12.871, de 22 de outubro de 2013<\/p>\n<\/div><\/div><div class=\"fusion-clearfix\"><\/div><\/article>\n<article id=\"blog-1-post-12641\" class=\"fusion-post-large post-12641 post type-post status-publish format-standard hentry category-decretos tag-123\">\n<div class=\"fusion-post-content post-content\"><h2 class=\"blog-shortcode-post-title entry-title\">Decreto N.\u00ba 8.443, de 30 de abril de 2015<\/h2><div class=\"fusion-post-content-container\"><p><a href=\"http:\/\/www.anamt.org.br\/site\/upload_arquivos\/legislacao_2015_5520151222507055475.pdf\" target=\"_blank\">Decreto N.\u00ba 8.443, de 30 de abril de 2015<\/a> \u2013 Institui o F\u00f3rum de Debates sobre Pol\u00edticas de Emprego, Trabalho e Renda e de Previd\u00eancia Social<\/p>\n<\/div><\/div><div class=\"fusion-clearfix\"><\/div><\/article>\n<article id=\"blog-1-post-12639\" class=\"fusion-post-large post-12639 post type-post status-publish format-standard hentry category-decretos tag-128\">\n<div class=\"fusion-post-content post-content\"><h2 class=\"blog-shortcode-post-title entry-title\">Decreto N.\u00ba 8.123, de 16 de outubro de 2013<\/h2><div class=\"fusion-post-content-container\"><p><a href=\"http:\/\/www.planalto.gov.br\/ccivil_03\/_Ato2011-2014\/2013\/Decreto\/D8123.htm\" target=\"_blank\">Decreto N.\u00ba 8.123, de 16 de outubro de 2013<\/a> \u2013 Altera o dispositivo do regulamento da Previd\u00eancia Social, aprovado pelo Decreto n\u00ba 3.048\/99, no que se refere \u00e0 aposentadoria especial.<\/p>\n<\/div><\/div><div class=\"fusion-clearfix\"><\/div><\/article>\n<article id=\"blog-1-post-12637\" class=\"fusion-post-large post-12637 post type-post status-publish format-standard hentry category-decretos tag-128\">\n<div class=\"fusion-post-content post-content\"><h2 class=\"blog-shortcode-post-title entry-title\">Decreto n\u00ba 8.040, de 8 de julho de 2013<\/h2><div class=\"fusion-post-content-container\"><p><a href=\"http:\/\/www.anamt.org.br\/site\/upload_arquivos\/legislacao_-_decretos_2013_18122013172117055475.pdf\" target=\"_blank\">Decreto n\u00ba 8.040, de 8 de julho de 2013<\/a> \u2013 Institui o Comit\u00ea Gestor e o Grupo Executivo do Programa Mais M\u00e9dicos e d\u00e1 outras provid\u00eancias.<\/p>\n<\/div><\/div><div class=\"fusion-clearfix\"><\/div><\/article>\n<article id=\"blog-1-post-12635\" class=\"fusion-post-large post-12635 post type-post status-publish format-standard hentry category-decretos tag-128\">\n<div class=\"fusion-post-content post-content\"><h2 class=\"blog-shortcode-post-title entry-title\">Decreto n\u00ba 7.943, de 5 de mar\u00e7o de 2013<\/h2><div class=\"fusion-post-content-container\"><p><a href=\"http:\/\/www.planalto.gov.br\/ccivil_03\/_Ato2011-2014\/2013\/Decreto\/D7943.htm\">Decreto n\u00ba 7.943, de 5 de mar\u00e7o de 2013<\/a> \u2013 Institui a Pol\u00edtica Nacional para os Trabalhadores Rurais Empregados<\/p>\n<\/div><\/div><div class=\"fusion-clearfix\"><\/div><\/article>\n<article id=\"blog-1-post-12633\" class=\"fusion-post-large post-12633 post type-post status-publish format-standard hentry category-decretos tag-127\">\n<div class=\"fusion-post-content post-content\"><h2 class=\"blog-shortcode-post-title entry-title\">Decreto n\u00ba 33.653, de 10 de maio de 2012<\/h2><div class=\"fusion-post-content-container\"><p><a href=\"http:\/\/www.ifrj.edu.br\/webfm_send\/2777\" target=\"_blank\">Decreto n\u00ba 33.653, de 10 de maio de 2012 <\/a>\u2013 Institui a Pol\u00edtica Integrada de Aten\u00e7\u00e3o \u00e0 Sa\u00fade do Servidor P\u00fablico do Distrito Federal<\/p>\n<\/div><\/div><div class=\"fusion-clearfix\"><\/div><\/article>\n<article id=\"blog-1-post-12631\" class=\"fusion-post-large post-12631 post type-post status-publish format-standard hentry category-decretos tag-126\">\n<div class=\"fusion-post-content post-content\"><h2 class=\"blog-shortcode-post-title entry-title\">Portaria N\u00ba 7.602, de 7 de novembro de 2011<\/h2><div class=\"fusion-post-content-container\"><p><a href=\"http:\/\/www.anamt.org.br\/site\/upload_arquivos\/legislacao_-_decretos_2011_18122013173487055475.pdf\" target=\"_blank\">Portaria N\u00ba 7.602, de 7 de novembro de 2011<\/a> \u2013 Este Decreto disp\u00f5e sobre a Pol\u00edtica Nacional de Seguran\u00e7a e Sa\u00fade no Trabalho (PNSST).<\/p>\n<\/div><\/div><div class=\"fusion-clearfix\"><\/div><\/article>\n<article id=\"blog-1-post-12627\" class=\"fusion-post-large post-12627 post type-post status-publish format-standard hentry category-decretos tag-125\">\n<div class=\"fusion-post-content post-content\"><h2 class=\"blog-shortcode-post-title entry-title\">Decreto n\u00ba 3.048, de outubro de 2010<\/h2><div class=\"fusion-post-content-container\"><p><a href=\"http:\/\/www010.dataprev.gov.br\/sislex\/paginas\/23\/1999\/3048.htm\" target=\"_blank\">Decreto n\u00ba 3.048, de outubro de 2010 <\/a>\u2013 Aprova o Regulamento da Previd\u00eancia Socia, e d\u00e1 outras provid\u00eancias.<\/p>\n<\/div><\/div><div class=\"fusion-clearfix\"><\/div><\/article>\n<article id=\"blog-1-post-12665\" class=\"fusion-post-large post-12665 post type-post status-publish format-standard hentry category-decretos tag-108\">\n<div class=\"fusion-post-content post-content\"><h2 class=\"blog-shortcode-post-title entry-title\">Decreto n\u00ba 6.945, de 21 de agosto de 2009<\/h2><div class=\"fusion-post-content-container\"><p><a href=\"http:\/\/www.anamt.org.br\/site\/upload_arquivos\/legislacao_-_decretos_2009_1812201317513533424.pdf\" target=\"_blank\">Decreto n\u00ba 6.945, de 21 de agosto de 2009<\/a> \u2013 Altera o Regulamento da Previd\u00eancia Social, aprovado pelo Decreto n\u00ba 3.048, de 6 de maio de 1999 \u2013 redu\u00e7\u00e3o das al\u00edquotas da Contribui\u00e7\u00e3o Previdenci\u00e1ria. <\/p>\n<\/div><\/div><div class=\"fusion-clearfix\"><\/div><\/article>\n<article id=\"blog-1-post-12663\" class=\"fusion-post-large post-12663 post type-post status-publish format-standard hentry category-decretos tag-108\">\n<div class=\"fusion-post-content post-content\"><h2 class=\"blog-shortcode-post-title entry-title\">Decreto n\u00ba 6.856, de 25 de maio de 2009<\/h2><div class=\"fusion-post-content-container\"><p><a href=\"https:\/\/www.planalto.gov.br\/ccivil_03\/_ato2007-2010\/2009\/decreto\/d6856.htm\" target=\"_blank\">Decreto n\u00ba 6.856, de 25 de maio de 2009 <\/a>\u2013 Regulamenta o Art. 206 da Lei n\u00ba 8.112, de 11 de dezembro de 1990 \u2013 Regime Jur\u00eddico \u00danico, dispondo sobre os exames m\u00e9dicos peri\u00f3dicos de servidores.<\/p>\n<\/div><\/div><div class=\"fusion-clearfix\"><\/div><\/article>\n<article id=\"blog-1-post-12661\" class=\"fusion-post-large post-12661 post type-post status-publish format-standard hentry category-decretos tag-108\">\n<div class=\"fusion-post-content post-content\"><h2 class=\"blog-shortcode-post-title entry-title\">Decreto n\u00ba 6.833, de 29 de abril de 2009<\/h2><div class=\"fusion-post-content-container\"><p><a href=\"http:\/\/www.planalto.gov.br\/ccivil_03\/_Ato2007-2010\/2009\/Decreto\/D6833.htm\" target=\"_blank\">Decreto n\u00ba 6.833, de 29 de abril de 2009 <\/a>\u2013 Institui o Sistema Integrado de Aten\u00e7\u00e3o \u00e0 Sa\u00fade do Servidor P\u00fablico Federal \u2013 SIASS e o Comit\u00ea Gestor de Aten\u00e7\u00e3o \u00e0 Sa\u00fade do Servidor.<\/p>\n<\/div><\/div><div class=\"fusion-clearfix\"><\/div><\/article>\n<article id=\"blog-1-post-12659\" class=\"fusion-post-large post-12659 post type-post status-publish format-standard hentry category-decretos tag-132\">\n<div class=\"fusion-post-content post-content\"><h2 class=\"blog-shortcode-post-title entry-title\">Decreto N\u00ba 6.042, de 12 de fevereiro de 2007<\/h2><div class=\"fusion-post-content-container\"><p><a href=\"http:\/\/www.planalto.gov.br\/ccivil_03\/_ato2007-2010\/2007\/decreto\/d6042.htm\" target=\"_blank\">Decreto N\u00ba 6.042, de 12 de fevereiro de 2007<\/a> \u2013 DOU de 12\/2\/2007 \u2013 Altera o Regulamento da Previd\u00eancia Social, aprovado pelo Decreto N\u00ba 3.048, de 6 de maio de 1999, disciplina a aplica\u00e7\u00e3o, acompanhamento e avalia\u00e7\u00e3o do Fator Acident\u00e1rio de Preven\u00e7\u00e3o \u2013 FAP.<\/p>\n<\/div><\/div><div class=\"fusion-clearfix\"><\/div><\/article>\n<article id=\"blog-1-post-12657\" class=\"fusion-post-large post-12657 post type-post status-publish format-standard hentry category-decretos tag-131\">\n<div class=\"fusion-post-content post-content\"><h2 class=\"blog-shortcode-post-title entry-title\">Decreto Legislativo N\u00ba 61, de 18 de abril de 2006<\/h2><div class=\"fusion-post-content-container\"><p><a href=\"http:\/\/www6.senado.gov.br\/legislacao\/ListaPublicacoes.action?id=253968\" target=\"_blank\">Decreto Legislativo N\u00ba 61, de 18 de abril de 2006<\/a> \u2013 Aprova os textos da Conven\u00e7\u00e3o 167 e da Recomenda\u00e7\u00e3o 175 da Organiza\u00e7\u00e3o Internacional do Trabalho, sobre a Seguran\u00e7a e Sa\u00fade na Constru\u00e7\u00e3o, adotadas em Genebra, em 20 de Junho de 1988.    <\/p>\n<\/div><\/div><div class=\"fusion-clearfix\"><\/div><\/article>\n<article id=\"blog-1-post-12655\" class=\"fusion-post-large post-12655 post type-post status-publish format-standard hentry category-decretos tag-131\">\n<div class=\"fusion-post-content post-content\"><h2 class=\"blog-shortcode-post-title entry-title\">Decreto Legislativo N\u00ba 62, de 18 de abril de 2006<\/h2><div class=\"fusion-post-content-container\"><p><a href=\"http:\/\/www6.senado.gov.br\/legislacao\/ListaPublicacoes.action?id=253969\" target=\"_blank\">Decreto Legislativo N\u00ba 62, de 18 de abril de 2006<\/a> \u2013 Aprova os textos da Conven\u00e7\u00e3o 176 e da Recomenda\u00e7\u00e3o 183, da Organiza\u00e7\u00e3o Internacionaldo Trabalho, sobre Seguran\u00e7a e Sa\u00fade nas Minas, adotadas em Genebra, em 22 de junho de 1995. <\/p>\n<\/div><\/div><div class=\"fusion-clearfix\"><\/div><\/article>\n<article id=\"blog-1-post-12653\" class=\"fusion-post-large post-12653 post type-post status-publish format-standard hentry category-decretos tag-130\">\n<div class=\"fusion-post-content post-content\"><h2 class=\"blog-shortcode-post-title entry-title\">Decreto N\u00ba 5296, de 2 de dezembro de 2004<\/h2><div class=\"fusion-post-content-container\"><p><a href=\"http:\/\/www.planalto.gov.br\/ccivil_03\/_ato2004-2006\/2004\/decreto\/d5296.htm\" target=\"_blank\">Decreto N\u00ba 5296, de 2 de dezembro de 2004<\/a> \u2013 Regulamenta as Leis n\u00b0s 10.048, de 8 de novembro de 2000, que d\u00e1 prioridade de atendimento \u00e0s pessoas que especifica, e 10.098, de 19 de dezembro de 2000, que estabelece normas gerais e crit\u00e9rios b\u00e1sicos para a promo\u00e7\u00e3o da acessibilidade.<\/p>\n<\/div><\/div><div class=\"fusion-clearfix\"><\/div><\/article>\n<article id=\"blog-1-post-12651\" class=\"fusion-post-large post-12651 post type-post status-publish format-standard hentry category-decretos tag-129\">\n<div class=\"fusion-post-content post-content\"><h2 class=\"blog-shortcode-post-title entry-title\">Decreto N\u00ba 3.298\/1999<\/h2><div class=\"fusion-post-content-container\"><p><a href=\"http:\/\/www.planalto.gov.br\/ccivil_03\/decreto\/d3298.htm\" target=\"_blank\">Decreto N\u00ba 3.298\/1999<\/a> \u2013 Regulamenta a Lei no 7.853, de 24 de outubro de 1989, disp\u00f5e sobre a Pol\u00edtica Nacional para a Integra\u00e7\u00e3o da Pessoa Portadora de Defici\u00eancia, consolida as normas de prote\u00e7\u00e3o, e d\u00e1 outras provid\u00eancias.<\/p>\n<\/div><\/div><div class=\"fusion-clearfix\"><\/div><\/article>\n<\/div><\/div>\n<p>&nbsp;<\/p>\n<\/div>\n","protected":false},"excerpt":{"rendered":"<p>&nbsp;<\/p>\n","protected":false},"author":1,"featured_media":0,"parent":11955,"menu_order":0,"comment_status":"closed","ping_status":"closed","template":"","meta":{"footnotes":""},"_links":{"self":[{"href":"https:\/\/www.anamt.org.br\/portal\/wp-json\/wp\/v2\/pages\/12422"}],"collection":[{"href":"https:\/\/www.anamt.org.br\/portal\/wp-json\/wp\/v2\/pages"}],"about":[{"href":"https:\/\/www.anamt.org.br\/portal\/wp-json\/wp\/v2\/types\/page"}],"author":[{"embeddable":true,"href":"https:\/\/www.anamt.org.br\/portal\/wp-json\/wp\/v2\/users\/1"}],"replies":[{"embeddable":true,"href":"https:\/\/www.anamt.org.br\/portal\/wp-json\/wp\/v2\/comments?post=12422"}],"version-history":[{"count":0,"href":"https:\/\/www.anamt.org.br\/portal\/wp-json\/wp\/v2\/pages\/12422\/revisions"}],"up":[{"embeddable":true,"href":"https:\/\/www.anamt.org.br\/portal\/wp-json\/wp\/v2\/pages\/11955"}],"wp:attachment":[{"href":"https:\/\/www.anamt.org.br\/portal\/wp-json\/wp\/v2\/media?parent=12422"}],"curies":[{"name":"wp","href":"https:\/\/api.w.org\/{rel}","templated":true}]}}