{"id":12338,"date":"2017-02-22T23:41:19","date_gmt":"2017-02-23T02:41:19","guid":{"rendered":"https:\/\/www.anamt.org.br\/portal\/?page_id=12338"},"modified":"2019-09-05T17:13:36","modified_gmt":"2019-09-05T20:13:36","slug":"livros","status":"publish","type":"page","link":"https:\/\/www.anamt.org.br\/portal\/sugestoes-de-leitura\/livros\/","title":{"rendered":"Livros"},"content":{"rendered":"<h5>Quest\u00f5es \u00e9ticas na pr\u00e1tica da Medicina do Trabalho<\/h5>\n<p><img decoding=\"async\" class=\"size-full wp-image-38450 alignleft\" src=\"https:\/\/www.anamt.org.br\/portal\/wp-content\/uploads\/2019\/09\/questoes_medicas_capa.jpg\" alt=\"\" width=\"165\" height=\"248\" \/><\/p>\n<p>Marcia Bandini<br \/>\nMario Bonciani<br \/>\nPaulo Rebelo<\/p>\n<p><a href=\"https:\/\/www.anamt.org.br\/portal\/wp-content\/uploads\/2017\/11\/Questoes-Eticas-na-Pratica-da-Medicina-do-Trabalho_v4.pdf\">Fazer o download do livro.<\/a><\/p>\n<p>&nbsp;<\/p>\n<p>&nbsp;<\/p>\n<p>&nbsp;<\/p>\n<h5>Compet\u00eancias Essenciais Requeridas para o Exerc\u00edcio da Medicina do Trabalho \u2013 Atualiza\u00e7\u00e3o 2018<\/h5>\n<p><img decoding=\"async\" class=\"alignleft wp-image-12339 size-full\" title=\"Compet\u00eancias Essenciais Requeridas para o Exerc\u00edcio da Medicina do Trabalho \u2013 Atualiza\u00e7\u00e3o 2018\" src=\"https:\/\/www.anamt.org.br\/portal\/wp-content\/uploads\/2018\/09\/competencias_atualizacao_2018.jpg\" width=\"165\" height=\"234\" \/><\/p>\n<p>Acesse aqui a <a href=\"https:\/\/www.anamt.org.br\/portal\/wp-content\/uploads\/2018\/09\/Compet\u00eancias-Essenciais-Requeridas-para-o-Exerc\u00edcio-da-Medicina-do-Trabalho-Atualiza\u00e7\u00e3o-2018_PORTUGUES.pdf\" target=\"_blank\" rel=\"noopener\">vers\u00e3o em portugu\u00eas da obra<\/a><\/p>\n<p>Clique aqui para fazer o <a href=\"https:\/\/www.anamt.org.br\/portal\/wp-content\/uploads\/2018\/09\/Compet\u00eancias-Essenciais-Requeridas-para-o-Exerc\u00edcio-da-Medicina-do-Trabalho-Atualiza\u00e7\u00e3o-2018_TRILINGUE.pdf\" target=\"_blank\" rel=\"noopener\">download da vers\u00e3o tril\u00edngue<\/a><\/p>\n<p>&nbsp;<\/p>\n<p>&nbsp;<\/p>\n<p>&nbsp;<\/p>\n<p>&nbsp;<\/p>\n<h5>Guia de Imuniza\u00e7\u00e3o SBIm\/Anamt Medicina do Trabalho 2018-2019<\/h5>\n<p><img decoding=\"async\" class=\"alignnone wp-image-35368 \" title=\"Guia de Imuniza\u00e7\u00e3o SBIm\/Anamt Medicina do Trabalho 2016-2017\" src=\"https:\/\/www.anamt.org.br\/portal\/wp-content\/uploads\/2018\/11\/guiaimuniza\u00e7\u00e3o.jpg\" alt=\"\" width=\"177\" height=\"234\" \/><a href=\"https:\/\/www.anamt.org.br\/portal\/wp-content\/uploads\/2018\/11\/guia-sbim-anamt-medicina-trabalho-2018-2019-180730b-web.pdf\" target=\"_blank\" rel=\"noopener\">\u00a0Fazer download do livro<\/a><\/p>\n<p>&nbsp;<\/p>\n<h5>Calend\u00e1rio de Vacina\u00e7\u00e3o SBIm Ocupacional 2017\/2018<\/h5>\n<p><img decoding=\"async\" class=\"alignnone wp-image-31155 size-full\" title=\"Guia de Imuniza\u00e7\u00e3o SBIm\/Anamt Medicina do Trabalho 2016-2017\" src=\"https:\/\/www.anamt.org.br\/portal\/wp-content\/uploads\/2017\/02\/calend-sbim-ocupacional-1.png\" alt=\"\" width=\"234\" height=\"169\" srcset=\"https:\/\/www.anamt.org.br\/portal\/wp-content\/uploads\/2017\/02\/calend-sbim-ocupacional-1-200x144.png 200w, https:\/\/www.anamt.org.br\/portal\/wp-content\/uploads\/2017\/02\/calend-sbim-ocupacional-1.png 234w\" sizes=\"(max-width: 234px) 100vw, 234px\" \/> <a href=\"https:\/\/sbim.org.br\/images\/calendarios\/calend-sbim-ocupacional.pdf\" target=\"_blank\" rel=\"noopener noreferrer\">Fazer download do calend\u00e1rio<\/a><\/p>\n<h5>Compet\u00eancias essenciais requeridas para o exerc\u00edcio da Medicina do Trabalho<\/h5>\n<p><img decoding=\"async\" class=\"alignleft wp-image-12340 size-full\" title=\"Compet\u00eancias essenciais requeridas para o exerc\u00edcio da Medicina do Trabalho\" src=\"https:\/\/www.anamt.org.br\/portal\/wp-content\/uploads\/2017\/02\/livro_competencias_essenciais.png\" width=\"168\" height=\"234\" \/>Elizabeth Costa Dias<br \/>\nClaudia Vasques Chiavegatto<br \/>\nHor\u00e1cio Pereira de Faria<br \/>\nCarla Ruas Rabelo<\/p>\n<p><a href=\"http:\/\/www.anamt.org.br\/site\/upload_arquivos\/arquivos_diversos_29820161055157055475.pdf\" target=\"_blank\" rel=\"noopener noreferrer\">Fazer o download do livro<\/a><\/p>\n<p>&nbsp;<\/p>\n<p>&nbsp;<\/p>\n<h5>Contribui\u00e7\u00e3o das mulheres para a vida associativa da Medicina do Trabalho<\/h5>\n<p><img decoding=\"async\" class=\"alignleft wp-image-12341 size-full\" title=\"Contribui\u00e7\u00e3o das mulheres para a vida associativa da Medicina do Trabalho\" src=\"https:\/\/www.anamt.org.br\/portal\/wp-content\/uploads\/2017\/02\/livro_contribuicao_mulheres_vida_associativa.png\" width=\"151\" height=\"234\" \/>Elizabeth Costa Dias<br \/>\nMarcia Bandini<br \/>\nMaria Jos\u00e9 Fernandes Gimenes<br \/>\n(Orgs)<\/p>\n<p><a href=\"http:\/\/www.anamt.org.br\/site\/upload_arquivos\/arquivos_diversos_30520161546597055475.pdf\" target=\"_blank\" rel=\"noopener noreferrer\">Fazer o download do livro<\/a><\/p>\n<p>&nbsp;<\/p>\n<p>&nbsp;<\/p>\n<h5>A inclus\u00e3o de pessoas com defici\u00eancia &#8211; O papel de m\u00e9dicos do trabalho e outros profissionais de sa\u00fade e seguran\u00e7a<\/h5>\n<p><img decoding=\"async\" class=\"alignleft wp-image-12350 size-full\" title=\"A inclus\u00e3o de pessoas com defici\u00eancia - O papel de m\u00e9dicos do trabalho e outros profissionais de sa\u00fade e seguran\u00e7a\" src=\"https:\/\/www.anamt.org.br\/portal\/wp-content\/uploads\/2017\/02\/livro_inclusao_segunda_edicao.png\" width=\"307\" height=\"234\" srcset=\"https:\/\/www.anamt.org.br\/portal\/wp-content\/uploads\/2017\/02\/livro_inclusao_segunda_edicao-200x152.png 200w, https:\/\/www.anamt.org.br\/portal\/wp-content\/uploads\/2017\/02\/livro_inclusao_segunda_edicao-300x229.png 300w, https:\/\/www.anamt.org.br\/portal\/wp-content\/uploads\/2017\/02\/livro_inclusao_segunda_edicao.png 307w\" sizes=\"(max-width: 307px) 100vw, 307px\" \/>2\u00aa Edi\u00e7\u00e3o &#8211; Ampliada e Revisada<\/p>\n<p><a href=\"http:\/\/www.anamt.org.br\/site\/upload_arquivos\/arquivos_diversos_18520161439487055475.pdf\" target=\"_blank\" rel=\"noopener noreferrer\">Fazer o download do livro<\/a><\/p>\n<p>&nbsp;<\/p>\n<p>&nbsp;<\/p>\n<p>&nbsp;<\/p>\n<p>&nbsp;<\/p>\n<h5>Equipes integradas para inclus\u00e3o, acompanhamento e perman\u00eancia das pessoas com defici\u00eancia no trabalho<\/h5>\n<p><img decoding=\"async\" class=\"alignleft wp-image-12355 size-full\" title=\"Equipes integradas para inclus\u00e3o, acompanhamento e perman\u00eancia das pessoas com defici\u00eancia no trabalho\" src=\"https:\/\/www.anamt.org.br\/portal\/wp-content\/uploads\/2017\/02\/livro_equipes_integradas.png\" width=\"315\" height=\"234\" srcset=\"https:\/\/www.anamt.org.br\/portal\/wp-content\/uploads\/2017\/02\/livro_equipes_integradas-200x149.png 200w, https:\/\/www.anamt.org.br\/portal\/wp-content\/uploads\/2017\/02\/livro_equipes_integradas-300x223.png 300w, https:\/\/www.anamt.org.br\/portal\/wp-content\/uploads\/2017\/02\/livro_equipes_integradas.png 315w\" sizes=\"(max-width: 315px) 100vw, 315px\" \/>Daniela Bortman<br \/>\nGustavo Locatelli<br \/>\nMarcia Bandini<br \/>\nPaulo Rebelo &#8211; Organizador<\/p>\n<p><a href=\"http:\/\/www.anamt.org.br\/site\/upload_arquivos\/arquivos_diversos_18520161438447055475.pdf\" target=\"_blank\" rel=\"noopener noreferrer\">Fazer o download do livro<\/a><\/p>\n<p>&nbsp;<\/p>\n<p>&nbsp;<\/p>\n<h5>A inclus\u00e3o de pessoas com defici\u00eancia &#8211; O papel de m\u00e9dicos do trabalho e outros profissionais de sa\u00fade e seguran\u00e7a<\/h5>\n<p><a href=\"https:\/\/www.anamt.org.br\/portal\/wp-content\/uploads\/2017\/02\/livro_inclusao_1_edicao.jpg\"><img decoding=\"async\" class=\"wp-image-12357 alignleft\" src=\"https:\/\/www.anamt.org.br\/portal\/wp-content\/uploads\/2017\/02\/livro_inclusao_1_edicao.jpg\" width=\"315\" height=\"236\" srcset=\"https:\/\/www.anamt.org.br\/portal\/wp-content\/uploads\/2017\/02\/livro_inclusao_1_edicao-200x150.jpg 200w, https:\/\/www.anamt.org.br\/portal\/wp-content\/uploads\/2017\/02\/livro_inclusao_1_edicao-300x225.jpg 300w, https:\/\/www.anamt.org.br\/portal\/wp-content\/uploads\/2017\/02\/livro_inclusao_1_edicao-400x300.jpg 400w, https:\/\/www.anamt.org.br\/portal\/wp-content\/uploads\/2017\/02\/livro_inclusao_1_edicao.jpg 450w\" sizes=\"(max-width: 315px) 100vw, 315px\" \/><\/a>1\u00aa Edi\u00e7\u00e3o<\/p>\n<p>Lan\u00e7ado em dezembro de 2014, o livro <em>A Inclus\u00e3o de Pessoas com Defici\u00eancia \u2013 O Papel de M\u00e9dicos do Trabalho e Outros Profissionais de Sa\u00fade e Seguran\u00e7a<\/em> \u00e9 resultado de uma parceria entre a ANAMT e a Rede Empresarial de Inclus\u00e3o Social e aborda aspectos relacionados ao acompanhamento das pessoas com defici\u00eancia no mercado de trabalho. A obra foi escrita por quatro M\u00e9dicos do Trabalho: Dra. Daniela Bortman, Dr. Gustavo Locatelli, Dr. Paulo Rebelo (vice-presidente da ANAMT) e Dra. Marcia Bandini, diretora de Divulga\u00e7\u00e3o da entidade. Legisla\u00e7\u00e3o, orienta\u00e7\u00e3o m\u00e9dica e conduta s\u00e3o alguns dos temas debatidos na obra.\u00a0O livro est\u00e1 <a href=\"http:\/\/www.anamt.org.br\/site\/upload_arquivos\/manual_pessoas_com_deficiencia_2122014929137055475.pdf\" target=\"_blank\" rel=\"noopener noreferrer\">dispon\u00edvel para download<\/a> em PDF\u00a0neste link e a vers\u00e3o em \u00e1udio\u00a0<a href=\"http:\/\/www.anamt.org.br\/site\/downloads\/audiobook.zip\" target=\"_blank\" rel=\"noopener noreferrer\">aqui<\/a>. As refer\u00eancias citadas ao final da publica\u00e7\u00e3o podem ser acessadas <a href=\"https:\/\/www.anamt.org.br\/portal\/sugestoes-de-leitura\/livros\/referencias-do-livro-a-inclusao-de-pessoas-com-deficiencia\/\">nesta p\u00e1gina<\/a>.<\/p>\n","protected":false},"excerpt":{"rendered":"<p>Quest\u00f5es \u00e9ticas na pr\u00e1tica da Medicina do Trabalho Marcia Bandini Mario Bonciani Paulo Rebelo Fazer o download do livro. &nbsp; &nbsp; &nbsp; Compet\u00eancias Essenciais Requeridas para o Exerc\u00edcio da Medicina do Trabalho \u2013 Atualiza\u00e7\u00e3o 2018 Acesse aqui a vers\u00e3o em portugu\u00eas da obra Clique aqui para fazer o download da vers\u00e3o tril\u00edngue &nbsp; &nbsp; &nbsp; [&hellip;]<\/p>\n","protected":false},"author":1,"featured_media":0,"parent":12332,"menu_order":0,"comment_status":"closed","ping_status":"closed","template":"","meta":{"footnotes":""},"_links":{"self":[{"href":"https:\/\/www.anamt.org.br\/portal\/wp-json\/wp\/v2\/pages\/12338"}],"collection":[{"href":"https:\/\/www.anamt.org.br\/portal\/wp-json\/wp\/v2\/pages"}],"about":[{"href":"https:\/\/www.anamt.org.br\/portal\/wp-json\/wp\/v2\/types\/page"}],"author":[{"embeddable":true,"href":"https:\/\/www.anamt.org.br\/portal\/wp-json\/wp\/v2\/users\/1"}],"replies":[{"embeddable":true,"href":"https:\/\/www.anamt.org.br\/portal\/wp-json\/wp\/v2\/comments?post=12338"}],"version-history":[{"count":0,"href":"https:\/\/www.anamt.org.br\/portal\/wp-json\/wp\/v2\/pages\/12338\/revisions"}],"up":[{"embeddable":true,"href":"https:\/\/www.anamt.org.br\/portal\/wp-json\/wp\/v2\/pages\/12332"}],"wp:attachment":[{"href":"https:\/\/www.anamt.org.br\/portal\/wp-json\/wp\/v2\/media?parent=12338"}],"curies":[{"name":"wp","href":"https:\/\/api.w.org\/{rel}","templated":true}]}}