{"id":12169,"date":"2017-02-20T14:22:00","date_gmt":"2017-02-20T17:22:00","guid":{"rendered":"https:\/\/www.anamt.org.br\/portal\/?page_id=12169"},"modified":"2023-09-05T18:17:43","modified_gmt":"2023-09-05T21:17:43","slug":"sede-espaco-ramazzini","status":"publish","type":"page","link":"https:\/\/www.anamt.org.br\/portal\/sede-espaco-ramazzini\/","title":{"rendered":"Sede patrimonial (Espa\u00e7o Ramazzini)"},"content":{"rendered":"<p>\t\t\t\t\t<script type=\"text\/javascript\">\n\t\t\t\t\t\tvar map_fusion_map_69ec87ab24aec;\n\t\t\t\t\t\tvar markers = [];\n\t\t\t\t\t\tvar counter = 0;\n\t\t\t\t\t\t\t\t\t\t\t\t\t\t\t\t\t\t\t\tvar fusionMapNonce = 'b3dc660aee';\n\t\t\t\t\t\t\t\t\t\t\t\tfunction fusion_run_map_fusion_map_69ec87ab24aec() {\n\t\t\t\t\t\t\tjQuery('#fusion_map_69ec87ab24aec').fusion_maps({\n\t\t\t\t\t\t\t\taddresses: [{\"address\":\"Rua Peixoto Gomide, 996 - Jardim Paulista, S\\u00e3o Paulo\",\"infobox_content\":\"Rua Peixoto Gomide, n\\u00ba996, sala 350 \\\/<br \\\/>\\nJardim Paulista - S\\u00e3o Paulo - SP \\\/ Edif\\u00edcio Parque Siqueira Campos \\\/ CEP: 01409-000\",\"marker\":\"https:\\\/\\\/www.anamt.org.br\\\/portal\\\/wp-content\\\/plugins\\\/fusion-builder\\\/images\\\/avada_map_marker.png\",\"coordinates\":false,\"cache\":true,\"latitude\":\"-23.5618272\",\"longitude\":\"-46.65830829999999\"}],\n\t\t\t\t\t\t\t\tanimations: false,\n\t\t\t\t\t\t\t\tinfobox_background_color: '#227374',\n\t\t\t\t\t\t\t\tinfobox_styling: 'custom',\n\t\t\t\t\t\t\t\tinfobox_text_color: '#fffff',\n\t\t\t\t\t\t\t\tmap_style: 'custom',\n\t\t\t\t\t\t\t\tmap_type: 'roadmap',\n\t\t\t\t\t\t\t\tmarker_icon: 'theme',\n\t\t\t\t\t\t\t\toverlay_color: '#41bfc2',\n\t\t\t\t\t\t\t\toverlay_color_hsl: {\"hue\":181,\"sat\":51,\"lum\":51},\n\t\t\t\t\t\t\t\tpan_control: true,\n\t\t\t\t\t\t\t\tshow_address: true,\n\t\t\t\t\t\t\t\tscale_control: true,\n\t\t\t\t\t\t\t\tscrollwheel: false,\n\t\t\t\t\t\t\t\tzoom: 16,\n\t\t\t\t\t\t\t\tzoom_control: true,\n\t\t\t\t\t\t\t});\n\t\t\t\t\t\t}\n\n\t\t\t\t\t\tgoogle.maps.event.addDomListener(window, 'load', fusion_run_map_fusion_map_69ec87ab24aec);\n\t\t\t\t\t<\/script>\n\t\t\t\t\t<div class=\"shortcode-map fusion-google-map fusion-maps-js-type\" style=\"--awb-height:200px;\" id=\"fusion_map_69ec87ab24aec\"><\/div><br \/>\nIdealizada para ser um local de pesquisa e discuss\u00e3o aberto a todos os associados da ANAMT, a sede patrimonial \u00e9 a consolida\u00e7\u00e3o de um dos objetivos da entidade: um espa\u00e7o para a preserva\u00e7\u00e3o dos valores relativos \u00e0 SST. O nome homenageia Bernardino Ramazzini, m\u00e9dico italiano considerado o pai da Medicina do Trabalho.<\/p>\n<p>Inaugurado durante o F\u00f3rum Presen\u00e7a ANAMT 2008, o local disp\u00f5e de bibliotecas f\u00edsica e virtual, com acervo hist\u00f3rico da especialidade, al\u00e9m de um espa\u00e7o para reuni\u00f5es e encontros.<\/p>\n<h5>Endere\u00e7o<\/h5>\n<p>Rua Peixoto Gomide, n\u00ba996, sala 350<br \/>\nJardim Paulista &#8211; S\u00e3o Paulo &#8211; SP<br \/>\nEdif\u00edcio Parque Siqueira Campos<br \/>\nCEP: 01409-000<\/p>\n<h5>Contato<\/h5>\n<p><strong>E-mail:<\/strong>\u00a0<a href=\"mailto:coordenacao@anamt.org.br\">secretaria@anamt.org.br<br \/>\n<\/a><strong>Telefone:<\/strong>\u00a0(11) 3251-0849<\/p>\n","protected":false},"excerpt":{"rendered":"<p>Idealizada para ser um local de pesquisa e discuss\u00e3o aberto a todos os associados da ANAMT, a sede patrimonial \u00e9 a consolida\u00e7\u00e3o de um dos objetivos da entidade: um espa\u00e7o para a preserva\u00e7\u00e3o dos valores relativos \u00e0 SST. O nome homenageia Bernardino Ramazzini, m\u00e9dico italiano considerado o pai da Medicina do Trabalho. Inaugurado durante o [&hellip;]<\/p>\n","protected":false},"author":1,"featured_media":0,"parent":0,"menu_order":0,"comment_status":"closed","ping_status":"closed","template":"","meta":{"footnotes":""},"_links":{"self":[{"href":"https:\/\/www.anamt.org.br\/portal\/wp-json\/wp\/v2\/pages\/12169"}],"collection":[{"href":"https:\/\/www.anamt.org.br\/portal\/wp-json\/wp\/v2\/pages"}],"about":[{"href":"https:\/\/www.anamt.org.br\/portal\/wp-json\/wp\/v2\/types\/page"}],"author":[{"embeddable":true,"href":"https:\/\/www.anamt.org.br\/portal\/wp-json\/wp\/v2\/users\/1"}],"replies":[{"embeddable":true,"href":"https:\/\/www.anamt.org.br\/portal\/wp-json\/wp\/v2\/comments?post=12169"}],"version-history":[{"count":1,"href":"https:\/\/www.anamt.org.br\/portal\/wp-json\/wp\/v2\/pages\/12169\/revisions"}],"predecessor-version":[{"id":48348,"href":"https:\/\/www.anamt.org.br\/portal\/wp-json\/wp\/v2\/pages\/12169\/revisions\/48348"}],"wp:attachment":[{"href":"https:\/\/www.anamt.org.br\/portal\/wp-json\/wp\/v2\/media?parent=12169"}],"curies":[{"name":"wp","href":"https:\/\/api.w.org\/{rel}","templated":true}]}}