{"id":11999,"date":"2017-02-18T20:28:38","date_gmt":"2017-02-18T22:28:38","guid":{"rendered":"https:\/\/www.anamt.org.br\/portal\/?page_id=11999"},"modified":"2025-12-19T10:15:53","modified_gmt":"2025-12-19T13:15:53","slug":"presidente-da-anamt","status":"publish","type":"page","link":"https:\/\/www.anamt.org.br\/portal\/diretoria\/presidente-da-anamt\/","title":{"rendered":"Presidente da ANAMT"},"content":{"rendered":"<blockquote><p><strong><img decoding=\"async\" class=\"wp-image-41301 size-full alignleft\" src=\"https:\/\/www.anamt.org.br\/portal\/wp-content\/uploads\/2025\/12\/drfranciscofernandes.png\" alt=\"\" width=\"134\" height=\"200\" data-wp-editing=\"1\" \/>Dr. Francisco Cortes Fernandes (Gest\u00e3o 2023-2025 e 2026-2029)<br \/>\n<\/strong><\/p>\n<p>Formado na Universidade Federal de Santa Maria. Resid\u00eancia M\u00e9dica no Hospital Ernesto Dornelles, Porto Alegre. Especialista em Sa\u00fade P\u00fablica. Especialista em Medicina do Trabalho. Mestre em Ergonomia. Perito aposentado do INSS. Professor universit\u00e1rio.<\/p><\/blockquote>\n","protected":false},"excerpt":{"rendered":"<p>Dr. Francisco Cortes Fernandes (Gest\u00e3o 2023-2025 e 2026-2029) Formado na Universidade Federal de Santa Maria. Resid\u00eancia M\u00e9dica no Hospital Ernesto Dornelles, Porto Alegre. Especialista em Sa\u00fade P\u00fablica. Especialista em Medicina do Trabalho. Mestre em Ergonomia. Perito aposentado do INSS. Professor universit\u00e1rio.<\/p>\n","protected":false},"author":1,"featured_media":0,"parent":11996,"menu_order":0,"comment_status":"closed","ping_status":"closed","template":"","meta":{"footnotes":""},"_links":{"self":[{"href":"https:\/\/www.anamt.org.br\/portal\/wp-json\/wp\/v2\/pages\/11999"}],"collection":[{"href":"https:\/\/www.anamt.org.br\/portal\/wp-json\/wp\/v2\/pages"}],"about":[{"href":"https:\/\/www.anamt.org.br\/portal\/wp-json\/wp\/v2\/types\/page"}],"author":[{"embeddable":true,"href":"https:\/\/www.anamt.org.br\/portal\/wp-json\/wp\/v2\/users\/1"}],"replies":[{"embeddable":true,"href":"https:\/\/www.anamt.org.br\/portal\/wp-json\/wp\/v2\/comments?post=11999"}],"version-history":[{"count":2,"href":"https:\/\/www.anamt.org.br\/portal\/wp-json\/wp\/v2\/pages\/11999\/revisions"}],"predecessor-version":[{"id":53463,"href":"https:\/\/www.anamt.org.br\/portal\/wp-json\/wp\/v2\/pages\/11999\/revisions\/53463"}],"up":[{"embeddable":true,"href":"https:\/\/www.anamt.org.br\/portal\/wp-json\/wp\/v2\/pages\/11996"}],"wp:attachment":[{"href":"https:\/\/www.anamt.org.br\/portal\/wp-json\/wp\/v2\/media?parent=11999"}],"curies":[{"name":"wp","href":"https:\/\/api.w.org\/{rel}","templated":true}]}}