{"id":11989,"date":"2017-02-18T20:06:20","date_gmt":"2017-02-18T22:06:20","guid":{"rendered":"https:\/\/www.anamt.org.br\/portal\/?page_id=11989"},"modified":"2017-02-18T20:06:20","modified_gmt":"2017-02-18T22:06:20","slug":"terceira-decada","status":"publish","type":"page","link":"https:\/\/www.anamt.org.br\/portal\/sua-historia\/terceira-decada\/","title":{"rendered":"Terceira d\u00e9cada"},"content":{"rendered":"<p>Nessa terceira d\u00e9cada, a Anamt tornou-se mais aberta e mais forte, do ponto de vista institucional, mostrando-se mais independente. Foi a d\u00e9cada em que os semin\u00e1rios regionais se consolidaram. Os congressos da \u00e9poca possibilitaram a integra\u00e7\u00e3o com os demais pa\u00edses da Am\u00e9rica Latina e sedimentaram o prest\u00edgio da entidade, com um n\u00famero cada vez maior de congressistas e uma melhor qualidade dos trabalhos apresentados.<\/p>\n<p>O ano de 1993 foi importante na hist\u00f3ria da SST no Brasil como um todo. Al\u00e9m de a Anamt ter lan\u00e7ado o C\u00f3digo de Conduta dos M\u00e9dicos do Trabalho, foi nesse ano que surgiu o relat\u00f3rio da Comiss\u00e3o Interministerial de Sa\u00fade do Trabalhador, que inclu\u00eda princ\u00edpios de atua\u00e7\u00e3o conjunta de \u00f3rg\u00e3os do governo.<\/p>\n<p>Essa mobiliza\u00e7\u00e3o acabou convergindo na realiza\u00e7\u00e3o da II Confer\u00eancia Nacional de Sa\u00fade do Trabalhador, em mar\u00e7o de 1994, resultado de pr\u00e9-confer\u00eancias realizadas em quase todos os estados do pa\u00eds. Com a presen\u00e7a de cerca de mil delegados, a confer\u00eancia foi uma oportunidade de encontro para representantes de sindicatos, servidores p\u00fablicos, organiza\u00e7\u00f5es acad\u00eamicas e associa\u00e7\u00f5es de classe.<\/p>\n<p>O fim da terceira d\u00e9cada de exist\u00eancia da Anamt foi marcado, em 1996, pela candidatura e vit\u00f3ria do Brasil para sediar o XXVII Congresso da ICOH, em 2003. Os 30 anos de exist\u00eancia ficaram em sua hist\u00f3ria como uma \u00e9poca de intensa atividade internacional tanto na Am\u00e9rica Latina como por meio da ICOH, quando a Associa\u00e7\u00e3o participou, por exemplo, da funda\u00e7\u00e3o da Associa\u00e7\u00e3o Latino-Americana de Sa\u00fade Ocupacional (ALSO).<\/p>\n","protected":false},"excerpt":{"rendered":"<p>Nessa terceira d\u00e9cada, a Anamt tornou-se mais aberta e mais forte, do ponto de vista institucional, mostrando-se mais independente. Foi a d\u00e9cada em que os semin\u00e1rios regionais se consolidaram. Os congressos da \u00e9poca possibilitaram a integra\u00e7\u00e3o com os demais pa\u00edses da Am\u00e9rica Latina e sedimentaram o prest\u00edgio da entidade, com um n\u00famero cada vez maior [&hellip;]<\/p>\n","protected":false},"author":1,"featured_media":0,"parent":11974,"menu_order":0,"comment_status":"closed","ping_status":"closed","template":"","meta":{"footnotes":""},"_links":{"self":[{"href":"https:\/\/www.anamt.org.br\/portal\/wp-json\/wp\/v2\/pages\/11989"}],"collection":[{"href":"https:\/\/www.anamt.org.br\/portal\/wp-json\/wp\/v2\/pages"}],"about":[{"href":"https:\/\/www.anamt.org.br\/portal\/wp-json\/wp\/v2\/types\/page"}],"author":[{"embeddable":true,"href":"https:\/\/www.anamt.org.br\/portal\/wp-json\/wp\/v2\/users\/1"}],"replies":[{"embeddable":true,"href":"https:\/\/www.anamt.org.br\/portal\/wp-json\/wp\/v2\/comments?post=11989"}],"version-history":[{"count":0,"href":"https:\/\/www.anamt.org.br\/portal\/wp-json\/wp\/v2\/pages\/11989\/revisions"}],"up":[{"embeddable":true,"href":"https:\/\/www.anamt.org.br\/portal\/wp-json\/wp\/v2\/pages\/11974"}],"wp:attachment":[{"href":"https:\/\/www.anamt.org.br\/portal\/wp-json\/wp\/v2\/media?parent=11989"}],"curies":[{"name":"wp","href":"https:\/\/api.w.org\/{rel}","templated":true}]}}