{"id":11980,"date":"2017-02-18T17:42:44","date_gmt":"2017-02-18T19:42:44","guid":{"rendered":"https:\/\/www.anamt.org.br\/portal\/?page_id=11980"},"modified":"2017-02-18T20:02:14","modified_gmt":"2017-02-18T22:02:14","slug":"primeiros-passos","status":"publish","type":"page","link":"https:\/\/www.anamt.org.br\/portal\/sua-historia\/primeiros-passos\/","title":{"rendered":"Primeiros passos"},"content":{"rendered":"<p>Seguindo uma id\u00e9ia surgida no Congresso Internacional de Medicina do Trabalho em Viena (1966), um grupo que compareceu ao evento imaginou criar uma sociedade cient\u00edfica que reunisse todos os m\u00e9dicos do trabalho brasileiros. Desde a pequena participa\u00e7\u00e3o do pa\u00eds no encontro realizado na \u00c1ustria, constatou-se a marginaliza\u00e7\u00e3o do Brasil junto \u00e0 Associa\u00e7\u00e3o Internacional de Medicina do Trabalho, o que pode ser explicado pela n\u00e3o obrigatoriedade legal, na \u00e9poca, dos servi\u00e7os de MT em empresas brasileiras.<\/p>\n<p>Somente a partir da legisla\u00e7\u00e3o de 1972, que tornou obrigat\u00f3ria a exist\u00eancia de Servi\u00e7os\u00a0Especializados de Seguran\u00e7a e Medicina do Trabalho (Sesmt), registrou-se aumento da forma\u00e7\u00e3o de m\u00e9dicos do trabalho, por meio dos cursos organizados pela Funda\u00e7\u00e3o Jorge Duprat Figueiredo de Seguran\u00e7a e Medicina do Trabalho (Fundacentro). Como conseq\u00fc\u00eancia, as perspectivas para a rec\u00e9m-criada Anamt &#8211; fundada em 26 de mar\u00e7o de 1968 &#8211; tamb\u00e9m cresceram. Nos anos seguintes, sua diretoria se dedicou a formar n\u00facleos regionais, as chamadas Federadas, percorrendo os estados brasileiros e criando departamentos de MT em associa\u00e7\u00f5es m\u00e9dicas. Uma semana ap\u00f3s seu surgimento, a entidade foi reconhecida em ato oficial e registrada em cart\u00f3rio como Departamento Cient\u00edfico da Associa\u00e7\u00e3o M\u00e9dica Brasileira (AMB).<\/p>\n<p>No ano em que foi fundada, a Associa\u00e7\u00e3o enfrentou seu primeiro grande desafio: a realiza\u00e7\u00e3o do III Congresso Pan-Americano de Medicina do Trabalho, em Santos (SP), evento que contribuiu definitivamente para a consolida\u00e7\u00e3o da entidade. Foram in\u00fameras as viagens pelo Brasil, e ainda no mesmo ano os m\u00e9dicos fundaram o Departamento de Medicina do Trabalho da Associa\u00e7\u00e3o M\u00e9dica de Minas Gerais (Demetra).<\/p>\n<p>A iniciativa de cria\u00e7\u00e3o da Associa\u00e7\u00e3o j\u00e1 deixava evidente seus efeitos diretos quanto\u00a0\u00e0\u00a0representatividade dos m\u00e9dicos de trabalho. Da p\u00edfia participa\u00e7\u00e3o brasileira no congresso internacional de 1966 \u00e0 presen\u00e7a dos mais de 140 profissionais no XVIII Congresso Internacional de Medicina do Trabalho em Brighton, na Inglaterra, passaram-se apenas nove anos.<\/p>\n","protected":false},"excerpt":{"rendered":"<p>Seguindo uma id\u00e9ia surgida no Congresso Internacional de Medicina do Trabalho em Viena (1966), um grupo que compareceu ao evento imaginou criar uma sociedade cient\u00edfica que reunisse todos os m\u00e9dicos do trabalho brasileiros. Desde a pequena participa\u00e7\u00e3o do pa\u00eds no encontro realizado na \u00c1ustria, constatou-se a marginaliza\u00e7\u00e3o do Brasil junto \u00e0 Associa\u00e7\u00e3o Internacional de Medicina [&hellip;]<\/p>\n","protected":false},"author":1,"featured_media":0,"parent":11974,"menu_order":0,"comment_status":"closed","ping_status":"closed","template":"","meta":{"footnotes":""},"_links":{"self":[{"href":"https:\/\/www.anamt.org.br\/portal\/wp-json\/wp\/v2\/pages\/11980"}],"collection":[{"href":"https:\/\/www.anamt.org.br\/portal\/wp-json\/wp\/v2\/pages"}],"about":[{"href":"https:\/\/www.anamt.org.br\/portal\/wp-json\/wp\/v2\/types\/page"}],"author":[{"embeddable":true,"href":"https:\/\/www.anamt.org.br\/portal\/wp-json\/wp\/v2\/users\/1"}],"replies":[{"embeddable":true,"href":"https:\/\/www.anamt.org.br\/portal\/wp-json\/wp\/v2\/comments?post=11980"}],"version-history":[{"count":0,"href":"https:\/\/www.anamt.org.br\/portal\/wp-json\/wp\/v2\/pages\/11980\/revisions"}],"up":[{"embeddable":true,"href":"https:\/\/www.anamt.org.br\/portal\/wp-json\/wp\/v2\/pages\/11974"}],"wp:attachment":[{"href":"https:\/\/www.anamt.org.br\/portal\/wp-json\/wp\/v2\/media?parent=11980"}],"curies":[{"name":"wp","href":"https:\/\/api.w.org\/{rel}","templated":true}]}}