{"id":11888,"date":"2017-02-15T14:34:20","date_gmt":"2017-02-15T16:34:20","guid":{"rendered":"https:\/\/www.anamt.org.br\/portal\/?page_id=11888"},"modified":"2025-09-18T12:01:49","modified_gmt":"2025-09-18T15:01:49","slug":"associacao-goiana-de-medicina-do-trabalho-agomt","status":"publish","type":"page","link":"https:\/\/www.anamt.org.br\/portal\/federadas-da-anamt\/associacao-goiana-de-medicina-do-trabalho-agomt\/","title":{"rendered":"Associa\u00e7\u00e3o Goiana de Medicina do Trabalho (AGOMT)"},"content":{"rendered":"\t\t\t\t\t<script type=\"text\/javascript\">\n\t\t\t\t\t\tvar map_fusion_map_69f756ace80c2;\n\t\t\t\t\t\tvar markers = [];\n\t\t\t\t\t\tvar counter = 0;\n\t\t\t\t\t\t\t\t\t\t\t\t\t\t\t\t\t\t\t\tvar fusionMapNonce = '8757a641ba';\n\t\t\t\t\t\t\t\t\t\t\t\tfunction fusion_run_map_fusion_map_69f756ace80c2() {\n\t\t\t\t\t\t\tjQuery('#fusion_map_69f756ace80c2').fusion_maps({\n\t\t\t\t\t\t\t\taddresses: [{\"address\":\"Avenida Mutir\\u00e3o 2.653 Goi\\u00e1s\",\"infobox_content\":\"Avenida Mutir\\u00e3o, 2.653 - CEP 74.155-020 \\\/ Associa\\u00e7\\u00e3o M\\u00e9dica de Goi\\u00e1s - AMG \\\/ Departamento de Medicina do Trabalho\",\"marker\":\"https:\\\/\\\/www.anamt.org.br\\\/portal\\\/wp-content\\\/plugins\\\/fusion-builder\\\/images\\\/avada_map_marker.png\",\"coordinates\":false,\"cache\":true,\"latitude\":\"-16.6990782\",\"longitude\":\"-49.26847040000001\"}],\n\t\t\t\t\t\t\t\tanimations: false,\n\t\t\t\t\t\t\t\tinfobox_background_color: '#227374',\n\t\t\t\t\t\t\t\tinfobox_styling: 'custom',\n\t\t\t\t\t\t\t\tinfobox_text_color: '#fffff',\n\t\t\t\t\t\t\t\tmap_style: 'custom',\n\t\t\t\t\t\t\t\tmap_type: 'roadmap',\n\t\t\t\t\t\t\t\tmarker_icon: 'theme',\n\t\t\t\t\t\t\t\toverlay_color: '#41bfc2',\n\t\t\t\t\t\t\t\toverlay_color_hsl: {\"hue\":181,\"sat\":51,\"lum\":51},\n\t\t\t\t\t\t\t\tpan_control: true,\n\t\t\t\t\t\t\t\tshow_address: true,\n\t\t\t\t\t\t\t\tscale_control: true,\n\t\t\t\t\t\t\t\tscrollwheel: false,\n\t\t\t\t\t\t\t\tzoom: 16,\n\t\t\t\t\t\t\t\tzoom_control: true,\n\t\t\t\t\t\t\t});\n\t\t\t\t\t\t}\n\n\t\t\t\t\t\tgoogle.maps.event.addDomListener(window, 'load', fusion_run_map_fusion_map_69f756ace80c2);\n\t\t\t\t\t<\/script>\n\t\t\t\t\t<div class=\"shortcode-map fusion-google-map fusion-maps-js-type\" style=\"--awb-height:200px;\" id=\"fusion_map_69f756ace80c2\"><\/div>\n<p>&nbsp;<\/p>\n<h5>Ano de Funda\u00e7\u00e3o<\/h5>\n<p>1998<\/p>\n<h5>Gest\u00e3o<\/h5>\n<p>2025-2028<\/p>\n<h5>Presidente<\/h5>\n<p>Andr\u00e9 Luis de Oliveira<\/p>\n<h5>Vice-presidente<\/h5>\n<p>Gelson Jos\u00e9 do Carmo<\/p>\n<h5>Diretor Administrativo<\/h5>\n<p>Aleandro Pinheiro de Sousa<\/p>\n<h5>Diretora Administrativa Adjunta<\/h5>\n<p>L\u00edgia Arantes Pereira Campos<\/p>\n<h5>Diretor Financeiro<\/h5>\n<p>Rodolfo Carvalho Cunha<\/p>\n<h5>Diretor Financeiro Adjunto<\/h5>\n<p>Cl\u00f3vis Cruzeiro Neto<\/p>\n<h5>Diretora Cient\u00edfica<\/h5>\n<p>Thayssa Faria Pinheiro Paix\u00e3o<\/p>\n<h5>Diretor de Interior<\/h5>\n<p>Josias Sobrinho da Silva<\/p>\n<h5>Conselho Fiscal<\/h5>\n<p>Val\u00e9ria de Lima Reis Lobo<br \/>\nLa\u00e9rcio Ney Nicaretta Oliani<br \/>\nLudmila Campos Furtado Pereira Machado<\/p>\n<h5>Endere\u00e7o<\/h5>\n<p>Avenida Mutir\u00e3o, 2.653 &#8211; CEP 74.155-020<br \/>\nAssocia\u00e7\u00e3o M\u00e9dica de Goi\u00e1s &#8211; AMG<br \/>\nDepartamento de Medicina do Trabalho<br \/>\nTelefone: (62) 3251-0679<\/p>\n<p><strong>E-mail:<\/strong> <a href=\"mailto:contato@agomt.org.br\">contato@agomt.org.br<\/a><\/p>\n<p><strong>Site:<\/strong> <a href=\"http:\/\/www.agomt.org.br\" target=\"_blank\" rel=\"noopener noreferrer\">http:\/\/www.agomt.org.br<\/a><\/p>\n","protected":false},"excerpt":{"rendered":"<p>&nbsp; Ano de Funda\u00e7\u00e3o 1998 Gest\u00e3o 2025-2028 Presidente Andr\u00e9 Luis de Oliveira Vice-presidente Gelson Jos\u00e9 do Carmo Diretor Administrativo Aleandro Pinheiro de Sousa Diretora Administrativa Adjunta L\u00edgia Arantes Pereira Campos Diretor Financeiro Rodolfo Carvalho Cunha Diretor Financeiro Adjunto Cl\u00f3vis Cruzeiro Neto Diretora Cient\u00edfica Thayssa Faria Pinheiro Paix\u00e3o Diretor de Interior Josias Sobrinho da Silva Conselho [&hellip;]<\/p>\n","protected":false},"author":1,"featured_media":0,"parent":11762,"menu_order":0,"comment_status":"closed","ping_status":"closed","template":"","meta":{"footnotes":""},"_links":{"self":[{"href":"https:\/\/www.anamt.org.br\/portal\/wp-json\/wp\/v2\/pages\/11888"}],"collection":[{"href":"https:\/\/www.anamt.org.br\/portal\/wp-json\/wp\/v2\/pages"}],"about":[{"href":"https:\/\/www.anamt.org.br\/portal\/wp-json\/wp\/v2\/types\/page"}],"author":[{"embeddable":true,"href":"https:\/\/www.anamt.org.br\/portal\/wp-json\/wp\/v2\/users\/1"}],"replies":[{"embeddable":true,"href":"https:\/\/www.anamt.org.br\/portal\/wp-json\/wp\/v2\/comments?post=11888"}],"version-history":[{"count":2,"href":"https:\/\/www.anamt.org.br\/portal\/wp-json\/wp\/v2\/pages\/11888\/revisions"}],"predecessor-version":[{"id":52229,"href":"https:\/\/www.anamt.org.br\/portal\/wp-json\/wp\/v2\/pages\/11888\/revisions\/52229"}],"up":[{"embeddable":true,"href":"https:\/\/www.anamt.org.br\/portal\/wp-json\/wp\/v2\/pages\/11762"}],"wp:attachment":[{"href":"https:\/\/www.anamt.org.br\/portal\/wp-json\/wp\/v2\/media?parent=11888"}],"curies":[{"name":"wp","href":"https:\/\/api.w.org\/{rel}","templated":true}]}}