{"id":11837,"date":"2017-02-15T10:36:30","date_gmt":"2017-02-15T12:36:30","guid":{"rendered":"https:\/\/www.anamt.org.br\/portal\/?page_id=11837"},"modified":"2024-05-10T12:15:29","modified_gmt":"2024-05-10T15:15:29","slug":"associacao-nacional-de-medicina-do-trabalho-seccional-tocantins-anamtto","status":"publish","type":"page","link":"https:\/\/www.anamt.org.br\/portal\/federadas-da-anamt\/associacao-nacional-de-medicina-do-trabalho-seccional-tocantins-anamtto\/","title":{"rendered":"Associa\u00e7\u00e3o Nacional de Medicina do Trabalho &#8211; Seccional Tocantins (Anamt\/TO)"},"content":{"rendered":"\t\t\t\t\t<script type=\"text\/javascript\">\n\t\t\t\t\t\tvar map_fusion_map_69f7440388031;\n\t\t\t\t\t\tvar markers = [];\n\t\t\t\t\t\tvar counter = 0;\n\t\t\t\t\t\t\t\t\t\t\t\t\t\t\t\t\t\t\t\tvar fusionMapNonce = '8757a641ba';\n\t\t\t\t\t\t\t\t\t\t\t\tfunction fusion_run_map_fusion_map_69f7440388031() {\n\t\t\t\t\t\t\tjQuery('#fusion_map_69f7440388031').fusion_maps({\n\t\t\t\t\t\t\t\taddresses: [{\"address\":\"Avenida NS 1, s\\\/n - Lote 6 - Centro, Palmas - TO, 77006-558\",\"infobox_content\":\"Cemede, QD. 601 SUL, Conj 02 - LT 06 \\\/ Av. NS 01 - Palmas\",\"marker\":\"https:\\\/\\\/www.anamt.org.br\\\/portal\\\/wp-content\\\/plugins\\\/fusion-builder\\\/images\\\/avada_map_marker.png\",\"coordinates\":false,\"cache\":true,\"latitude\":\"-10.2555443\",\"longitude\":\"-48.3179078\"}],\n\t\t\t\t\t\t\t\tanimations: false,\n\t\t\t\t\t\t\t\tinfobox_background_color: '#227374',\n\t\t\t\t\t\t\t\tinfobox_styling: 'custom',\n\t\t\t\t\t\t\t\tinfobox_text_color: '#fffff',\n\t\t\t\t\t\t\t\tmap_style: 'custom',\n\t\t\t\t\t\t\t\tmap_type: 'roadmap',\n\t\t\t\t\t\t\t\tmarker_icon: 'theme',\n\t\t\t\t\t\t\t\toverlay_color: '#41bfc2',\n\t\t\t\t\t\t\t\toverlay_color_hsl: {\"hue\":181,\"sat\":51,\"lum\":51},\n\t\t\t\t\t\t\t\tpan_control: true,\n\t\t\t\t\t\t\t\tshow_address: true,\n\t\t\t\t\t\t\t\tscale_control: true,\n\t\t\t\t\t\t\t\tscrollwheel: false,\n\t\t\t\t\t\t\t\tzoom: 16,\n\t\t\t\t\t\t\t\tzoom_control: true,\n\t\t\t\t\t\t\t});\n\t\t\t\t\t\t}\n\n\t\t\t\t\t\tgoogle.maps.event.addDomListener(window, 'load', fusion_run_map_fusion_map_69f7440388031);\n\t\t\t\t\t<\/script>\n\t\t\t\t\t<div class=\"shortcode-map fusion-google-map fusion-maps-js-type\" style=\"--awb-height:200px;\" id=\"fusion_map_69f7440388031\"><\/div>\n<h5>Gest\u00e3o<\/h5>\n<p>2022-2023<\/p>\n<h5>Presidente<\/h5>\n<p>Edson Pedroza dos Santos Junior<\/p>\n<h5>Vice-Presidente<\/h5>\n<p>Patr\u00edcia Sampaio Morais<\/p>\n<h5>1\u00ba Secret\u00e1rio<\/h5>\n<p>\u00c1lvaro Ferreira da Silva<\/p>\n<h5>2\u00aa Secret\u00e1ria<\/h5>\n<p>Ana Paula Louren\u00e7o Rodrigues Neves<\/p>\n<h5>1\u00ba Tesoureiro<\/h5>\n<p>Rafael Aires Cavalcanti Fr\u00f3es<\/p>\n<h5>2\u00ba Tesoureiro<\/h5>\n<p>Rafael Dualibe Murici Lentine<\/p>\n<h5>Diretora Cient\u00edfica<\/h5>\n<p>Marilda Alves Moreira<\/p>\n<h5>Rela\u00e7\u00f5es Interinstitucionais<\/h5>\n<p>Ademar Vieira Filho<\/p>\n<h5>Conselho Fiscal &#8211; Titulares<\/h5>\n<p>Virg\u00ednia Celle Brito Tavares de Oliveira<br \/>\nPaulo Eduardo Dualibe Vieira<br \/>\nMagda Gomes da Costa<\/p>\n<h5>Conselho Fiscal &#8211; Suplentes<\/h5>\n<p>Meiry Abi-Jaudi Brand\u00e3o<br \/>\nWagner Santos Vanderley<br \/>\nLeonardo Pinheiro Fernandes<\/p>\n<h5>Endere\u00e7o<\/h5>\n<p>ARSO 22, Alameda 09, QD. 17 HM, Lote 01 Residencial Moriah, apto 702, HM 02, Palmas-TO<\/p>\n<p><strong>Telefone:<\/strong> (63) 3217-2019\/ (63) 9235-9834<\/p>\n<p><strong>Email:<\/strong> anamttocantins@gmail.com<\/p>\n","protected":false},"excerpt":{"rendered":"<p>Gest\u00e3o 2022-2023 Presidente Edson Pedroza dos Santos Junior Vice-Presidente Patr\u00edcia Sampaio Morais 1\u00ba Secret\u00e1rio \u00c1lvaro Ferreira da Silva 2\u00aa Secret\u00e1ria Ana Paula Louren\u00e7o Rodrigues Neves 1\u00ba Tesoureiro Rafael Aires Cavalcanti Fr\u00f3es 2\u00ba Tesoureiro Rafael Dualibe Murici Lentine Diretora Cient\u00edfica Marilda Alves Moreira Rela\u00e7\u00f5es Interinstitucionais Ademar Vieira Filho Conselho Fiscal &#8211; Titulares Virg\u00ednia Celle Brito Tavares [&hellip;]<\/p>\n","protected":false},"author":1,"featured_media":0,"parent":11762,"menu_order":0,"comment_status":"closed","ping_status":"closed","template":"","meta":{"footnotes":""},"_links":{"self":[{"href":"https:\/\/www.anamt.org.br\/portal\/wp-json\/wp\/v2\/pages\/11837"}],"collection":[{"href":"https:\/\/www.anamt.org.br\/portal\/wp-json\/wp\/v2\/pages"}],"about":[{"href":"https:\/\/www.anamt.org.br\/portal\/wp-json\/wp\/v2\/types\/page"}],"author":[{"embeddable":true,"href":"https:\/\/www.anamt.org.br\/portal\/wp-json\/wp\/v2\/users\/1"}],"replies":[{"embeddable":true,"href":"https:\/\/www.anamt.org.br\/portal\/wp-json\/wp\/v2\/comments?post=11837"}],"version-history":[{"count":3,"href":"https:\/\/www.anamt.org.br\/portal\/wp-json\/wp\/v2\/pages\/11837\/revisions"}],"predecessor-version":[{"id":49950,"href":"https:\/\/www.anamt.org.br\/portal\/wp-json\/wp\/v2\/pages\/11837\/revisions\/49950"}],"up":[{"embeddable":true,"href":"https:\/\/www.anamt.org.br\/portal\/wp-json\/wp\/v2\/pages\/11762"}],"wp:attachment":[{"href":"https:\/\/www.anamt.org.br\/portal\/wp-json\/wp\/v2\/media?parent=11837"}],"curies":[{"name":"wp","href":"https:\/\/api.w.org\/{rel}","templated":true}]}}