{"id":11811,"date":"2017-02-14T18:59:58","date_gmt":"2017-02-14T20:59:58","guid":{"rendered":"https:\/\/www.anamt.org.br\/portal\/?page_id=11811"},"modified":"2019-09-27T16:27:57","modified_gmt":"2019-09-27T19:27:57","slug":"associacao-de-medicina-do-trabalho-do-amapa-anamtap","status":"publish","type":"page","link":"https:\/\/www.anamt.org.br\/portal\/federadas-da-anamt\/associacao-de-medicina-do-trabalho-do-amapa-anamtap\/","title":{"rendered":"Associa\u00e7\u00e3o de Medicina do Trabalho do Amap\u00e1 (Anamt\/AP)"},"content":{"rendered":"\t\t\t\t\t<script type=\"text\/javascript\">\n\t\t\t\t\t\tvar map_fusion_map_69f74400b8f27;\n\t\t\t\t\t\tvar markers = [];\n\t\t\t\t\t\tvar counter = 0;\n\t\t\t\t\t\t\t\t\t\t\t\t\t\t\t\t\t\t\t\tvar fusionMapNonce = '8757a641ba';\n\t\t\t\t\t\t\t\t\t\t\t\tfunction fusion_run_map_fusion_map_69f74400b8f27() {\n\t\t\t\t\t\t\tjQuery('#fusion_map_69f74400b8f27').fusion_maps({\n\t\t\t\t\t\t\t\taddresses: [{\"address\":\"Av. Treze de Setembro, 543 - Beirol - Macap\\u00e1\",\"infobox_content\":\"Av. Treze de Setembro, 543 - Beirol - Macap\\u00e1<br \\\/>\\nAP \\\/ CEP:68.902-015\",\"marker\":\"https:\\\/\\\/www.anamt.org.br\\\/portal\\\/wp-content\\\/plugins\\\/fusion-builder\\\/images\\\/avada_map_marker.png\",\"coordinates\":false,\"cache\":true,\"latitude\":\"0.0220682\",\"longitude\":\"-51.0623142\"}],\n\t\t\t\t\t\t\t\tanimations: false,\n\t\t\t\t\t\t\t\tinfobox_background_color: '#227374',\n\t\t\t\t\t\t\t\tinfobox_styling: 'custom',\n\t\t\t\t\t\t\t\tinfobox_text_color: '#fffff',\n\t\t\t\t\t\t\t\tmap_style: 'custom',\n\t\t\t\t\t\t\t\tmap_type: 'roadmap',\n\t\t\t\t\t\t\t\tmarker_icon: 'theme',\n\t\t\t\t\t\t\t\toverlay_color: '#41bfc2',\n\t\t\t\t\t\t\t\toverlay_color_hsl: {\"hue\":181,\"sat\":51,\"lum\":51},\n\t\t\t\t\t\t\t\tpan_control: true,\n\t\t\t\t\t\t\t\tshow_address: true,\n\t\t\t\t\t\t\t\tscale_control: true,\n\t\t\t\t\t\t\t\tscrollwheel: false,\n\t\t\t\t\t\t\t\tzoom: 16,\n\t\t\t\t\t\t\t\tzoom_control: true,\n\t\t\t\t\t\t\t});\n\t\t\t\t\t\t}\n\n\t\t\t\t\t\tgoogle.maps.event.addDomListener(window, 'load', fusion_run_map_fusion_map_69f74400b8f27);\n\t\t\t\t\t<\/script>\n\t\t\t\t\t<div class=\"shortcode-map fusion-google-map fusion-maps-js-type\" style=\"--awb-height:200px;\" id=\"fusion_map_69f74400b8f27\"><\/div>\n<h5>Funda\u00e7\u00e3o:<\/h5>\n<p>13 de mar\u00e7o de 2008<\/p>\n<h5>Federada em processo de reestrutura\u00e7\u00e3o<\/h5>\n<h5>Endere\u00e7o<\/h5>\n<p>Av. Treze de Setembro, 543 &#8211; Beirol &#8211; Macap\u00e1<br \/>\nAP CEP:68.902-015<\/p>\n<p><strong>Tel:<\/strong> 96 3223 0797 \/ 9971 4856<\/p>\n<p><strong>Email:<\/strong> <a href=\"mailto:presidente.anamtap@gmail.com\">presidente.anamtap@gmail.com<\/a><\/p>\n","protected":false},"excerpt":{"rendered":"<p>Funda\u00e7\u00e3o: 13 de mar\u00e7o de 2008 Federada em processo de reestrutura\u00e7\u00e3o Endere\u00e7o Av. Treze de Setembro, 543 &#8211; Beirol &#8211; Macap\u00e1 AP CEP:68.902-015 Tel: 96 3223 0797 \/ 9971 4856 Email: presidente.anamtap@gmail.com<\/p>\n","protected":false},"author":1,"featured_media":0,"parent":11762,"menu_order":0,"comment_status":"closed","ping_status":"closed","template":"","meta":{"footnotes":""},"_links":{"self":[{"href":"https:\/\/www.anamt.org.br\/portal\/wp-json\/wp\/v2\/pages\/11811"}],"collection":[{"href":"https:\/\/www.anamt.org.br\/portal\/wp-json\/wp\/v2\/pages"}],"about":[{"href":"https:\/\/www.anamt.org.br\/portal\/wp-json\/wp\/v2\/types\/page"}],"author":[{"embeddable":true,"href":"https:\/\/www.anamt.org.br\/portal\/wp-json\/wp\/v2\/users\/1"}],"replies":[{"embeddable":true,"href":"https:\/\/www.anamt.org.br\/portal\/wp-json\/wp\/v2\/comments?post=11811"}],"version-history":[{"count":0,"href":"https:\/\/www.anamt.org.br\/portal\/wp-json\/wp\/v2\/pages\/11811\/revisions"}],"up":[{"embeddable":true,"href":"https:\/\/www.anamt.org.br\/portal\/wp-json\/wp\/v2\/pages\/11762"}],"wp:attachment":[{"href":"https:\/\/www.anamt.org.br\/portal\/wp-json\/wp\/v2\/media?parent=11811"}],"curies":[{"name":"wp","href":"https:\/\/api.w.org\/{rel}","templated":true}]}}