{"id":11762,"date":"2017-02-14T10:38:09","date_gmt":"2017-02-14T12:38:09","guid":{"rendered":"https:\/\/www.anamt.org.br\/portal\/?page_id=11762"},"modified":"2026-04-06T15:24:11","modified_gmt":"2026-04-06T18:24:11","slug":"federadas-da-anamt","status":"publish","type":"page","link":"https:\/\/www.anamt.org.br\/portal\/federadas-da-anamt\/","title":{"rendered":"Federadas da ANAMT"},"content":{"rendered":"<div class=\"fusion-fullwidth fullwidth-box fusion-builder-row-1 fusion-flex-container nonhundred-percent-fullwidth non-hundred-percent-height-scrolling\" style=\"--awb-border-radius-top-left:0px;--awb-border-radius-top-right:0px;--awb-border-radius-bottom-right:0px;--awb-border-radius-bottom-left:0px;--awb-flex-wrap:wrap;\" ><div class=\"fusion-builder-row fusion-row fusion-flex-align-items-flex-start fusion-flex-content-wrap\" style=\"max-width:1560px;margin-left: calc(-4% \/ 2 );margin-right: calc(-4% \/ 2 );\"><div class=\"fusion-layout-column fusion_builder_column fusion-builder-column-0 fusion_builder_column_1_1 1_1 fusion-flex-column\" style=\"--awb-bg-size:cover;--awb-width-large:100%;--awb-margin-top-large:0px;--awb-spacing-right-large:1.92%;--awb-margin-bottom-large:0px;--awb-spacing-left-large:1.92%;--awb-width-medium:100%;--awb-spacing-right-medium:1.92%;--awb-spacing-left-medium:1.92%;--awb-width-small:100%;--awb-spacing-right-small:1.92%;--awb-spacing-left-small:1.92%;\"><div class=\"fusion-column-wrapper fusion-flex-justify-content-flex-start fusion-content-layout-column\"><div class=\"accordian fusion-accordian\" style=\"--awb-border-size:1px;--awb-icon-size:13px;--awb-content-font-size:15px;--awb-icon-alignment:left;--awb-hover-color:#f9f9f9;--awb-border-color:#cccccc;--awb-background-color:#ffffff;--awb-divider-color:#e0dede;--awb-divider-hover-color:#e0dede;--awb-icon-color:#ffffff;--awb-title-color:#000000;--awb-content-color:#000000;--awb-icon-box-color:#333333;--awb-toggle-hover-accent-color:#308b8d;--awb-title-font-family:&quot;Oswald&quot;;--awb-title-font-weight:400;--awb-title-font-style:normal;--awb-content-font-family:&quot;Oswald&quot;;--awb-content-font-style:normal;--awb-content-font-weight:300;\"><div class=\"panel-group fusion-toggle-icon-boxed\" id=\"accordion-11762-1\"><div class=\"fusion-panel panel-default panel-238516002a3cb0f0b fusion-toggle-has-divider\" style=\"--awb-title-color:#000000;\"><div class=\"panel-heading\"><h4 class=\"panel-title toggle\" id=\"toggle_238516002a3cb0f0b\"><a aria-expanded=\"false\" aria-controls=\"238516002a3cb0f0b\" role=\"button\" data-toggle=\"collapse\" data-parent=\"#accordion-11762-1\" data-target=\"#238516002a3cb0f0b\" href=\"#238516002a3cb0f0b\"><span class=\"fusion-toggle-icon-wrapper\" aria-hidden=\"true\"><i class=\"fa-fusion-box active-icon awb-icon-minus\" aria-hidden=\"true\"><\/i><i class=\"fa-fusion-box inactive-icon awb-icon-plus\" aria-hidden=\"true\"><\/i><\/span><span class=\"fusion-toggle-heading\">Norte<\/span><\/a><\/h4><\/div><div id=\"238516002a3cb0f0b\" class=\"panel-collapse collapse \" aria-labelledby=\"toggle_238516002a3cb0f0b\"><div class=\"panel-body toggle-content fusion-clearfix\">\n<ul>\n<li>Acre<br \/>\n<a href=\"https:\/\/www.anamt.org.br\/portal\/federadas-da-anamt\/associacao-acreana-de-medicina-do-trabalho-asamt\/\">Associa\u00e7\u00e3o Acreana De Medicina Do Trabalho (Asamt)<\/a><\/li>\n<li>Amap\u00e1<br \/>\n<a href=\"https:\/\/www.anamt.org.br\/portal\/federadas-da-anamt\/associacao-de-medicina-do-trabalho-do-amapa-anamtap\/\">Associa\u00e7\u00e3o de Medicina do Trabalho do Amap\u00e1 (Anamt\/AP)<\/a><\/li>\n<li>Amazonas<br \/>\n<a href=\"https:\/\/www.anamt.org.br\/portal\/federadas-da-anamt\/associacao-amazonense-de-medicina-do-trabalho\/\">Associa\u00e7\u00e3o Amazonense de Medicina do Trabalho<\/a><\/li>\n<li>Par\u00e1<br \/>\n<a href=\"https:\/\/www.anamt.org.br\/portal\/federadas-da-anamt\/sociedade-paraense-de-medicina-do-trabalho-spmt\/\">Sociedade Paraense de Medicina do Trabalho (SPMT)<\/a><\/li>\n<li>Rond\u00f4nia<br \/>\n<a href=\"https:\/\/www.anamt.org.br\/portal\/federadas-da-anamt\/associacao-nacional-de-medicina-do-trabalho-de-rondonia-anamtro\/\">Associa\u00e7\u00e3o Nacional de Medicina do Trabalho de Rond\u00f4nia (Anamt\/RO)<\/a><\/li>\n<li>Roraima<br \/>\n<a href=\"https:\/\/www.anamt.org.br\/portal\/federadas-da-anamt\/associacao-nacional-de-medicina-do-trabalho-de-roraima-anamtrr\/\">Associa\u00e7\u00e3o Nacional de Medicina do Trabalho de Roraima (Anamt\/RR)<\/a><\/li>\n<li>Tocantins<br \/>\n<a href=\"https:\/\/www.anamt.org.br\/portal\/federadas-da-anamt\/associacao-nacional-de-medicina-do-trabalho-seccional-tocantins-anamtto\/\">Associa\u00e7\u00e3o Nacional de Medicina do Trabalho &#8211; Seccional Tocantins (Anamt\/TO)<\/a><\/li>\n<\/ul>\n<\/div><\/div><\/div><div class=\"fusion-panel panel-default panel-cd6a372bb861f8a68 fusion-toggle-has-divider\" style=\"--awb-title-color:#000000;\"><div class=\"panel-heading\"><h4 class=\"panel-title toggle\" id=\"toggle_cd6a372bb861f8a68\"><a aria-expanded=\"false\" aria-controls=\"cd6a372bb861f8a68\" role=\"button\" data-toggle=\"collapse\" data-parent=\"#accordion-11762-1\" data-target=\"#cd6a372bb861f8a68\" href=\"#cd6a372bb861f8a68\"><span class=\"fusion-toggle-icon-wrapper\" aria-hidden=\"true\"><i class=\"fa-fusion-box active-icon awb-icon-minus\" aria-hidden=\"true\"><\/i><i class=\"fa-fusion-box inactive-icon awb-icon-plus\" aria-hidden=\"true\"><\/i><\/span><span class=\"fusion-toggle-heading\">Nordeste<\/span><\/a><\/h4><\/div><div id=\"cd6a372bb861f8a68\" class=\"panel-collapse collapse \" aria-labelledby=\"toggle_cd6a372bb861f8a68\"><div class=\"panel-body toggle-content fusion-clearfix\">\n<ul>\n<li>Alagoas<br \/>\n<a href=\"https:\/\/www.anamt.org.br\/portal\/federadas-da-anamt\/associacao-alagoana-de-medicina-do-trabalho-almet\/\">Associa\u00e7\u00e3o Alagoana de Medicina do Trabalho (ALMET)<\/a><\/li>\n<li>Bahia<br \/>\n<a href=\"https:\/\/www.anamt.org.br\/portal\/federadas-da-anamt\/sociedade-bahiana-de-medicina-do-trabalho-sbamt\/\">Sociedade Bahiana de Medicina do Trabalho (SBAMT)<\/a><\/li>\n<li>Cear\u00e1<br \/>\n<a href=\"https:\/\/www.anamt.org.br\/portal\/federadas-da-anamt\/associacao-cearense-de-medicina-do-trabalho-acemt\/\">Associa\u00e7\u00e3o Cearense de Medicina do Trabalho (ACEMT)<\/a><\/li>\n<li>Maranh\u00e3o<br \/>\n<a href=\"https:\/\/www.anamt.org.br\/portal\/federadas-da-anamt\/sociedade-maranhense-de-medicina-do-trabalho-anamtma\/\">Sociedade Maranhense de Medicina do Trabalho (Anamt\/MA)<\/a><\/li>\n<li>Para\u00edba<br \/>\n<a href=\"https:\/\/www.anamt.org.br\/portal\/federadas-da-anamt\/associacao-paraibana-de-medicina-do-trabalho\/\">Associa\u00e7\u00e3o Paraibana de Medicina do Trabalho<\/a><\/li>\n<li>Pernambuco<br \/>\n<a href=\"https:\/\/pe.anamt.org.br\/\">Sociedade Pernambucana de Medicina do Trabalho (SOPEMT)<\/a><\/li>\n<li>Piau\u00ed<br \/>\n<a href=\"https:\/\/www.anamt.org.br\/portal\/federadas-da-anamt\/associacao-piauiense-de-medicina-do-trabalho-apimt\/\">Associa\u00e7\u00e3o Piauiense de Medicina do Trabalho (APMT- PI)<\/a><\/li>\n<li>Rio Grande do Norte<br \/>\n<a href=\"https:\/\/www.anamt.org.br\/portal\/federadas-da-anamt\/associacao-norte-riograndense-de-medicina-do-trabalho-anamtrn\/\">Associa\u00e7\u00e3o Norte Riograndense de Medicina do Trabalho (Anamt\/RN)<\/a><\/li>\n<li>Sergipe<br \/>\n<a href=\"https:\/\/www.anamt.org.br\/portal\/federadas-da-anamt\/sociedade-de-medicina-do-trabalho-de-sergipe\/\">Sociedade de Medicina do Trabalho de Sergipe<\/a><\/li>\n<\/ul>\n<\/div><\/div><\/div><div class=\"fusion-panel panel-default panel-3ebb3bb275d25baeb fusion-toggle-has-divider\" style=\"--awb-title-color:#000000;\"><div class=\"panel-heading\"><h4 class=\"panel-title toggle\" id=\"toggle_3ebb3bb275d25baeb\"><a aria-expanded=\"false\" aria-controls=\"3ebb3bb275d25baeb\" role=\"button\" data-toggle=\"collapse\" data-parent=\"#accordion-11762-1\" data-target=\"#3ebb3bb275d25baeb\" href=\"#3ebb3bb275d25baeb\"><span class=\"fusion-toggle-icon-wrapper\" aria-hidden=\"true\"><i class=\"fa-fusion-box active-icon awb-icon-minus\" aria-hidden=\"true\"><\/i><i class=\"fa-fusion-box inactive-icon awb-icon-plus\" aria-hidden=\"true\"><\/i><\/span><span class=\"fusion-toggle-heading\">Centro-oeste<\/span><\/a><\/h4><\/div><div id=\"3ebb3bb275d25baeb\" class=\"panel-collapse collapse \" aria-labelledby=\"toggle_3ebb3bb275d25baeb\"><div class=\"panel-body toggle-content fusion-clearfix\">\n<ul>\n<li>Distrito Federal<br \/>\n<a href=\"https:\/\/www.anamt.org.br\/portal\/federadas-da-anamt\/associacao-brasiliense-de-medicina-do-trabalho-abramt\/\">Associa\u00e7\u00e3o Brasiliense de Medicina do Trabalho (Abramt)<\/a><\/li>\n<li>Goi\u00e1s<br \/>\n<a href=\"https:\/\/www.anamt.org.br\/portal\/federadas-da-anamt\/associacao-goiana-de-medicina-do-trabalho-agomt\/\">Associa\u00e7\u00e3o Goiana de Medicina do Trabalho (AGOMT)<\/a><\/li>\n<li>Mato Grosso<br \/>\n<a href=\"https:\/\/www.anamt.org.br\/portal\/federadas-da-anamt\/associacao-mato-grossense-de-medicina-do-trabalho-amant\/\">Associa\u00e7\u00e3o Mato Grossense de Medicina do Trabalho (Amant)<\/a><\/li>\n<li>Mato Grosso do Sul<br \/>\n<a href=\"https:\/\/www.anamt.org.br\/portal\/federadas-da-anamt\/associacao-dos-medicos-do-trabalho-de-mato-grosso-do-sul-asmet\/\">Associa\u00e7\u00e3o dos M\u00e9dicos do Trabalho de Mato Grosso do Sul (ASMET MS)<\/a><\/li>\n<\/ul>\n<\/div><\/div><\/div><div class=\"fusion-panel panel-default panel-6a139449bb55015b3 fusion-toggle-has-divider\" style=\"--awb-title-color:#000000;\"><div class=\"panel-heading\"><h4 class=\"panel-title toggle\" id=\"toggle_6a139449bb55015b3\"><a aria-expanded=\"false\" aria-controls=\"6a139449bb55015b3\" role=\"button\" data-toggle=\"collapse\" data-parent=\"#accordion-11762-1\" data-target=\"#6a139449bb55015b3\" href=\"#6a139449bb55015b3\"><span class=\"fusion-toggle-icon-wrapper\" aria-hidden=\"true\"><i class=\"fa-fusion-box active-icon awb-icon-minus\" aria-hidden=\"true\"><\/i><i class=\"fa-fusion-box inactive-icon awb-icon-plus\" aria-hidden=\"true\"><\/i><\/span><span class=\"fusion-toggle-heading\">Sudeste<\/span><\/a><\/h4><\/div><div id=\"6a139449bb55015b3\" class=\"panel-collapse collapse \" aria-labelledby=\"toggle_6a139449bb55015b3\"><div class=\"panel-body toggle-content fusion-clearfix\">\n<ul>\n<li>Esp\u00edrito Santo<br \/>\n<a href=\"https:\/\/www.anamt.org.br\/portal\/federadas-da-anamt\/associacao-nacional-de-medicina-do-trabalho-seccional-do-espirito-santo\/\">Associa\u00e7\u00e3o Nacional de Medicina do Trabalho Seccional do Esp\u00edrito Santo<\/a><\/li>\n<li>Minas Gerais<br \/>\n<a href=\"https:\/\/www.anamt.org.br\/portal\/federadas-da-anamt\/associacao-mineira-de-medicina-de-trabalho-amimt\/\">Associa\u00e7\u00e3o Mineira de Medicina de Trabalho (Amimt)<\/a><\/li>\n<li>Rio de Janeiro<br \/>\n<a href=\"https:\/\/www.anamt.org.br\/portal\/federadas-da-anamt\/associacao-brasileira-de-medicina-do-trabalho-abmt\/\">Associa\u00e7\u00e3o Brasileira de Medicina do Trabalho (ABMT)<\/a><\/li>\n<li>S\u00e3o Paulo<br \/>\n<a href=\"https:\/\/www.anamt.org.br\/portal\/federadas-da-anamt\/associacao-paulista-de-medicina-do-trabalho-apmt\/\">Associa\u00e7\u00e3o Paulista de Medicina do Trabalho (APMT)<\/a><\/li>\n<\/ul>\n<\/div><\/div><\/div><div class=\"fusion-panel panel-default panel-14dae752d46bb03a0 fusion-toggle-has-divider\" style=\"--awb-title-color:#000000;\"><div class=\"panel-heading\"><h4 class=\"panel-title toggle\" id=\"toggle_14dae752d46bb03a0\"><a aria-expanded=\"false\" aria-controls=\"14dae752d46bb03a0\" role=\"button\" data-toggle=\"collapse\" data-parent=\"#accordion-11762-1\" data-target=\"#14dae752d46bb03a0\" href=\"#14dae752d46bb03a0\"><span class=\"fusion-toggle-icon-wrapper\" aria-hidden=\"true\"><i class=\"fa-fusion-box active-icon awb-icon-minus\" aria-hidden=\"true\"><\/i><i class=\"fa-fusion-box inactive-icon awb-icon-plus\" aria-hidden=\"true\"><\/i><\/span><span class=\"fusion-toggle-heading\">Sul<\/span><\/a><\/h4><\/div><div id=\"14dae752d46bb03a0\" class=\"panel-collapse collapse \" aria-labelledby=\"toggle_14dae752d46bb03a0\"><div class=\"panel-body toggle-content fusion-clearfix\">\n<ul>\n<li>Paran\u00e1<br \/>\n<a href=\"https:\/\/www.anamt.org.br\/portal\/federadas-da-anamt\/associacao-paranaense-de-medicina-do-trabalho-apamt\/\">Associa\u00e7\u00e3o Paranaense de Medicina do Trabalho (Apamt)<\/a><\/li>\n<li>Santa Catarina<br \/>\n<a href=\"https:\/\/www.anamt.org.br\/portal\/federadas-da-anamt\/associacao-catarinense-de-medicina-do-trabalho-acamt\/\">Associa\u00e7\u00e3o Catarinense de Medicina do Trabalho (Acamt)<\/a><\/li>\n<li>Rio Grande do Sul<br \/>\n<a href=\"https:\/\/www.anamt.org.br\/portal\/federadas-da-anamt\/sociedade-gaucha-de-medicina-do-trabalho-sogamt\/\">Sociedade Ga\u00facha de Medicina do Trabalho (Sogamt)<\/a><\/li>\n<\/ul>\n<\/div><\/div><\/div><\/div><\/div><\/div><\/div><\/div><\/div>\n","protected":false},"excerpt":{"rendered":"","protected":false},"author":1,"featured_media":0,"parent":0,"menu_order":0,"comment_status":"closed","ping_status":"closed","template":"","meta":{"footnotes":""},"_links":{"self":[{"href":"https:\/\/www.anamt.org.br\/portal\/wp-json\/wp\/v2\/pages\/11762"}],"collection":[{"href":"https:\/\/www.anamt.org.br\/portal\/wp-json\/wp\/v2\/pages"}],"about":[{"href":"https:\/\/www.anamt.org.br\/portal\/wp-json\/wp\/v2\/types\/page"}],"author":[{"embeddable":true,"href":"https:\/\/www.anamt.org.br\/portal\/wp-json\/wp\/v2\/users\/1"}],"replies":[{"embeddable":true,"href":"https:\/\/www.anamt.org.br\/portal\/wp-json\/wp\/v2\/comments?post=11762"}],"version-history":[{"count":3,"href":"https:\/\/www.anamt.org.br\/portal\/wp-json\/wp\/v2\/pages\/11762\/revisions"}],"predecessor-version":[{"id":53699,"href":"https:\/\/www.anamt.org.br\/portal\/wp-json\/wp\/v2\/pages\/11762\/revisions\/53699"}],"wp:attachment":[{"href":"https:\/\/www.anamt.org.br\/portal\/wp-json\/wp\/v2\/media?parent=11762"}],"curies":[{"name":"wp","href":"https:\/\/api.w.org\/{rel}","templated":true}]}}